{"id":3821,"date":"2013-04-17T13:52:33","date_gmt":"2013-04-17T12:52:33","guid":{"rendered":"http:\/\/dahofficial.com\/wordpress\/"},"modified":"2025-10-29T15:47:17","modified_gmt":"2025-10-29T13:47:17","slug":"les-chansons-de-linnocence","status":"publish","type":"page","link":"http:\/\/dahofficial.com\/wordpress\/discographie\/les-chansons-de-linnocence\/","title":{"rendered":"Les chansons de l&rsquo;innocence retrouv\u00e9e"},"content":{"rendered":"<p><!-- ENTETE 1 Titre Image Sigles incrust\u00e9s \u00ab LES CHANSONS DE L'INNOCENCE RETROUVEE \u00bb --><\/p>\n<p class=\"ssttralbum\"><strong>Album paru le 18 novembre 2013 &#8211; Polydor &#8211; Universal Music<\/strong><br \/>\n<a class=\"example7 cboxElement\" href=\"https:\/\/dahofficial.com\/wordpress\/wp-content\/themes\/dahofficial\/discographie\/les_chansons_de_linnocence_retrouvee\/images\/20130607_LesChansonsDeLInnocence_Pochette_560x560.jpg\"> Les chansons de l&rsquo;innocence<\/a> &#8211; 1er single sorti le 10 juin 2013<br \/>\n<a class=\"example7 cboxElement\" href=\"https:\/\/dahofficial.com\/wordpress\/wp-content\/themes\/dahofficial\/discographie\/les_chansons_de_linnocence_retrouvee\/images\/20130903_LaPeauDure_Pochette_560x560.jpg\"> La peau dure <\/a> &#8211; 2\u00e8me single sorti le 9 septembre 2013<br \/>\n<a class=\"example7 cboxElement\" href=\"https:\/\/dahofficial.com\/wordpress\/wp-content\/themes\/dahofficial\/discographie\/les_chansons_de_linnocence_retrouvee\/images\/20140419_LHommeQuiMarche_560.jpg\"> L&rsquo;homme qui marche<\/a> &#8211; 3\u00e8me single sorti le 7 avril 2014<br \/>\n<a class=\"example7 cboxElement\" href=\"https:\/\/dahofficial.com\/wordpress\/wp-content\/themes\/dahofficial\/discographie\/les_chansons_de_linnocence_retrouvee\/images\/20140428_EnSurface_Pochette_560x560.jpg\"> En surface<\/a> &#8211; 4\u00e8me single sorti le 28 avril 2014<br \/>\n<a class=\"example7 cboxElement\" href=\"https:\/\/dahofficial.com\/wordpress\/wp-content\/themes\/dahofficial\/discographie\/les_chansons_de_linnocence_retrouvee\/images\/20141124_DiskonoirAlbumLive_Pochette_560x560.jpg\"> Disk\u00f6noir<\/a> &#8211; Album live sorti le 24 novembre 2014<br \/>\n<a class=\"example7 cboxElement\" href=\"https:\/\/dahofficial.com\/wordpress\/wp-content\/themes\/dahofficial\/discographie\/les_chansons_de_linnocence_retrouvee\/images\/20141207_SoleilDeMinuit_Pochette_560.jpg\"> Soleil de minuit (live)<\/a> &#8211; 1er single du live  \u00ab Disk\u00f6noir \u00bb  sorti le 8 d\u00e9cembre 2014<br \/>\n<a class=\"example7 cboxElement\" href=\"https:\/\/dahofficial.com\/wordpress\/wp-content\/themes\/dahofficial\/discographie\/les_chansons_de_linnocence_retrouvee\/images\/LHommeQuiMarche_Cover_560.jpg\"> L&rsquo;homme qui marche (best of)<\/a> &#8211; 36 titres + dvd  \u00ab Etienne Daho, un itin\u00e9raire pop moderne \u00bb , 6 nov. 2015<br \/>\n<a class=\"example7 cboxElement\" href=\"https:\/\/dahofficial.com\/wordpress\/wp-content\/themes\/dahofficial\/discographie\/les_chansons_de_linnocence_retrouvee\/images\/20151106_ParisSensInterdits_Pochette_560.jpg\"> Paris sens interdits<\/a> &#8211; Single remix 2015 du titre de 1989, sorti le 6 novembre 2015<br \/>\n<a class=\"example7 cboxElement\" href=\"https:\/\/dahofficial.com\/wordpress\/wp-content\/themes\/dahofficial\/discographie\/les_chansons_de_linnocence_retrouvee\/images\/LaVille_Pochette_500.jpg\"> La ville<\/a> &#8211; Single duo entre Daniel Darc &amp; Etienne Daho, sorti 6 novembre 2015<br \/>\n<strong><a class=\"example7 cboxElement\" href=\"https:\/\/dahofficial.com\/wordpress\/wp-content\/themes\/dahofficial\/discographie\/tirer_la_nuit_sur_les_etoiles\/images\/20241100_LesChansonsDeLInnocence_PochetteEtVinyles_3D_560.jpg\"> Album Deluxe Remastered<\/a> &#8211; 27 septembre 2024 &#8211; 40 titres &#8211;  Barclay \/ Universal<\/strong><\/p>\n<p><img loading=\"lazy\" decoding=\"async\" style=\"border: none;\" src=\"https:\/\/dahofficial.com\/wordpress\/wp-content\/themes\/dahofficial\/discographie\/les_chansons_de_linnocence_retrouvee\/images\/couv_leschansonsdelinnocenceretrouvee_1.2.jpg\" border=\"0\" alt=\"Etienne Daho - Les chansons de l'innocence retrouv\u00e9e\" width=\"560\" height=\"477\"><\/p>\n<p><!-- ONGLETS Credits Single Maxi Live\/dvd --><\/p>\n<div id=\"sousmenu\">\n<ul class=\"nav\">\n<li class=\"crediz\"><a class=\"example7\" href=\"https:\/\/dahofficial.com\/wordpress\/wp-content\/themes\/dahofficial\/discographie\/les_chansons_de_linnocence_retrouvee\/credits_leschansonsdelinnocenceretrouvee.html\"><img loading=\"lazy\" decoding=\"async\" style=\"border: none; margin: 0; padding: 0;\" src=\"https:\/\/dahofficial.com\/wordpress\/wp-content\/themes\/dahofficial\/images\/btn_credits.gif\" border=\"0\" alt=\"\" width=\"111\" height=\"36\"><\/a><\/li>\n<p><a href=\"https:\/\/dahofficial.com\/wordpress\/singles-les-chansons-de-linnocence-retrouvee\/\" target=\"\" rel=\"noopener noreferrer\"><img loading=\"lazy\" decoding=\"async\" style=\"border: none; margin: 0; padding: 0;\" src=\"https:\/\/dahofficial.com\/wordpress\/wp-content\/themes\/dahofficial\/images\/btn_single.gif\" border=\"0\" alt=\"\" width=\"98\" height=\"36\"><\/a><a href=\"https:\/\/dahofficial.com\/wordpress\/maxis-les-chansons-de-linnocence-retrouvee\/\" target=\"\" rel=\"noopener noreferrer\"><img loading=\"lazy\" decoding=\"async\" style=\"border: none; margin: 0; padding: 0;\" src=\"https:\/\/dahofficial.com\/wordpress\/wp-content\/themes\/dahofficial\/images\/btn_maxi_remix.gif\" border=\"0\" alt=\"\" width=\"128\" height=\"36\"><\/a><a href=\"https:\/\/dahofficial.com\/wordpress\/lives-dvd-videos-les-chansons-de-linnocence-retrouvee\/\" target=\"\" rel=\"noopener noreferrer\"><img loading=\"lazy\" decoding=\"async\" style=\"border: none; margin: 0; padding: 0;\" src=\"https:\/\/dahofficial.com\/wordpress\/wp-content\/themes\/dahofficial\/images\/btn_live_dvd.gif\" border=\"0\" alt=\"\" width=\"131\" height=\"36\"><\/a><\/ul>\n<\/div>\n<p><!-- double liseret gris --><\/p>\n<p><img loading=\"lazy\" decoding=\"async\" style=\"border: none;\" src=\"https:\/\/dahofficial.com\/wordpress\/wp-content\/themes\/dahofficial\/images\/ttr_bio_page.gif\" border=\"0\" alt=\"\" width=\"560\" height=\"34\"><\/p>\n<p><!-- PRESENTATION 2 Album Texte et Presse rapide --><\/p>\n<p>&nbsp;<\/p>\n<h1>Un coup de ma\u00eetre<\/h1>\n<p>Ecrit et enregistr\u00e9 \u00e0 Londres aux Studios d\u2019Abbey Road, Les Chansons de l\u2019Innocence Retrouv\u00e9e est un album affranchi et hors mode \u00e9crit et r\u00e9alis\u00e9 avec Jean-Louis Pi\u00e9rot. Cin\u00e9matographique et \u00e9pique, la tension permanente oscille entre entre l\u00e9g\u00e8ret\u00e9, flamboyance et gravit\u00e9. On y croise les fant\u00f4mes de Francis Bacon, les bas fonds de Soho, William Blake et John Barry pour l\u2019alti\u00e8re beaut\u00e9 des cordes ou encore David Lynch pour un vertigineux Homme qui marche. Debbie Harry, Nile Rodgers, Dominique A, Jenny Beth, Yan Wagner, Fran\u00e7ois Marry et Au Revoir Simone viennent accompagner Daho dans ce voyage dense et dionysiaque. Un coup de maitre.<br \/>\n&nbsp;<br \/>\nInclus <strong>L\u2019homme qui marche<\/strong>, <strong>La peau dure<\/strong>, <strong>En surface<\/strong>, <strong>Les chansons de l\u2019innocence<\/strong>, <strong>L\u2019\u00e9trang\u00e8re<\/strong> (Avec Debbie Harry et Nile Rodgers), &#8230;.<br \/>\n&nbsp;<br \/>\nAlbum certifi\u00e9 disque de platine, class\u00e9 3\u00e8me des ventes d\u2019albums en France.<br \/>\n&nbsp;<br \/>\n<strong>Le Monde<\/strong> (Ar\u00e9liano Tonet &#8211; 21 novembre 2013) : <a href=\"https:\/\/dahofficial.com\/wordpress\/wp-content\/themes\/dahofficial\/presse\/leschansonsdelinnocence\/presse_20131121_LeMonde.pdf\" target=\"_blank\" rel=\"noopener noreferrer\"> Disque-miroir que celui-l\u00e0. Daho s\u2019y place sous le patronage de William Blake (1757-1827) et de ses Chants de l\u2019innocence et de l\u2019exp\u00e9rience. Mani\u00e8re de sugg\u00e9rer qu\u2019\u00e0 l\u2019instar du po\u00e8te anglais, Daho se voit double : lumi\u00e8res et t\u00e9n\u00e8bres, l\u00e9g\u00e8ret\u00e9 et gravit\u00e9, simultan\u00e9ment par lui r\u00e9fl\u00e9chies, ressenties.<\/a> Cette dualit\u00e9, il n\u2019a jamais cess\u00e9 de la porter, d\u00e8s ses premi\u00e8res armes, marini\u00e8re au vent, lignes claires sur veines obscures. Chez lui, le matelot a toujours cohabit\u00e9 avec le pirate. A tribord, l\u2019\u00e9ternel jeune homme : ce Daho-ci capte l\u2019air du temps comme personne, coince sa bulle dans la bulle du grand public, vogue sur l\u2019\u00e9poque avec l\u2019intuition d\u2019un mousse breton, moderne jusqu\u2019au bout du pompon. A b\u00e2bord, le corsaire coriace : ce Daho-l\u00e0 brave temp\u00eates et naufrages, largue les amarres de la biens\u00e9ance, plonge dans les abysses de l\u2019histoire \u2013 la sienne, la n\u00f4tre, celle des arts et des lettres qu\u2019il ch\u00e9rit tant \u2013, pour mieux en d\u00e9terrer les tr\u00e9sors.<\/p>\n<p><strong>T\u00e9l\u00e9rama<\/strong> (Valerie Lehoux 4 cl\u00e9s &#8211; novembre 2013) : <a href=\"https:\/\/dahofficial.com\/wordpress\/wp-content\/themes\/dahofficial\/presse\/leschansonsdelinnocence\/presse_20131100_Telerama.pdf\" target=\"_blank\" rel=\"noopener noreferrer\"> Un coup de maitre.<\/a> Il y a bien s\u00fbr de la gravit\u00e9 sous l&rsquo;apparente l\u00e9g\u00e8ret\u00e9. Mais ce qui frappe, c&rsquo;est la libert\u00e9 de cet album affranchi et hors mode. A L\u2019innocent les mains pleines? Est-ce vraiment celui de l&rsquo;innocence re-trouv\u00e9e? Plut\u00f4t celui d&rsquo;un l\u00e2cher prise h\u00e9doniste et lucide, \u00e0 la fois symphonique et dansant, introspectif et ouvert.<\/p>\n<p><strong>Les Inrockuptibles<\/strong> (Jean Daniel Beauvallet &#8211; novembre 2013) : <a href=\"https:\/\/dahofficial.com\/wordpress\/wp-content\/themes\/dahofficial\/presse\/leschansonsdelinnocence\/presse_20131100_LesInrockuptibles.pdf\" target=\"_blank\" rel=\"noopener noreferrer\"> Des chansons tr\u00e8s cin\u00e9matographiques, servies par des arrangements en lignes bris\u00e9es qui \u00e9voquent souvent John Barry.<\/a> En veilleur de nuit, en vigie, Etienne Daho est ainsi depuis trente ans l&rsquo;homme qui attend la fin de l&rsquo;\u00e9merveillement. En vain. Et ce n&rsquo;est pas avec ce treizi\u00e8me album, l&rsquo;un de ses meilleurs dans sa maitrise des \u00e9quilibres entre l\u00e9g\u00e8ret\u00e9 et inqui\u00e9tude, ambition et humilit\u00e9, m\u00e9lancolie de 1981 \u00e0 2013, le m\u00eame savoir-faire et optimisme, qu&rsquo;il va se ranger de cette extase contrari\u00e9e. La voix aussi a chang\u00e9 : plus affirm\u00e9e, plus \u00e9paisse, plus autoritaire. Refusant les joliesses et les mots cach\u00e9s pour une \u00e9criture nerveuse, sanguine, visc\u00e9rale, l\u00e0 o\u00f9 Bashung cultivait les oxymores dans ses textes, Daho les r\u00e9serve ainsi \u00e0 sa musique. Et c&rsquo;est ce qui fait sa force, sa vitalit\u00e9 et son a-propos.<\/p>\n<p><strong>Mojo<\/strong> (Simon Price 4 STARS ****) : Daho&rsquo;s effortless cool needs no help. He is, essentially, the cross-channel Ferry.<\/p>\n<p><strong>Le Figaro<\/strong> (Olivier Nuc) : <a href=\"https:\/\/dahofficial.com\/wordpress\/wp-content\/themes\/dahofficial\/presse\/leschansonsdelinnocence\/presse_20131119_LeFigaro.pdf\" target=\"_blank\" rel=\"noopener noreferrer\"> Ambitieux, cet album enregistr\u00e9 \u00e0 Londres repr\u00e9sente un sommet dans la carri\u00e8re d\u2019Etienne Daho.<\/a> Trente ans apr\u00e8s ses d\u00e9buts, au moment of tout un pan de la sc\u00e8ne pop et \u00e9lectro revendique son influence, l\u2019\u00e9ternel Jeune homme m\u00eale son amour de la pop et des orchestrations soign\u00e9es, \u00e0 son gout pour la soul et les chansons dansantes.<\/p>\n<p><strong>Magic<\/strong> (Franck Vergeade &#8211; novembre 2013) : <a href=\"https:\/\/dahofficial.com\/wordpress\/wp-content\/themes\/dahofficial\/presse\/leschansonsdelinnocence\/presse_20131100_Magic_Article.pdf\" target=\"_blank\" rel=\"noopener noreferrer\"> Son disque le plus ambitieux depuis l\u2019incompris Eden (1996).<\/a> Une pi\u00e8ce de choix dans la discographie exemplaire du parrain de la pop fran\u00e7aise qui n\u2019en finit plus de faire des \u00e9mules.<\/p>\n<p><strong>L\u2019Express<\/strong> (28 ao\u00fbt 2013) : <a href=\"https:\/\/dahofficial.com\/wordpress\/wp-content\/themes\/dahofficial\/presse\/leschansonsdelinnocence\/presse_20130828_LExpressStyles.pdf\" target=\"_blank\" rel=\"noopener noreferrer\"> Soul sombre et groovy.<\/a><\/p>\n<p><strong>Rock and Folk<\/strong> (Romain Burrel &#8211; novembre 2013 &#8211; 4*) :  <a href=\"https:\/\/dahofficial.com\/wordpress\/wp-content\/themes\/dahofficial\/presse\/leschansonsdelinnocence\/presse_20131100_Rock&amp;Folk.pdf\" target=\"_blank\" rel=\"noopener noreferrer\"> Hors des chaluts immenses de la vari\u00e9t\u00e9, avari\u00e9e, combien sont-ils vraiment, les h\u00e9ros fran\u00e7ais de la pop? Deux. Peut-\u00eatre trois. Et le taulier de ce club restreint est certainement Etienne Daho. <\/a> Son retour aux affaires, six ans apr\u00e8s son dernier album studio est donc une excitante nouvelle.  Et au d\u00e9tour de quelques ballades d&rsquo;apparence l\u00e9g\u00e8re (Onze Mille Vierges, Un Bonheur Dangereux), le chanteur r\u00e9v\u00e8le l&rsquo;un de ses grands secrets de composition: ce contre-pied syst\u00e9matique entre m\u00e9lodies a\u00e9riennes et paroles lacrymales. La touche Daho, en somme.<\/p>\n<p><strong>Les Echos<\/strong> (Christian Eudeline) : Dionysiaque et Flamboyant.<\/p>\n<p><strong>Obsession<\/strong> (Joseph Ghosn et Olivier Wicker &#8211; 26 septembre 2013) : <a href=\"https:\/\/dahofficial.com\/wordpress\/wp-content\/themes\/dahofficial\/presse\/leschansonsdelinnocence\/presse_20130926_Obsession_LeNouvelObs_Article.pdf\" target=\"_blank\" rel=\"noopener noreferrer\"> La plus belle r\u00e9alisation de son auteur depuis la paire Pop Satori et Pour nos vies martiennes. La r\u00e9ussite du disque tient \u00e0 sa tension permanente entre l\u00e9g\u00e8ret\u00e9, flamboyante et gravit\u00e9. <\/a><\/p>\n<p><strong>La Voix du Nord<\/strong> (Natalie Grosskopf &#8211; 15 novembre 2013) : <a href=\"https:\/\/dahofficial.com\/wordpress\/wp-content\/themes\/dahofficial\/presse\/leschansonsdelinnocence\/pressenet_20131115_LavoixdunordFr.pdf\" target=\"_blank\" rel=\"noopener noreferrer\"> Un disque profond qui vient ajouter une nouvelle pierre angulaire \u00e0 une \u0153uvre irr\u00e9prochable. <\/a><\/p>\n<p><strong>France Culture<\/strong> (Matthieu Conquet &#8211; 21 novembre 2013) : <a href=\"https:\/\/dahofficial.com\/wordpress\/wp-content\/themes\/dahofficial\/presse\/leschansonsdelinnocence\/pressenet_20131121_FranceCultureFr.pdf\" target=\"_blank\" rel=\"noopener noreferrer\"> Alors que l&rsquo;on reproche souvent \u00e0 la chanson en fran\u00e7ais sa d\u00e9pendance \u00e0 litt\u00e9rature, Daho en fait sa force, \u00e9voque Genet ou Apollinaire tout en jouant sur une musique tr\u00e8s anglaise, pop toujours. Il \u00e9crit en pensant au peintre Bacon et s&rsquo;av\u00e8re finalement tr\u00e8s proustien.<\/a><\/p>\n<p><strong>Le Point<\/strong> (Cl\u00e9mentine Goldszal &#8211; 14 novembre 2013) : <a href=\"https:\/\/dahofficial.com\/wordpress\/wp-content\/themes\/dahofficial\/presse\/leschansonsdelinnocence\/presse_20131114_LePoint_N\u00b02148.pdf\" target=\"_blank\" rel=\"noopener noreferrer\">Epique et intime, sensuel et merveilleusement \u00e9crit.<\/a><\/p>\n<p><strong>Elle<\/strong> (Florence Tredez &#8211; novembre 2013) : <a href=\"https:\/\/dahofficial.com\/wordpress\/wp-content\/themes\/dahofficial\/presse\/leschansonsdelinnocence\/presse_20131100_Elle.pdf\" target=\"_blank\" rel=\"noopener noreferrer\">L\u2019alti\u00e8re beaut\u00e9 des cordes met en valeur des paroles pudiques et profondes \u00e0 la fois. Sans doute son meilleur album.<\/a><\/p>\n<p><strong>Marie Claire<\/strong> (Marianne Mairesse &#8211; octobre 2013) : <a href=\"https:\/\/dahofficial.com\/wordpress\/wp-content\/themes\/dahofficial\/presse\/leschansonsdelinnocence\/presse_20131000_MarieClaire.pdf\" target=\"_blank\" rel=\"noopener noreferrer\">Cet album serre et emporte les coeurs par son lyrisme et ses envol\u00e9es.<\/a> Il est trash aussi. Aventureux comme doit \u00eatre la vie excessive et secr\u00e8te de Daho. L\u2019\u00e9motion est \u00e0 son comble.<\/p>\n<p><strong>Fnac<\/strong> (octobre 2013) : <a href=\"https:\/\/dahofficial.com\/wordpress\/wp-content\/themes\/dahofficial\/presse\/leschansonsdelinnocence\/presse_20131000_ContactFnac.pdf\" target=\"_blank\" rel=\"noopener noreferrer\"> Le douzi\u00e8me album d&rsquo;\u00c9tienne Daho, impressionne<\/a> Particuli\u00e8rement dense, Les Chansons de l&rsquo;innocence retrouv\u00e9e est une sorte de r\u00e9sum\u00e9 de toutes ses p\u00e9riodes et de tous ses albums, mais en plus abouti. Daho n&rsquo;a pas d&rsquo;\u00e2ge et quand on l&rsquo;\u00e9coute, nous non plus&#8230; Pas de doute, la Dahomania continue !<\/p>\n<p><strong>T\u00eatu<\/strong> (octobre 2013) : <a href=\"https:\/\/dahofficial.com\/wordpress\/wp-content\/themes\/dahofficial\/presse\/leschansonsdelinnocence\/presse_20131000_Tetu.pdf\" target=\"_blank\" rel=\"noopener noreferrer\"> Un disque obs\u00e9dant et pr\u00e9cieux<\/a><\/p>\n<p><!-- double liseret gris --><\/p>\n<p><img loading=\"lazy\" decoding=\"async\" style=\"border: none;\" src=\"https:\/\/dahofficial.com\/wordpress\/wp-content\/themes\/dahofficial\/images\/ttr_bio_page.gif\" border=\"0\" alt=\"\" width=\"560\" height=\"34\"><\/p>\n<p><!-- d\u00e9but accord\u00e9on TEXTES 3 --><\/p>\n<div id=\"accordion_reg\" style=\"background-color: transparent;\">\n<div id=\"accordion_wrap\">\n<p><!-- debut accord\u00e9on 3 --><\/p>\n<dl class=\"accordion\"><!-- d\u00e9but 3 --><\/p>\n<dt class=\"accordion_toggler_1\" style=\"background-color: transparent; height: 34px; border: medium none;\"><a style=\"border: none;\" name=\"texte\"><img loading=\"lazy\" decoding=\"async\" style=\"border: none;\" src=\"https:\/\/dahofficial.com\/wordpress\/wp-content\/themes\/dahofficial\/images\/textes.png\" border=\"0\" alt=\"\" width=\"561\" height=\"36\"><\/a><\/p>\n<p>&nbsp;<\/dt>\n<p>&nbsp;<\/p>\n<p>Les paroles des 11 titres de l&rsquo;album  \u00ab Les chansons de l&rsquo;innocence retrouv\u00e9e \u00bb  ainsi que de 2 bonus<\/p>\n<p>&nbsp;<\/p>\n<dd class=\"accordion_content accordion_content_1\">\n<dl>\n<dt class=\"accordion_toggler_2\">1 . Le baiser du destin<br \/>\nAvec Jehnny Beth &amp; Johnny Hostile<br \/>\nEtienne Daho \/ Jean-Louis Pi\u00e9rot &#8211; Etienne Daho (Satori Song)<\/dt>\n<dd class=\"accordion_content accordion_content_2\">\n<dl>\n<p style=\"text-align:justify;\">\nLe d\u00e9sert et l&rsquo;enfer, es-tu maitre de ton destin? Les sommets, l&rsquo;or des rivi\u00e8res, sont \u00e0 la port\u00e9e de ta main. Il n&rsquo;y a qu&rsquo;\u00e0 se baisser pour tout amasser, sachant que l&rsquo;on peut toujours passer \u00e0 c\u00f4t\u00e9. Si la fortune ne sourit point et que l&rsquo;on passe \u00e0 c\u00f4t\u00e9 du baiser du destin. Les fruits m\u00fbrs ou les pierres, les faiseurs de feux te baisent la main. La fortune, les revers, les m\u00eames t&rsquo;\u00e9craseront comme un chien. Il n&rsquo;y a qu&rsquo;\u00e0 tr\u00e9bucher pour se ramasser. Serait-ce le libre choix ou la destin\u00e9e. Quand l&rsquo;infortune sourit en coin et que l&rsquo;on passe \u00e0 c\u00f4t\u00e9 du baiser du destin. Avant, avant, que dans nos mains ne soient trac\u00e9es, ces lignes comme les nervures d&rsquo;une feuille,  o\u00f9 la fortune des h\u00e9ros vient se poser. Les lumi\u00e8res, les chim\u00e8res, corps \u00e0 corps avec son destin. Les t\u00e9n\u00e8bres, les matins clairs, sont \u00e0 la port\u00e9e de ta main. Il n&rsquo;y a qu&rsquo;\u00e0 se baisser pour tout amasser, sachant que l&rsquo;on peut toujours passer \u00e0 c\u00f4t\u00e9. Si la fortune ne sourit point et que l&rsquo;on passe \u00e0 c\u00f4t\u00e9 du baiser du destin.<\/p>\n<\/dl>\n<p><!-- fin 3.1 --><br \/>\n<!-- debut 3.2 --><\/dd>\n<dt class=\"accordion_toggler_2\">2 . L&rsquo;homme qui marche<br \/>\nAvec Fr\u00e0n\u00e7ois Marry<br \/>\nEtienne Daho \/ Jean-Louis Pi\u00e9rot &#8211; Etienne Daho (Satori Song)<\/dt>\n<dd class=\"accordion_content accordion_content_2\">\n<dl>\n<p style=\"text-align:justify;\">\n<em>Piazza Navona. J&rsquo;\u00e9tais l\u00e0 tr\u00e8s t\u00f4t ce matin, je te cherchais. A vive allure, le pass\u00e9 nous rattrape. Je me demande si j&rsquo;ai eu raison, mais me voici \u00e0 Rome, devant chez toi.<\/em> L&rsquo;escalier monte \u00e0 sa chambre et dans ce froid de gueux, l&rsquo;enfant du roi fou. En bras de chemise l\u00e9g\u00e8re, dans son \u00e2me tous nos myst\u00e8res de Berlin, de Moscou. Des photos d&rsquo;un ado sombre, accroch\u00e9es au mur devant lui, est ce moi? est-ce lui? est-ce lui? <em>Je t&rsquo;ai attendu dans ce rade triste, il \u00e9tait trop t\u00f4t pour ma d\u00e9faite.<\/em> L&rsquo;escalier monte \u00e0 sa chambre et dans le froid de d\u00e9cembre, son accent fran\u00e7ais le trahit. En bras de chemise l\u00e9g\u00e8re, dans ses yeux tous nos myst\u00e8res, de Marseille \u00e0 Paris. Des photos d&rsquo;un ado sombre, accroch\u00e9es au mur devant lui, est-ce moi? est-ce lui? Comme le h\u00e9ros d&rsquo;un livre, qui ne souffrirait plus du froid, l&rsquo;homme qui marche devant moi est-ce moi? Comme le h\u00e9ros d&rsquo;un livre, qui ne s&rsquo;ouvrirait plus qu&rsquo;une fois, l&rsquo;homme qui marche devant moi est-ce toi? Comme le h\u00e9ros d&rsquo;un livre, qui ne souffrirait plus du froid, l&rsquo;homme qui marche devant moi est-ce toi? <em>Je t&rsquo;ai attendu dans ce rade triste, il \u00e9tait trop t\u00f4t pour ma d\u00e9faite.<\/em><\/p>\n<\/dl>\n<p><!-- fin 3.2 --><br \/>\n<!-- debut 3.3 --><\/dd>\n<dt class=\"accordion_toggler_2\">3 . Un nouveau printemps<br \/>\nEtienne Daho \/ Jean-Louis Pi\u00e9rot &#8211; Etienne Daho (Satori Song)<\/dt>\n<dd class=\"accordion_content accordion_content_2\">\n<dl>\n<p style=\"text-align:justify;\">\nQuand la chance les l\u00e2che, frangins \u00e0 la d\u00e9rive. \u00d4 merveilleux perdants, se d\u00e9battent en l&rsquo;eau vive. Si sauvagement rejet\u00e9s, nager vers l&rsquo;autre rive. Parvenir de l&rsquo;autre c\u00f4t\u00e9 et vivre vaille que vive. Apprendre \u00e0 coups de crosses et de cheveux tondus, vois les plaies qui scintillent, aux torses des vaincus, mais si la cause est belle peu importe le but. Dans la fra\u00eecheur exquise, de ce nouveau printemps, l&#8217;embarcation d\u00e9rive. Si sauvagement rejet\u00e9e, de l&rsquo;une \u00e0 l&rsquo;autre rive. Parvenir de l&rsquo;autre c\u00f4t\u00e9, ailleurs enfin revivre. Apprendre \u00e0 coups de crosse et de cheveux tondus, vois les larmes scintillent, aux paupi\u00e8res vaincues. Mais si la cause est belle peu importe le but. Apprendre \u00e0 coups de crosse et de cheveux tondus. Vois les plaies qui scintillent, les combattants fourbus. C&rsquo;est un nouveau  printemps, c&rsquo;est un nouveau printemps!!! Vois les plaies qui scintillent, aux torses des vaincus, mais si la cause est belle, peu importe le but&#8230;<\/p>\n<\/dl>\n<p><!-- fin 3.3 --><br \/>\n<!-- debut 3.4 --><\/dd>\n<dt class=\"accordion_toggler_2\">4 . Les torrents d\u00e9fendus<br \/>\nAvec Nile Rodgers<br \/>\nEtienne Daho \/ Jean-Louis Pi\u00e9rot &#8211; Etienne Daho (Satori Song)<\/dt>\n<dd class=\"accordion_content accordion_content_2\">\n<dl>\n<p style=\"text-align:justify;\">\nEncore, flambent dans la nuit, nos \u00e2mes fi\u00e8res sur les trottoirs de vos quartiers interdits. Encore twistent sans r\u00e9pit, nos silhouettes dans le noir, dans vos quartiers ennemis. Que vivent les fi\u00e8vres de la jeunesse, rivi\u00e8res de nos vingt ans, qui galopent folles dans nos veines et ce jusqu&rsquo;au dernier printemps. Pourvu que jamais rien ne les freine, laves de sueur et de sang, qui lib\u00e9r\u00e9es grondent et puis d\u00e9cha\u00eenent, ces torrents d\u00e9fendus, qui intoxiquent nos insomnies, de leur infectieuse m\u00e9lancolie. Encore, brillent dans la nuit, les \u00e2mes fi\u00e8res de l&rsquo;histoire, dans vos quartiers ennemis. Que vivent les fi\u00e8vres de la jeunesse, rivi\u00e8res de nos vingt ans, qui galopent folles dans nos veines et ce jusqu&rsquo;au dernier printemps. Pourvu que jamais rien ne les freine, laves de sueur et de sang, qui lib\u00e9r\u00e9es grondent et puis d\u00e9cha\u00eenent, ces torrents d\u00e9fendus, qui intoxiquent nos insomnies, de leur infectieuse m\u00e9lancolie. <em>Si un jour j&rsquo;en ai marre, la t\u00eate br\u00fblante, le c\u0153ur froid, souffrirai-je un jour de moins souffrir pour toi ?<\/em> Que vivent les fi\u00e8vres de la jeunesse, rivi\u00e8res de nos vingt ans, qui galopent folles dans nos veines et ce jusqu&rsquo;au dernier printemps. Pourvu que jamais rien ne les freine, laves de sperme et de sang, qui lib\u00e9r\u00e9es grondent et puis d\u00e9cha\u00eenent, ces torrents d\u00e9fendus, qui intoxiquent nos insomnies, de leur infectieuse m\u00e9lancolie. <em> Mais si j&rsquo;en ai ma claque, la t\u00eate br\u00fblante, le c\u0153ur froid. Souffrirai-je un jour de moins souffrir pour toi ?<\/em><\/p>\n<\/dl>\n<p><!-- fin 3.4 --><br \/>\n<!-- debut 3.5 --><\/dd>\n<dt class=\"accordion_toggler_2\">5 . La peau dure<br \/>\nEtienne Daho \/ Jean-Louis Pi\u00e9rot &#8211; Etienne Daho (Satori Song)<\/dt>\n<dd class=\"accordion_content accordion_content_2\">\n<dl>\n<p style=\"text-align:justify;\">\nBien s\u00fbr, je connais tes plaies, tes blessures. Cyanure, tes souvenirs ont la peau dure. F\u00ealures, \u00e0 chacun son chemin, chacun ses d\u00e9chirures. Mais je les ressens comme toi. Fractures, pousser seul sur un tas d&rsquo;ordures. Torture, redouter d&rsquo;\u00eatre une imposture. Froidures qui nous gercent le c\u0153ur et rouillent les jointures. Oui je les ressens. Quand les larmes de l&rsquo;enfance toute la vie sont murmures o\u00f9 sont l&rsquo;\u00e9paule et les mots qui te rassurent ? Oui les armes de l&rsquo;enfance, te font le cuir et l&rsquo;armure et ass\u00e8chent les rivi\u00e8res que tu pleurais hier. Griffures, je l\u00e8che ta triste figure. Morsures, ton sang et ses \u00e9claboussures. Roulures et salauds qui peu \u00e0 peu nous ont \u00e0 l&rsquo;usure. Oui je les ressens. Quand les larmes de l&rsquo;enfance toute la vie sont murmures, o\u00f9 sont l&rsquo;\u00e9paule et les mots qui te rassurent? Oui les armes de l&rsquo;enfance, te font le cuir et l&rsquo;armure et ass\u00e8chent les rivi\u00e8res que tu pleurais hier. Bien s\u00fbr, je connais tes plaies, tes blessures. Cyanure, tes souvenirs ont la peau dure. F\u00ealure, \u00e0 chacun son chemin, chacun ses d\u00e9chirures. Mais je les ressens comme toi&#8230;<\/p>\n<\/dl>\n<p><!-- fin 3.5 --><br \/>\n<!-- debut 3.6 --><\/dd>\n<dt class=\"accordion_toggler_2\">6 . Le malentendu<br \/>\nEtienne Daho \/ Jean-Louis Pi\u00e9rot &#8211; Etienne Daho (Satori Song)<\/dt>\n<dd class=\"accordion_content accordion_content_2\">\n<dl>\n<p style=\"text-align:justify;\">\nTra\u00eener sur le port, ce soir je dormirai dehors. Jouer la com\u00e9die, je n&rsquo;y arrive plus. La ville noire s&rsquo;endort, ce soir, je serai sans remords. Ta voix se sera tue, je ne rentrerai plus. C&rsquo;est dans les mauvais lits, que naissent les mensonges. Le joug de ton d\u00e9sir, je m&rsquo;en suis exil\u00e9. Je voyais dans tes yeux, la pr\u00e9sence du bon dieu, des vols d&rsquo;oiseaux sauvages, explos\u00e9s en plein ciel. Ce c\u0153ur cognait tant, dans ma poitrine et pourtant, cette sale com\u00e9die, vraiment je n&rsquo;en peux plus. D\u00e9licieux d\u00e9sespoir, nourri de mes absences, ta souffrance est un miel, dont je suis exil\u00e9. Compagne de torture, belle comme une r\u00e9volte. Dans ce monde tordu, nous sommes d\u00e9gris\u00e9s. Tu ne veux rien entendre, mais notre grande histoire, n&rsquo;est qu&rsquo;un malentendu. La ville noire s&rsquo;endort, ce soir, je serai ivre mort. Ta voix se sera tue, je ne rentrerai plus. Comme un fou, comme un chien, le ventre et les yeux vides, ta souffrance est un miel, dont je suis d\u00e9livr\u00e9. Compagne d&rsquo;infortune, belle comme une r\u00e9volte. Dans ce monde perdu, nous sommes d\u00e9gris\u00e9s. Tu ne veux pas m&rsquo;entendre, mais notre grande histoire, na\u00eet d&rsquo;un malentendu. Non, je ne t&rsquo;entends plus. Compagne de torture, belle comme une r\u00e9volte, tu ne veux rien entendre, mais notre grande histoire, oui notre grande histoire, na\u00eet d&rsquo;un malentendu.<\/p>\n<\/dl>\n<p><!-- fin 3.6 --><br \/>\n<!-- debut 3.7 --><\/dd>\n<dt class=\"accordion_toggler_2\">7 . L&rsquo;\u00e9trang\u00e8re<br \/>\nAvec Debbie Harry &amp; Nile Rodgers<br \/>\nEtienne Daho \/ Jean-Louis Pi\u00e9rot &#8211; Etienne Daho (Satori Song)<\/dt>\n<dd class=\"accordion_content accordion_content_2\">\n<dl>\n<p style=\"text-align:justify;\">\n<em>Downtown there will always be a corner of the wall, for the exile of radiant children. Downtown there will always be a piece of grey wall, for all those who like you are rebels and clandestine.<\/em> Un taxi jaune \u00e9ventre la nuit et l&rsquo;Etrang\u00e8re en surgit. Le mascara coule de ses yeux gris et se m\u00e9lange \u00e0 la pluie. Dans les rues, Elle ressent l&rsquo;\u00e9nergie, bouleversante odeur de vie. Le taxi la d\u00e9pose au Chelsea, o\u00f9 elle venait avec Lui. A la radio  \u00ab Call me \u00bb  de Blondie, contagieuse m\u00e9lodie, cong\u00e9die sa m\u00e9lancolie. Downtown il y aura toujours un coin de mur bleu, pour y adosser l&rsquo;exil des enfants radieux. Downtown il y aura toujours un bout de mur gris, pour tous ceux-l\u00e0 qui comme toi, ne sont pas d&rsquo;ici. Et dont le destin est d&rsquo;\u00eatre clandestin. Carnet de po\u00e8mes et croquis, pour qui entendra son cri. Champagne et comatose aux barbis et leur douce anesth\u00e9sie. A la radio  \u00ab Call me \u00bb  de Blondie, contagieuse m\u00e9lodie, cong\u00e9die sa m\u00e9lancolie. Downtown il y aura toujours un coin de mur bleu, pour y adosser l&rsquo;exil des enfants radieux. Downtown il y aura toujours un bout de mur gris, pour tous ceux-l\u00e0 qui comme toi sont des insoumis. Et dont le destin est d&rsquo;\u00eatre clandestin.<br \/>\nDowntown il y aura toujours un bout de mur gris, pour tous ceux-l\u00e0 qui comme toi ne sont pas d&rsquo;ici et dont le destin est d&rsquo;\u00eatre clandestin. <em>Downtown there will always be a corner of the wall, for the exile of the radiant children to lean. Downtown there will always be a piece of grey wall, for all those who like you are rebels and clandestine.<\/em><\/p>\n<\/dl>\n<p><!-- fin 3.7 --><br \/>\n<!-- debut 3.8 --><\/dd>\n<dt class=\"accordion_toggler_2\">8 . Un bonheur dangereux<br \/>\nEtienne Daho \/ Jean-Louis Pi\u00e9rot &#8211; Etienne Daho (Satori Song)<\/dt>\n<dd class=\"accordion_content accordion_content_2\">\n<dl>\n<p style=\"text-align:justify;\">\nLes compagnons du soir dorment \u00e0 la belle \u00e9toile, l\u00e0 sous les ponts de la nuit, \u00e0 Paris Village, le miroir de la Seine, les lueurs des lampions, fuient le poison sans visage d&rsquo;un ciel sans nuage, fredonnent la la la, \u00d4 la douceur de ce futur incertain. La la la, trahir sa route, fracasser son destin. Les compagnons du jour, t\u00eate dans les nuages, provoquent bien des carnages, des carambolages. Les fusils silencieux, hobos \u00e0 l&rsquo;unisson, redoutent tous les ravages d&rsquo;un ciel sans nuage, fredonnent la la la, aveugl\u00e9s par un grand soleil radieux. La la la, crever d&rsquo;une O.D. de ciel bleu. Mais de loin, pr\u00e9f\u00e9rer encore un bonheur dangereux, c&rsquo;est en allant trop loin que l&rsquo;on avance un peu. Oui sans fin rechercher un bonheur dangereux, c&rsquo;est en plongeant  trop bas que l&rsquo;on s&rsquo;\u00e9l\u00e8ve un peu. Les compagnons du soir ont une bonne \u00e9toile et sous les ponts de minuit, en rien ne partagent, l&rsquo;ambition du vainqueur, la sueur du champion et le poison sans visage d&rsquo;un ciel sans nuage, fredonnent la la la, aveugl\u00e9s par un grand soleil radieux, la la la, crever d&rsquo;une O.D. de ciel bleu. Mais de loin, pr\u00e9f\u00e9rer encore un bonheur dangereux, c&rsquo;est en allant trop loin que l&rsquo;on avance un peu. Oui sans fin rechercher un bonheur dangereux, c&rsquo;est en plongeant  trop bas que l&rsquo;on s&rsquo;\u00e9l\u00e8ve un peu. L\u00e0 sous ton parapluie, les mirages s&rsquo;amoncellent et le gris, cage h\u00e9riss\u00e9e de cris, o\u00f9 l&rsquo;on joue p\u00e2le parodie de paradis, en sursis. Mais de loin, pr\u00e9f\u00e9rer encore un bonheur dangereux, c&rsquo;est en allant trop loin que l&rsquo;on avance un peu. Oui sans fin rechercher un bonheur dangereux, c&rsquo;est en plongeant  trop bas que l&rsquo;on s&rsquo;\u00e9l\u00e8ve un peu. C&rsquo;est en allant trop loin que l&rsquo;on avance un peu. C&rsquo;est en plongeant  trop bas que l&rsquo;on s&rsquo;\u00e9l\u00e8ve un peu. La la\t la\u2026<\/p>\n<\/dl>\n<p><!-- fin 3.8 --><br \/>\n<!-- debut 3.9 --><\/dd>\n<dt class=\"accordion_toggler_2\">9 . En surface<br \/>\nDominique A &#8211; Etienne Daho \/ Dominique A (Satori Song \/ D.R.)<\/dt>\n<dd class=\"accordion_content accordion_content_2\">\n<dl>\n<p style=\"text-align:justify;\">\nQue de temps pass\u00e9 en surface, que de temps \u00e0 ne pas s&rsquo;encombrer du temps et des \u00e9toiles tomb\u00e9es. Que de temps pass\u00e9 en surface. Je me voulais l\u00e9ger, l\u00e9ger, du plaisir sans se retourner. Ce plaisir ne m&rsquo;all\u00e9geait pas, la beaut\u00e9 n&rsquo;avait pas de bras. Je r\u00eavais d&rsquo;une vie de plume, ignorais la st\u00e8le et l&rsquo;enclume. Je balayais mes propres traces. Que de temps perdu en surface. Que de temps pass\u00e9 en surface, que de temps \u00e0 ne pas succomber, au spleen et aux \u00e9toiles plomb\u00e9es. Que de temps pass\u00e9 en surface. L&rsquo;\u00e9ph\u00e9m\u00e8re \u00e9tait mon credo et hier, \u00e0 la mauvaise place, je n&rsquo;aimais pas trop mon cerveau, mon corps envahissait l&rsquo;espace. Puis j&rsquo;ai vu bouger la surface, tout le temps venant \u00e0 d\u00e9border. Je pensais ne pas y penser, oui mais nos pens\u00e9es nous d\u00e9passent. Et j&rsquo;ai gliss\u00e9 sous la surface, d\u00e9lest\u00e9 de la l\u00e9g\u00e8ret\u00e9. J&rsquo;ai compt\u00e9 les \u00e9toiles tomb\u00e9es et claqu\u00e9 le temps perdu en surface. Que de temps pass\u00e9 en surface, que de temps \u00e0 ne pas s&rsquo;encombrer, du temps et des \u00e9toiles tomb\u00e9es. Que de temps pass\u00e9 en surface.<\/p>\n<\/dl>\n<p><!-- fin 3.9 --><br \/>\n<!-- debut 3.10 --><\/dd>\n<dt class=\"accordion_toggler_2\">10 . Onze mille vierges<br \/>\nEtienne Daho \/ Christian Fradin &#8211; Etienne Daho (Satori Song)<\/dt>\n<dd class=\"accordion_content accordion_content_2\">\n<dl>\n<p style=\"text-align:justify;\">\n<em>Onze mille vierges sous acide lysergique, consolent des malabars tendus et m\u00e9lancoliques. Fille de joie me fixe de ses yeux verts, des claques de Soho jusqu&rsquo;\u00e0 l&rsquo;H\u00f4tel de l&rsquo;Enfer.<\/em> L&rsquo;H\u00f4tel de l&rsquo;Enfer, l&rsquo;envers de Soho, Onze mille vierges sous acide lysergique, consolent des malabars tendus et m\u00e9lancoliques. Jours et nuits au French ou au Colony, de la rue des Saints-P\u00e8res \u00e0 Soho tu me poursuis. Mes mots dangereux deviennent d&rsquo;\u00e9tranges po\u00e8mes. D&rsquo;alcool et de feu, ils d\u00e9vastent tous ceux que j&rsquo;aime. Je t&rsquo;humilie, tu te couches, mes insultes font mouche et je frappe bas. Ces horreurs sortent de ma bouche et je ne parviens pas \u00e0 te d\u00e9go\u00fbter de moi. Onze mille cierges, alcool et barbituriques, je flotte dans les rues comme sous analg\u00e9siques. Mon costume est souill\u00e9 de larmes et de suie, de la rue des Saints-P\u00e8res \u00e0 Soho tu me poursuis. Mes mots dangereux deviennent de tranchants po\u00e8mes. D&rsquo;acier et de feu, ils d\u00e9truisent tous ceux que j&rsquo;aime. Je me dresse, tu te couches, mes insultes font mouche et je frappe bas. Ces horreurs sortent de ma bouche et je ne parviens pas \u00e0 te d\u00e9go\u00fbter de moi. Je me dresse tu te couches, mes insultes font mouche et je frappe bas. Ces horreurs sortent de ma bouche et je ne parviens pas \u00e0 te d\u00e9go\u00fbter de moi. <em>Onze mille vierges sous acide lysergique, consolent des malabars tendus et m\u00e9lancoliques. Jours et nuits au French ou au Colony, de la rue des Saints-P\u00e8res \u00e0 Soho tu me poursuis.<\/em><\/p>\n<\/dl>\n<p><!-- fin 3.10 --><br \/>\n<!-- d\u00e9but 3.11 --><\/dd>\n<dt class=\"accordion_toggler_2\">11 . Les chansons de l&rsquo;innocence<br \/>\nAvec Au Revoir Simone &amp; Yan Wagner<br \/>\nEtienne Daho \/ Jean-Louis Pi\u00e9rot &#8211; Etienne Daho (Satori Song)<\/dt>\n<dd class=\"accordion_content accordion_content_2\">\n<dl>\n<p style=\"text-align:justify;\">\nBerlin disco queen, androgyne,  plante en mon c\u0153ur ton drapeau noir. Nitroglyc\u00e9rine, sex machine, plante en mon corps ton tempo noir. Berlin afro queen, m&rsquo;assassine, plante en mon corps ton disco noir. Fille et gar\u00e7onne, perverse madone, Elle me fredonne les chansons de l&rsquo;innocence retrouv\u00e9e. Berlin disco queen, orpheline, plante en mon c\u0153ur ton drapeau noir. Berlin afro queen, h\u00e9ro\u00efne, plante en mon corps ton disco noir. Fille et gar\u00e7onne, perverse madone, Elle me fredonne les chansons de l&rsquo;innocence retrouv\u00e9e. Berlin disco queen, androgyne, plante en mon corps ton disco noir. Berlin queen, Berlin disco. Dancing queen, dancing disco. Berlin queen, Berlin disco. Drama queen, drama disco queen. Berlin disco queen, androgyne, plante en mon c\u0153ur ton drapeau noir. Berlin  afro queen, orpheline, plante en mon corps ton disco noir. Plante en mon corps ton disco noir. <em>Black madone somnambule, tu roules des m\u00e9caniques et dans la disco noire \u00e9lectrique, tu roules des m\u00e9caniques et dans la disco noire \u00e9lectrique, tu tends ton arc, vise mon \u00e2me et me fredonne les chansons de l&rsquo;innocence retrouv\u00e9e&#8230;<\/em><\/p>\n<\/dl>\n<p><!-- fin 3.11 --><br \/>\n<!-- d\u00e9but 3.12 --><\/dd>\n<dt class=\"accordion_toggler_2\">Bonus . Bleu gitanes (Outtake)<br \/>\nEtienne Daho \/ Jean-Louis Pi\u00e9rot &#8211; Etienne Daho (Satori Song)<\/dt>\n<dd class=\"accordion_content accordion_content_2\">\n<dl>\n<p style=\"text-align:justify;\">\nGo\u00fbter \u00e0 la noirceur, des journ\u00e9es qui se fanent, dans le rose et l&rsquo;orange, la fum\u00e9e bleu gitanes. Le mouvement l\u00e9ger, acrylique ou pastel, l&rsquo;esquisse du po\u00e8me, il devient immortel, ton cri muet. Comme les eaux qui flambent, l&rsquo;initi\u00e9, le mod\u00e8le, capturent l&rsquo;\u00e9ph\u00e9m\u00e8re, la m\u00e9moire infid\u00e8le. Je suis ton homme rouge, qui te traque, attends que tu bouges. L&rsquo;homme \u00e9trange qui d\u00e9masque sous le rimmel, ton rituel. Moi je suis l&rsquo;homme rouge, qui t&rsquo;attaque, attends que tu bouges. L&rsquo;homme \u00e9trange qui d\u00e9range\u2026 Boire ton vin de feu, ta douceur initiale, disperse dans mes veines, un d\u00e9sordre animal. Moi je suis l&rsquo;homme rouge, j&rsquo;attends que tu craques, que tu bouges. L&rsquo;homme \u00e9trange qui te d\u00e9masque sous les fards, sous le rimmel. Rituel cruel. Moi je suis l&rsquo;homme rouge, qui t&rsquo;attaque, avant que tu bouges. L&rsquo;homme \u00e9trange qui te d\u00e9masque sous la frange, sous le rimmel. Rituel cruel, rituel cruel. D\u00e9masque-toi! Go\u00fbter \u00e0 ta noirceur, sur l&rsquo;envers de la toile, dans le rose et l&rsquo;orange, la fum\u00e9e bleu gitanes. Je suis ton ange rouge, j&rsquo;attends que tu craques, que tu bouges. L&rsquo;homme \u00e9trange qui d\u00e9masque sous le rimmel, ton cri muet. Rituel cruel. Moi je suis l&rsquo;homme rouge, qui t&rsquo;attaque, attends que tu bouges. L&rsquo;homme \u00e9trange qui d\u00e9masque sous le rimmel, ton cri muet.<\/p>\n<\/dl>\n<p><!-- fin 3.12 --><br \/>\n<!-- d\u00e9but 3.13 --><\/dd>\n<dt class=\"accordion_toggler_2\">Bonus . Les lueurs matinales<br \/>\nEn duo avec Fr\u00e0n\u00e7ois Marry<br \/>\nFr\u00e0n\u00e7ois Marry (Domino Publishing)<\/dt>\n<dd class=\"accordion_content accordion_content_2\">\n<dl>\n<p style=\"text-align:justify;\">\nQue vais-je faire d&rsquo;une vie, entre les gouttes de pluie. Attendre, rester calme, que l&rsquo;ond\u00e9e soit finie. Deux bons amis dans le temps, perdent leurs traces et s&rsquo;oublient. Mais quand revient la nuit, en r\u00eave, en souvenirs, sont r\u00e9unis. Unlike the night sky I can&rsquo;t find the way to join myself together. Join the stars in me, into signs, constellations and wonders. Be brave, tu es tout seul au monde. Be brave, tu es tout seul sur la terre. Comment traverser cette nuit, sans abri, sans lumi\u00e8re, inond\u00e9e de larmes, pour faire briller, les lueurs matinales. Chers souvenirs, tenez-moi en \u00e9veil, ou sans quoi, je dormirai tous les jours, jusqu&rsquo;au dernier, en promenade somnambule. Be brave, tu appartiens au monde. Br brave, tu appartiens \u00e0 la terre. Be brave&#8230;<\/p>\n<\/dl>\n<\/dd>\n<\/dl>\n<p><!-- fin 3.13 --><\/dd>\n<\/dl>\n<p><!-- fin accord\u00e9on 3 --><\/p>\n<\/div>\n<\/div>\n<p><!-- fin accord\u00e9on TEXTES 3 --><\/p>\n<p><!-- double liseret gris --><\/p>\n<p><img loading=\"lazy\" decoding=\"async\" style=\"border: none;\" src=\"https:\/\/dahofficial.com\/wordpress\/wp-content\/themes\/dahofficial\/images\/ttr_bio_page.gif\" border=\"0\" alt=\"\" width=\"560\" height=\"34\"><\/p>\n<p><!-- d\u00e9but PLAYLIST 4 --><\/p>\n<div id=\"blocttrdiscographie\">\n<p><a name=\"playlist\"><img loading=\"lazy\" decoding=\"async\" style=\"border: none;\" src=\"https:\/\/dahofficial.com\/wordpress\/wp-content\/themes\/dahofficial\/images\/playlist.png\" border=\"0\" alt=\"\" width=\"561\" height=\"36\"><\/a><br \/>\n&nbsp;<br \/>\nL&rsquo;album original <strong> \u00ab Les chansons de l&rsquo;innocence retrouv\u00e9e \u00bb <\/strong> est compos\u00e9 de 11 titres, <a href=\"https:\/\/itunes.apple.com\/fr\/album\/les-chansons-linnocence-retrouvee\/id714203395\" target=\"_blank\" rel=\"noopener noreferrer\"> ici sur itunes<\/a>.<br \/>\nUn coffret double CD 17 titres, <strong> \u00ab Les chansons de l&rsquo;innocence retrouv\u00e9e \u00bb <\/strong>, soit l&rsquo;album 11 titres + 6 titres in\u00e9dits et remix.<br \/>\nExiste aussi en vinyle 11 titres et une Edition Deluxe sp\u00e9ciale Fnac limit\u00e9e avec sur 3\u00e8me cd 1 titre in\u00e9dit.<\/p>\n<p>&nbsp;<\/p>\n<p><div class=\"wonderpluginaudio\" id=\"wonderpluginaudio-2\" data-audioplayerid=\"2\" data-width=\"560\" data-height=\"600\" data-skin=\"jukebox\" data-autoplay=\"false\" data-random=\"false\" data-forceflash=\"false\" data-forcehtml5=\"false\" data-responsive=\"false\" data-showtracklist=\"true\" data-showprogress=\"true\" data-showprevnext=\"true\" data-showloop=\"true\" data-showloading=\"false\" data-titleinbarscroll=\"true\" data-donotinit=\"false\" data-addinitscript=\"false\" data-loop=\"1\" data-tracklistitem=\"17\" data-titleinbarwidth=\"400\" data-tracklistscroll=\"false\" data-defaultvolume=\"75\" data-jsfolder=\"http:\/\/dahofficial.com\/wordpress\/wp-content\/plugins\/wonderplugin-audio\/engine\/\" style=\"display:block;position:relative;margin:0 auto;width:560px;height:auto;\"><ul class=\"amazingaudioplayer-audios\" style=\"display:none;\"><li data-artist=\"\" data-title=\"Le baiser du destin\" data-album=\"\" data-info=\"\" data-image=\"http:\/\/dahofficial.com\/wordpress\/wp-content\/themes\/dahofficial\/discographie\/les_chansons_de_linnocence_retrouvee\/images\/LesChansonsDeLInnocenceRetrouvee_Pochette_200x200.jpg\" data-duration=\"\"><div class=\"amazingaudioplayer-source\" data-src=\"http:\/\/dahofficial.com\/wordpress\/wp-content\/themes\/dahofficial\/discographie\/les_chansons_de_linnocence_retrouvee\/audio\/lebaiserdudestin_extrait.mp3\" data-type=\"audio\/mpeg\" ><\/div><\/li><li data-artist=\"\" data-title=\"L'homme qui marche\" data-album=\"3\u00e8me single extrait de l'album\" data-info=\"\" data-image=\"http:\/\/dahofficial.com\/wordpress\/wp-content\/themes\/dahofficial\/discographie\/les_chansons_de_linnocence_retrouvee\/images\/LHommeQuiMarche_Pochette_170x170.jpeg\" data-duration=\"\"><div class=\"amazingaudioplayer-source\" data-src=\"http:\/\/dahofficial.com\/wordpress\/wp-content\/themes\/dahofficial\/discographie\/les_chansons_de_linnocence_retrouvee\/audio\/lhommequimarche_extrait.mp3\" data-type=\"audio\/mpeg\" ><\/div><\/li><li data-artist=\"\" data-title=\"Un nouveau printemps\" data-album=\"\" data-info=\"\" data-image=\"http:\/\/dahofficial.com\/wordpress\/wp-content\/themes\/dahofficial\/discographie\/les_chansons_de_linnocence_retrouvee\/images\/LesChansonsDeLInnocenceRetrouvee_Pochette_200x200.jpg\" data-duration=\"\"><div class=\"amazingaudioplayer-source\" data-src=\"http:\/\/dahofficial.com\/wordpress\/wp-content\/themes\/dahofficial\/discographie\/les_chansons_de_linnocence_retrouvee\/audio\/unnouveauprintemps_extrait.mp3\" data-type=\"audio\/mpeg\" ><\/div><\/li><li data-artist=\"\" data-title=\"Les torrents d\u00e9fendus\" data-album=\"avec Nile Rodgers\" data-info=\"\" data-image=\"http:\/\/dahofficial.com\/wordpress\/wp-content\/themes\/dahofficial\/discographie\/les_chansons_de_linnocence_retrouvee\/images\/LesChansonsDeLInnocenceRetrouvee_Pochette_200x200.jpg\" data-duration=\"\"><div class=\"amazingaudioplayer-source\" data-src=\"http:\/\/dahofficial.com\/wordpress\/wp-content\/themes\/dahofficial\/discographie\/les_chansons_de_linnocence_retrouvee\/audio\/lestorrentsdefendus_extrait.mp3\" data-type=\"audio\/mpeg\" ><\/div><\/li><li data-artist=\"\" data-title=\"La peau dure\" data-album=\"2nd single extrait de l'album\" data-info=\"\" data-image=\"http:\/\/dahofficial.com\/wordpress\/wp-content\/themes\/dahofficial\/discographie\/les_chansons_de_linnocence_retrouvee\/images\/LaPeauDure_Pochette_200x200.jpg\" data-duration=\"\"><div class=\"amazingaudioplayer-source\" data-src=\"http:\/\/dahofficial.com\/wordpress\/wp-content\/themes\/dahofficial\/discographie\/les_chansons_de_linnocence_retrouvee\/audio\/lapeaudure_extrait.mp3\" data-type=\"audio\/mpeg\" ><\/div><\/li><li data-artist=\"\" data-title=\"Le malentendu\" data-album=\"\" data-info=\"\" data-image=\"http:\/\/dahofficial.com\/wordpress\/wp-content\/themes\/dahofficial\/discographie\/les_chansons_de_linnocence_retrouvee\/images\/LesChansonsDeLInnocenceRetrouvee_Pochette_200x200.jpg\" data-duration=\"\"><div class=\"amazingaudioplayer-source\" data-src=\"http:\/\/dahofficial.com\/wordpress\/wp-content\/themes\/dahofficial\/discographie\/les_chansons_de_linnocence_retrouvee\/audio\/lemalentendu_extrait.mp3\" data-type=\"audio\/mpeg\" ><\/div><\/li><li data-artist=\"\" data-title=\"L'\u00e9trang\u00e8re\" data-album=\"avec Debbie Harry &amp; Nile Rodgers\" data-info=\"\" data-image=\"http:\/\/dahofficial.com\/wordpress\/wp-content\/themes\/dahofficial\/discographie\/les_chansons_de_linnocence_retrouvee\/images\/LesChansonsDeLInnocenceRetrouvee_Pochette_200x200.jpg\" data-duration=\"\"><div class=\"amazingaudioplayer-source\" data-src=\"http:\/\/dahofficial.com\/wordpress\/wp-content\/themes\/dahofficial\/discographie\/les_chansons_de_linnocence_retrouvee\/audio\/letrangere_extrait.mp3\" data-type=\"audio\/mpeg\" ><\/div><\/li><li data-artist=\"\" data-title=\"Un bonheur dangereux\" data-album=\"\" data-info=\"\" data-image=\"http:\/\/dahofficial.com\/wordpress\/wp-content\/themes\/dahofficial\/discographie\/les_chansons_de_linnocence_retrouvee\/images\/LesChansonsDeLInnocenceRetrouvee_Pochette_200x200.jpg\" data-duration=\"\"><div class=\"amazingaudioplayer-source\" data-src=\"http:\/\/dahofficial.com\/wordpress\/wp-content\/themes\/dahofficial\/discographie\/les_chansons_de_linnocence_retrouvee\/audio\/unbonheurdangereux_extrait.mp3\" data-type=\"audio\/mpeg\" ><\/div><\/li><li data-artist=\"\" data-title=\"En surface\" data-album=\"4\u00e8me single extrait de l'album\" data-info=\"\" data-image=\"http:\/\/dahofficial.com\/wordpress\/wp-content\/themes\/dahofficial\/discographie\/les_chansons_de_linnocence_retrouvee\/images\/EnSurface_170x170.jpeg\" data-duration=\"\"><div class=\"amazingaudioplayer-source\" data-src=\"http:\/\/dahofficial.com\/wordpress\/wp-content\/themes\/dahofficial\/discographie\/les_chansons_de_linnocence_retrouvee\/audio\/ensurface_extrait.mp3\" data-type=\"audio\/mpeg\" ><\/div><\/li><li data-artist=\"\" data-title=\"Onze mille vierges\" data-album=\"\" data-info=\"\" data-image=\"http:\/\/dahofficial.com\/wordpress\/wp-content\/themes\/dahofficial\/discographie\/les_chansons_de_linnocence_retrouvee\/images\/LesChansonsDeLInnocenceRetrouvee_Pochette_200x200.jpg\" data-duration=\"\"><div class=\"amazingaudioplayer-source\" data-src=\"http:\/\/dahofficial.com\/wordpress\/wp-content\/themes\/dahofficial\/discographie\/les_chansons_de_linnocence_retrouvee\/audio\/onzemillevierges_extrait.mp3\" data-type=\"audio\/mpeg\" ><\/div><\/li><li data-artist=\"\" data-title=\"Les chansons de l'innocence\" data-album=\"avec Au Revoir Simone &amp; Yan Wagner, 1er single extrait de l'album\" data-info=\"\" data-image=\"http:\/\/dahofficial.com\/wordpress\/wp-content\/themes\/dahofficial\/discographie\/les_chansons_de_linnocence_retrouvee\/images\/LesChansonsDeLInnocence_Pochette_200x200.jpg\" data-duration=\"\"><div class=\"amazingaudioplayer-source\" data-src=\"http:\/\/dahofficial.com\/wordpress\/wp-content\/themes\/dahofficial\/discographie\/les_chansons_de_linnocence_retrouvee\/audio\/leschansonsdelinnocence_extrait.mp3\" data-type=\"audio\/mpeg\" ><\/div><\/li><li data-artist=\"\" data-title=\"L'homme qui marche  (Visconti's Dub)\" data-album=\"\" data-info=\"\" data-image=\"http:\/\/dahofficial.com\/wordpress\/wp-content\/themes\/dahofficial\/discographie\/les_chansons_de_linnocence_retrouvee\/images\/LesChansonsDeLInnocenceRetrouvee_Pochette_200x200.jpg\" data-duration=\"\"><div class=\"amazingaudioplayer-source\" data-src=\"http:\/\/dahofficial.com\/wordpress\/wp-content\/themes\/dahofficial\/discographie\/les_chansons_de_linnocence_retrouvee\/audio\/lhommequimarche_visconti_extrait.mp3\" data-type=\"audio\/mpeg\" ><\/div><\/li><li data-artist=\"\" data-title=\"L'\u00e9trang\u00e8re (Angela's Visions)\" data-album=\"avec Debbie Harry &amp; Nile Rodgers\" data-info=\"\" data-image=\"http:\/\/dahofficial.com\/wordpress\/wp-content\/themes\/dahofficial\/discographie\/les_chansons_de_linnocence_retrouvee\/images\/LesChansonsDeLInnocenceRetrouvee_Pochette_200x200.jpg\" data-duration=\"\"><div class=\"amazingaudioplayer-source\" data-src=\"http:\/\/dahofficial.com\/wordpress\/wp-content\/themes\/dahofficial\/discographie\/les_chansons_de_linnocence_retrouvee\/audio\/letrangere_angela_extrait.mp3\" data-type=\"audio\/mpeg\" ><\/div><\/li><li data-artist=\"\" data-title=\"Bleu Gitanes (Outtake)\" data-album=\"\" data-info=\"\" data-image=\"http:\/\/dahofficial.com\/wordpress\/wp-content\/themes\/dahofficial\/discographie\/les_chansons_de_linnocence_retrouvee\/images\/LesChansonsDeLInnocenceRetrouvee_Pochette_200x200.jpg\" data-duration=\"\"><div class=\"amazingaudioplayer-source\" data-src=\"http:\/\/dahofficial.com\/wordpress\/wp-content\/themes\/dahofficial\/discographie\/les_chansons_de_linnocence_retrouvee\/audio\/bleugitane_extrait.mp3\" data-type=\"audio\/mpeg\" ><\/div><\/li><li data-artist=\"\" data-title=\"En surface (en duo avec Dominique A)\" data-album=\"\" data-info=\"\" data-image=\"http:\/\/dahofficial.com\/wordpress\/wp-content\/themes\/dahofficial\/discographie\/les_chansons_de_linnocence_retrouvee\/images\/LesChansonsDeLInnocenceRetrouvee_Pochette_200x200.jpg\" data-duration=\"\"><div class=\"amazingaudioplayer-source\" data-src=\"http:\/\/dahofficial.com\/wordpress\/wp-content\/themes\/dahofficial\/discographie\/les_chansons_de_linnocence_retrouvee\/audio\/ensurface_duodominique_extrait.mp3\" data-type=\"audio\/mpeg\" ><\/div><\/li><li data-artist=\"\" data-title=\"Les lueurs matinales (en duo avec  Fr\u00e0n\u00e7ois Marry)\" data-album=\"\" data-info=\"\" data-image=\"http:\/\/dahofficial.com\/wordpress\/wp-content\/themes\/dahofficial\/discographie\/les_chansons_de_linnocence_retrouvee\/images\/LesChansonsDeLInnocenceRetrouvee_Pochette_200x200.jpg\" data-duration=\"\"><div class=\"amazingaudioplayer-source\" data-src=\"http:\/\/dahofficial.com\/wordpress\/wp-content\/themes\/dahofficial\/discographie\/les_chansons_de_linnocence_retrouvee\/audio\/leslueursmatinales_duofrancois_extrait.mp3\" data-type=\"audio\/mpeg\" ><\/div><\/li><li data-artist=\"\" data-title=\"Les chansons de l'innocence  (Disk\u00f6noir extended)\" data-album=\"\" data-info=\"\" data-image=\"http:\/\/dahofficial.com\/wordpress\/wp-content\/themes\/dahofficial\/discographie\/les_chansons_de_linnocence_retrouvee\/images\/LesChansonsDeLInnocenceRetrouvee_Pochette_200x200.jpg\" data-duration=\"\"><div class=\"amazingaudioplayer-source\" data-src=\"http:\/\/dahofficial.com\/wordpress\/wp-content\/themes\/dahofficial\/discographie\/les_chansons_de_linnocence_retrouvee\/audio\/leschansonsdelinnocence_diskonoir_extrait.mp3\" data-type=\"audio\/mpeg\" ><\/div><\/li><\/ul><\/div><script>function wonderaudio_2_appendcss(csscode) {var head=document.head || document.getElementsByTagName(\"head\")[0];var style=document.createElement(\"style\");head.appendChild(style);style.type=\"text\/css\";if (style.styleSheet){style.styleSheet.cssText=csscode;} else {style.appendChild(document.createTextNode(csscode));}};wonderaudio_2_appendcss(\"@import url(https:\/\/fonts.googleapis.com\/css?family=Open+Sans|Oswald);  #wonderpluginaudio-2 { \tbox-sizing: content-box; }  #wonderpluginaudio-2 div { \t-webkit-box-sizing: content-box; \t-moz-box-sizing: content-box; \tbox-sizing: content-box;    }  #wonderpluginaudio-2 .amazingaudioplayer-image { \tdisplay: block; \tposition: relative; \tfloat: left; \tmargin: 4px; \toverflow: hidden; \t-webkit-box-shadow: 0 8px 6px -6px black; \t-moz-box-shadow: 0 8px 6px -6px black; \tbox-shadow: 0 8px 6px -6px black; \t-webkit-border-radius: 4px;     \t-moz-border-radius: 4px;     \tborder-radius: 4px; }  #wonderpluginaudio-2 .amazingaudioplayer-image img { \tdisplay: inline-block; \tmargin: 0; \tpadding: 0; \t-webkit-border-radius: 4px;     \t-moz-border-radius: 4px;     \tborder-radius: 4px; }  #wonderpluginaudio-2 .amazingaudioplayer-image-clear { }  #wonderpluginaudio-2 .amazingaudioplayer-text { \tdisplay: block; \tposition: relative; \ttext-align: left; \toverflow: hidden; \tpadding: 4px; \theight: 62px; }  #wonderpluginaudio-2 .amazingaudioplayer-text-clear { }  #wonderpluginaudio-2 .amazingaudioplayer-title { \tdisplay: block; \tcolor: #333; \tfont-family: \\\"Oswald\\\",Arial,sans-serif; \tfont-size: 12px; \tfont-weight: bold; }  #wonderpluginaudio-2 .amazingaudioplayer-title-clear { }  #wonderpluginaudio-2 .amazingaudioplayer-info { \tdisplay: block; \tcolor: #666; \tfont-family: Arial, sans-serif; \tfont-size: 12px; \tfont-style: italic; }  #wonderpluginaudio-2 .amazingaudioplayer-info-clear { }  #wonderpluginaudio-2 .amazingaudioplayer-bar { \tposition: relative; \twidth: 440px; \tfloat: left; \tbackground-color: #333; \tmargin: 6px 4px; \tborder: 1px solid #222; \t-webkit-border-radius: 2px; \t-moz-border-radius: 2px; \tborder-radius: 2px; \t-webkit-box-shadow: inset 0 1px 0 rgba( 255, 255, 255, 0.15 ), 0 0 3px rgba( 0, 0, 0, 0.5 ); \t-moz-box-shadow: inset 0 1px 0 rgba( 255, 255, 255, 0.15 ), 0 0 3px rgba( 0, 0, 0, 0.5 ); \tbox-shadow: inset 0 1px 0 rgba( 255, 255, 255, 0.15 ), 0 0 3px rgba( 0, 0, 0, 0.5 ); \tbackground-image: -ms-linear-gradient(top, #444444 0%, #222222 100%); \tbackground-image: -moz-linear-gradient(top, #444444 0%, #222222 100%); \tbackground-image: -o-linear-gradient(top, #444444 0%, #222222 100%); \tbackground-image: -webkit-gradient(linear, left top, left bottom, color-stop(0, #444444), color-stop(1, #222222)); \tbackground-image: -webkit-linear-gradient(top, #444444 0%, #222222 100%);  \tbackground-image: linear-gradient(to bottom, #444444 0%, #222222 100%); }  #wonderpluginaudio-2 .amazingaudioplayer-bar-buttons-clear { \tclear: both; }  #wonderpluginaudio-2 .amazingaudioplayer-bar-clear { \tclear: both; }  #wonderpluginaudio-2 .amazingaudioplayer-bar-title { \tposition: relative; \tfloat: left; \tcolor: #eee; \tfont-family: \\\"Open Sans\\\", sans-serif; \tfont-size: 12px; \tline-height: 24px; \tmargin: 0 8px; }  #wonderpluginaudio-2 .amazingaudioplayer-playpause { \tposition: relative; \tfloat: left; }  #wonderpluginaudio-2 .amazingaudioplayer-play { \tposition: relative; }  #wonderpluginaudio-2 .amazingaudioplayer-pause { \tposition: relative; }  #wonderpluginaudio-2 .amazingaudioplayer-stop { \tposition: relative; \tfloat: left; }  #wonderpluginaudio-2 .amazingaudioplayer-prev { \tposition: relative; \tfloat: left; }  #wonderpluginaudio-2 .amazingaudioplayer-next { \tposition: relative; \tfloat: left; }  #wonderpluginaudio-2 .amazingaudioplayer-loop { \tposition: relative; \tfloat: left; \tmargin: 0 2px; }  #wonderpluginaudio-2 .amazingaudioplayer-progress { \tposition: relative; \tbackground-color: #222; \t-webkit-box-shadow: -1px -1px 0 rgba( 0, 0, 0, 0.5 ), 1px 1px 0 rgba( 255, 255, 255, 0.1 ); \t-moz-box-shadow: -1px -1px 0 rgba( 0, 0, 0, 0.5 ), 1px 1px 0 rgba( 255, 255, 255, 0.1 ); \tbox-shadow: -1px -1px 0 rgba( 0, 0, 0, 0.5 ), 1px 1px 0 rgba( 255, 255, 255, 0.1 ); \tmargin: 8px 4px; \t-webkit-border-radius: 4px; \t-moz-border-radius: 4px; \tborder-radius: 4px; }  #wonderpluginaudio-2 .amazingaudioplayer-progress-loaded { \tbackground-color: #444; \t-webkit-border-radius: 4px; \t-moz-border-radius: 4px; \tborder-radius: 4px; }  #wonderpluginaudio-2 .amazingaudioplayer-progress-played { \t-webkit-border-radius: 4px; \t-moz-border-radius: 4px; \tborder-radius: 4px; \tbackground-color: #dddddd; \tbackground-image: -ms-linear-gradient(top, #dddddd 0%, #dddddd 100%); \tbackground-image: -moz-linear-gradient(top, #dddddd 0%, #dddddd 100%); \tbackground-image: -o-linear-gradient(top, #dddddd 0%, #dddddd 100%); \tbackground-image: -webkit-gradient(linear, left top, left bottom, color-stop(0, #dddddd), color-stop(1, #dddddd)); \tbackground-image: -webkit-linear-gradient(top, #dddddd 0%, #dddddd 100%);  \tbackground-image: linear-gradient(to bottom, #dddddd 0%, #dddddd 100%); }  #wonderpluginaudio-2 .amazingaudioplayer-time { \tposition: relative; \tfloat: right; \tcolor: #fff; \tfont-family: \\\"Open Sans\\\", sans-serif; \tfont-size: 12px; \ttext-shadow: 1px 1px 0 #000; \tline-height: 24px; \tmargin: 0 4px; }  #wonderpluginaudio-2 .amazingaudioplayer-volume { \tposition: relative; \tfloat: right; }  #wonderpluginaudio-2 .amazingaudioplayer-volume-bar { \tbackground-color: #333; \tborder: 1px solid #222; \t-webkit-border-radius: 4px; \t-moz-border-radius: 4px; \tborder-radius: 4px; \t-webkit-box-shadow: inset 0 1px 0 rgba( 255, 255, 255, 0.15 ), 0 0 3px rgba( 0, 0, 0, 0.5 ); \t-moz-box-shadow: inset 0 1px 0 rgba( 255, 255, 255, 0.15 ), 0 0 3px rgba( 0, 0, 0, 0.5 ); \tbox-shadow: inset 0 1px 0 rgba( 255, 255, 255, 0.15 ), 0 0 3px rgba( 0, 0, 0, 0.5 ); \tbackground-image: -ms-linear-gradient(top, #444444 0%, #111111 100%); \tbackground-image: -moz-linear-gradient(top, #444444 0%, #111111 100%); \tbackground-image: -o-linear-gradient(top, #444444 0%, #111111 100%); \tbackground-image: -webkit-gradient(linear, left top, left bottom, color-stop(0, #444444), color-stop(1, #111111)); \tbackground-image: -webkit-linear-gradient(top, #444444 0%, #111111 100%); \tbackground-image: linear-gradient(to bottom, #444444 0%, #111111 100%); }  #wonderpluginaudio-2 .amazingaudioplayer-volume-bar-adjust { \tbackground-color: #222; \t-webkit-box-shadow: -1px -1px 0 rgba( 0, 0, 0, 0.5 ), 1px 1px 0 rgba( 255, 255, 255, 0.1 ); \t-moz-box-shadow: -1px -1px 0 rgba( 0, 0, 0, 0.5 ), 1px 1px 0 rgba( 255, 255, 255, 0.1 ); \tbox-shadow: -1px -1px 0 rgba( 0, 0, 0, 0.5 ), 1px 1px 0 rgba( 255, 255, 255, 0.1 ); }  #wonderpluginaudio-2 .amazingaudioplayer-volume-bar-adjust-active { \tbackground-color: #dddddd; \t-webkit-box-shadow: inset 0 0 5px rgba( 255, 255, 255, 0.5 ); \t-moz-box-shadow: inset 0 0 5px rgba( 255, 255, 255, 0.5 ); \tbox-shadow: inset 0 0 5px rgba( 255, 255, 255, 0.5 ); }  #wonderpluginaudio-2 .amazingaudioplayer-tracklist { \tdisplay: block; \tposition: relative; }  #wonderpluginaudio-2 .amazingaudioplayer-tracklist-container { \tdisplay: block; \tposition: relative; \tbackground-color: #AAA; \tborder: 1px solid #BBB; \t-webkit-border-radius: 2px;     -moz-border-radius: 2px;     border-radius: 2px; \tmargin: 4px; \tpadding: 12px 12px 16px; \t-webkit-box-shadow: inset 0 1px 0 rgba( 255, 255, 255, 0.15 ), 0 0 3px rgba( 0, 0, 0, 0.5 ); \t-moz-box-shadow: inset 0 1px 0 rgba( 255, 255, 255, 0.15 ), 0 0 3px rgba( 0, 0, 0, 0.5 ); \tbox-shadow: inset 0 1px 0 rgba( 255, 255, 255, 0.15 ), 0 0 3px rgba( 0, 0, 0, 0.5 ); \tbackground-image: -ms-linear-gradient(top, #AAAAAA 0%, #BBBBBB 100%); \tbackground-image: -moz-linear-gradient(top, #AAAAAA 0%, #BBBBBB 100%); \tbackground-image: -o-linear-gradient(top, #AAAAAA 0%, #BBBBBB 100%); \tbackground-image: -webkit-gradient(linear, left top, left bottom, color-stop(0, #AAAAAA), color-stop(1, #BBBBBB)); \tbackground-image: -webkit-linear-gradient(top, #AAAAAA 0%, #BBBBBB 100%); \tbackground-image: linear-gradient(to bottom, #AAAAAA 0%, #BBBBBB 100%); }  #wonderpluginaudio-2 .amazingaudioplayer-tracks-wrapper { \tposition: relative; }  #wonderpluginaudio-2 .amazingaudioplayer-tracks { \tposition: relative; \tlist-style-type: none; \tmargin: 0; \tpadding: 0; }  #wonderpluginaudio-2 .amazingaudioplayer-track-item { \tposition: relative; \tcursor: pointer; \tcolor: #111; \tfont-family: \\\"Open Sans\\\", Arial, sans-serif; \tfont-size: 11px; \ttext-shadow: 0 1px 1px rgba(0, 0, 0, 0.2); \tline-height: 20px; \tmargin: 0; \tpadding: 0; \ttext-align: left; }  #wonderpluginaudio-2 .amazingaudioplayer-track-item-active { \tcursor: pointer; \tcolor: #fff; }  #wonderpluginaudio-2 .amazingaudioplayer-track-item a { \tcolor: #999;     text-decoration: none; }  #wonderpluginaudio-2 .amazingaudioplayer-track-item-active a { \tcolor: #fff;     text-decoration: none; }  #wonderpluginaudio-2 .amazingaudioplayer-track-item-duration { \tposition: absolute; \ttop: 0; \tright: 0; }  #wonderpluginaudio-2 .amazingaudioplayer-tracklist-arrow-prev { \tposition: absolute; \tbottom: 2px; \tleft: 50%; \tmargin-left: -64px; }  #wonderpluginaudio-2 .amazingaudioplayer-tracklist-arrow-next { \tposition: absolute; \tbottom: 2px; \tleft: 50%; \tmargin-left: 16px; }  #wonderpluginaudio-2 .amazingaudioplayer-tracklist-clear { \tclear: both; } #wonderpluginaudio-2 .amazingaudioplayer-item-id {float: left; margin: 0 8px 0 0;}  #wonderpluginaudio-2 .amazingaudioplayer-item-info {float: right;}  #wonderpluginaudio-2 .amazingaudioplayer-item-title { \toverflow: hidden; } #wonderpluginaudio-2 .amazingaudioplayer-track-item:before, #wonderpluginaudio-2 .amazingaudioplayer-track-item:after {display: none;} #wonderpluginaudio-2 ul, #wonderpluginaudio-2 li { list-style-type: none;}\");<\/script><iframe loading=\"lazy\" src=\"https:\/\/dahofficial.com\/wordpress\/wp-content\/themes\/dahofficial\/discographie\/players\/innocenceretrouvee2.html\" width=\"560\" height=\"60\" scrolling=\"no\" frameborder=\"0\" allowtransparency=\"true\" style=\"border:none;overflow:hidden;border\/*\\**\/:none\\9;background-color\/*\\**\/:transparent\\9;overflow\/*\\**\/:hidden\\9;\"><\/iframe><\/p>\n<\/div>\n<p><!-- d\u00e9but CLIPS 5 --><\/p>\n<div id=\"clip\">\n<p>&nbsp;<\/p>\n<p><a style=\"border: none;\" name=\"clip\"><\/a><img loading=\"lazy\" decoding=\"async\" style=\"border: none;\" src=\"https:\/\/dahofficial.com\/wordpress\/wp-content\/themes\/dahofficial\/images\/clips.png\" alt=\"\" width=\"561\" height=\"36\" border=\"0\"><br \/>\n&nbsp;<br \/>\n<iframe loading=\"lazy\" width=\"560\" height=\"315\" src=\"https:\/\/www.youtube.com\/embed\/3mRYAKUcPDQ\" title=\"YouTube video player\" frameborder=\"0\" allow=\"accelerometer; autoplay; clipboard-write; encrypted-media; gyroscope; picture-in-picture\" allowfullscreen=\"\"><\/iframe><br \/>\n<strong>Les chansons de l&rsquo;innocence &#8211; R\u00e9alisation Jack Barraclough<\/strong><br \/>\n&nbsp;<br \/>\n<iframe loading=\"lazy\" width=\"560\" height=\"315\" src=\"https:\/\/www.youtube.com\/embed\/yhLgLo8hXzM\" title=\"YouTube video player\" frameborder=\"0\" allow=\"accelerometer; autoplay; clipboard-write; encrypted-media; gyroscope; picture-in-picture\" allowfullscreen=\"\"><\/iframe><br \/>\n<strong>La peau dure (lyrics)<\/strong><br \/>\n&nbsp;<br \/>\n<iframe loading=\"lazy\" width=\"560\" height=\"315\" src=\"https:\/\/www.youtube.com\/embed\/g9DBLGWrEAY\" title=\"YouTube video player\" frameborder=\"0\" allow=\"accelerometer; autoplay; clipboard-write; encrypted-media; gyroscope; picture-in-picture\" allowfullscreen=\"\"><\/iframe><br \/>\n<strong>La peau dure &#8211; R\u00e9alisation Fanny Latour Lambert<\/strong><br \/>\n&nbsp;<br \/>\n<iframe loading=\"lazy\" width=\"560\" height=\"315\" src=\"https:\/\/www.youtube.com\/embed\/8JNZLjXJJ0E\" title=\"YouTube video player\" frameborder=\"0\" allow=\"accelerometer; autoplay; clipboard-write; encrypted-media; gyroscope; picture-in-picture\" allowfullscreen=\"\"><\/iframe><br \/>\n<strong>L&rsquo;homme qui marche (lyrics)<\/strong><br \/>\n&nbsp;<br \/>\n<iframe loading=\"lazy\" width=\"560\" height=\"315\" src=\"https:\/\/www.youtube.com\/embed\/jWny-jK9lbk\" title=\"YouTube video player\" frameborder=\"0\" allow=\"accelerometer; autoplay; clipboard-write; encrypted-media; gyroscope; picture-in-picture\" allowfullscreen=\"\"><\/iframe><br \/>\n<strong>En surface &#8211; R\u00e9alisation Antoine Carlier<\/strong><br \/>\n&nbsp;<br \/>\n<iframe loading=\"lazy\" width=\"560\" height=\"315\" src=\"https:\/\/www.youtube.com\/embed\/2snIzObwKgs\" title=\"YouTube video player\" frameborder=\"0\" allow=\"accelerometer; autoplay; clipboard-write; encrypted-media; gyroscope; picture-in-picture\" allowfullscreen=\"\"><\/iframe><br \/>\n<strong>En surface (Rone remix) &#8211; R\u00e9alisation Antoine Carlier<\/strong><br \/>\n&nbsp;<br \/>\n<iframe loading=\"lazy\" width=\"560\" height=\"315\" src=\"https:\/\/www.youtube.com\/embed\/bphgI00aE1g\" title=\"YouTube video player\" frameborder=\"0\" allow=\"accelerometer; autoplay; clipboard-write; encrypted-media; gyroscope; picture-in-picture\" allowfullscreen=\"\"><\/iframe><br \/>\n<strong>Soleil de minuit &#8211; (Live, vid\u00e9o diaporama) &#8211; Photographies Pierre Ren\u00e9-Worms<\/strong><br \/>\n&nbsp;<br \/>\n<iframe loading=\"lazy\" width=\"560\" height=\"315\" src=\"https:\/\/www.youtube.com\/embed\/PayEao_VVt4\" title=\"YouTube video player\" frameborder=\"0\" allow=\"accelerometer; autoplay; clipboard-write; encrypted-media; gyroscope; picture-in-picture\" allowfullscreen=\"\"><\/iframe><br \/>\n<strong>L&rsquo;invitation &#8211; (Live, vid\u00e9o diaporama) &#8211; Photographies Pierre Ren\u00e9-Worms<\/strong><br \/>\n&nbsp;<br \/>\n<iframe loading=\"lazy\" width=\"560\" height=\"315\" src=\"https:\/\/www.youtube.com\/embed\/IkwYaclIa-g\" title=\"YouTube video player\" frameborder=\"0\" allow=\"accelerometer; autoplay; clipboard-write; encrypted-media; gyroscope; picture-in-picture\" allowfullscreen=\"\"><\/iframe><br \/>\n<strong>Paris sens interdit &#8211; R\u00e9alisation Antoine Carlier.<\/strong><\/p>\n<\/div>\n<p><!-- double liseret gris --><\/p>\n<p><img loading=\"lazy\" decoding=\"async\" style=\"border: none;\" src=\"https:\/\/dahofficial.com\/wordpress\/wp-content\/themes\/dahofficial\/images\/ttr_bio_page.gif\" border=\"0\" alt=\"\" width=\"560\" height=\"34\"><\/p>\n<p><!-- d\u00e9but AUTOUR DE L'ALBUM 6 --><\/p>\n<p><!-- d\u00e9but accord\u00e9on autour de l'album 6 --><\/p>\n<div id=\"accordion_reg\" style=\"background-color: transparent;\">\n<div id=\"accordion_wrap\">\n<p><!-- d\u00e9but accord\u00e9on 6 --><\/p>\n<dl class=\"accordion\"><!-- d\u00e9but 6 --><\/p>\n<dt class=\"accordion_toggler_1\" style=\"background-color: transparent; height: 34px; border: medium none;\"><a style=\"border: none;\" name=\"texte\"><img loading=\"lazy\" decoding=\"async\" style=\"border: none;\" src=\"https:\/\/dahofficial.com\/wordpress\/wp-content\/themes\/dahofficial\/images\/autour.png\" border=\"0\" alt=\"\" width=\"561\" height=\"36\"><\/a><\/dt>\n<p>&nbsp;<\/p>\n<p>Dates importantes, Concerts, Tourn\u00e9e, Affiches, Participation, Reprise, &#8230;.<\/p>\n<p>&nbsp;<\/p>\n<dd class=\"accordion_content accordion_content_1\">\n<dl>&nbsp;<\/p>\n<p><u>Dates importantes : <\/u><br \/>\n<strong>10 juin 2013,<\/strong> Sortie de <a class=\"example7 cboxElement\" href=\"https:\/\/dahofficial.com\/wordpress\/wp-content\/themes\/dahofficial\/discographie\/les_chansons_de_linnocence_retrouvee\/images\/20130607_LesChansonsDeLInnocence_Pochette_560x560.jpg\"> Les chansons de l&rsquo;innocence<\/a>, premier extrait de l&rsquo;album  \u00ab Les chansons de l&rsquo;innocence retrouv\u00e9e \u00bb . Polydor annonce sa future tourn\u00e9e la <a class=\"example7 cboxElement\" href=\"https:\/\/dahofficial.com\/wordpress\/wp-content\/themes\/dahofficial\/discographie\/les_chansons_de_linnocence_retrouvee\/images\/20140000_DiskonoirTour_Affiche05_390x585.jpg\"> DISK\u00d6NOIR TOUR<\/a> pour 2014 produite par TS3.<\/p>\n<p><strong>22 ao\u00fbt 2013,<\/strong> Etienne annonce le d\u00e9calage au 18 novembre 2013 de la sortie de son album, pr\u00e9vu initialement au 7 octobre 2013, du \u00e0 des complications m\u00e9dicales. <a href=\"https:\/\/dahofficial.com\/wordpress\/2013\/08\/etienne\/\" target=\"_blank\" rel=\"noopener noreferrer\"> Message d&rsquo;Etienne<\/a>.<\/p>\n<p><strong>9 septembre 2013,<\/strong> Sortie du deuxi\u00e8me single  \u00ab La peau dure \u00bb  de l&rsquo;album  \u00ab Les chansons de l&rsquo;innocence retrouv\u00e9e \u00bb ,<a class=\"example7 cboxElement\" href=\"https:\/\/dahofficial.com\/wordpress\/wp-content\/themes\/dahofficial\/discographie\/les_chansons_de_linnocence_retrouvee\/images\/20130903_LaPeauDure_Pochette_560x560.jpg\"> la pochette ici  <\/a> avec une sortie clip en <a href=\"http:\/\/po.st\/LaPeauDureVideo\" target=\"_blank\" rel=\"noopener noreferrer\"> <em>Video lyrics<\/em><\/a>.<\/p>\n<p><strong>28 octobre 2013, <\/strong> Etienne annonce le d\u00e9calage de la tourn\u00e9e 2014 suite \u00e0 l&rsquo;obligation d&rsquo;assurer la longue convalescence n\u00e9cessaire, <a href=\"https:\/\/dahofficial.com\/wordpress\/2013\/10\/communique-tournee\/\" target=\"_blank\" rel=\"noopener noreferrer\"> communiqu\u00e9 ici<\/a>.<\/p>\n<p><strong>28 octobre 2013, <\/strong> Sortie du clip  \u00ab La peau dure \u00bb ,<a href=\"https:\/\/dahofficial.com\/wordpress\/2013\/10\/clip-la-peau-dure\/\" target=\"_blank\" rel=\"noopener noreferrer\"> \u00e0 voir ici<\/a>.<\/p>\n<p><strong>18 novembre 2013, <\/strong> Sortie de l&rsquo;album  \u00ab Les chansons de l&rsquo;innocence retrouv\u00e9e \u00bb<\/p>\n<p><strong>23 novembre 2013, <\/strong> Etienne re\u00e7oit le  \u00ab Grand prix de la Chanson Fran\u00e7aise \u00bb  par la Sacem pour l&rsquo;ensemble de sa carri\u00e8re et de son \u0153uvre<\/p>\n<p><strong>28 novembre 2013, <\/strong> Sortie du deuxi\u00e8me livre de Beno\u00eet Cachin sur Etienne  \u00ab Dahodisco \u00bb<\/p>\n<p><strong>d\u00e9but d\u00e9cembre 2013, <\/strong> L&rsquo;album  \u00ab Les chansons de l&rsquo;innocence retrouv\u00e9e \u00bb  est certifi\u00e9  \u00ab Disque d&rsquo;Or \u00bb .<\/p>\n<p><strong>15 janvier 2014, <\/strong> Etienne est nomm\u00e9 pour les victoires de la musique dans 2 cat\u00e9gories :  \u00ab Artiste interpr\u00e8te masculin \u00bb  et  \u00ab Album de chansons \u00bb<\/p>\n<p><strong>13 f\u00e9vrier 2014, <\/strong> Etienne est certifi\u00e9 et re\u00e7oit son disque de Platine pour  \u00ab Les chansons de l&rsquo;innocence retrouv\u00e9e \u00bb<\/p>\n<p><strong>25 f\u00e9vrier 2014,<\/strong> Remix par Etienne d&rsquo;un titre de  \u00ab Au revoir Simone \u00bb  intitul\u00e9  \u00ab More than \u00bb<\/p>\n<p><strong>1 avril 2014, <\/strong> Sortie de l&rsquo;album Deluxe  \u00ab La notte, la notte&#8230; \u00bb .<\/p>\n<p><strong>7 avril 2014, <\/strong> Sortie de  \u00ab L&rsquo;homme qui marche \u00bb  qui devient ainsi le 3\u00e8me extrait de l&rsquo;album  \u00ab Les chansons de l&rsquo;innocence retrouv\u00e9e \u00bb .<\/p>\n<p><strong>19 au 24 avril 2014, <\/strong>  \u00ab Disquaire Day \u00bb , \u00e0 cette occasion, un vinyle transparent vert est \u00e9dit\u00e9 en tirage limit\u00e9 de  \u00ab L&rsquo;homme qui marche \u00bb .<\/p>\n<p><strong>28 avril 2014, <\/strong> Sortie du 4\u00e8me extrait de l&rsquo;album  \u00ab En surface \u00bb .<\/p>\n<p><strong>6 juin 2014, <\/strong> Sortie d&rsquo;un remix de  \u00ab En surface \u00bb  par Rone.<\/p>\n<p><strong>1 au 8 juillet 2014, <\/strong> Festival Days Off,  \u00ab Une jeunesse moderne \u00bb .<\/p>\n<p><strong>11 au 20 juillet 2014, <\/strong> Festivals d&rsquo;\u00e9t\u00e9, 6 dates en France.<\/p>\n<p><strong>25 septembre au 20 d\u00e9cembre 2014, <\/strong> D\u00e9but de la tourn\u00e9  \u00ab Disk\u00f6noir Tour \u00bb . Elle traverse toute la France et passe par la Belgique, Londres, la Suisse et l&rsquo;Olympia \u00e0 Paris. Elle se cl\u00f4ture le 20 d\u00e9cembre par Rennes.<\/p>\n<p><strong>24 novembre 2014, <\/strong> Sortie de l&rsquo;album live  \u00ab Disk\u00f6noir \u00bb , enregistr\u00e9 lors du concert du 5 juillet 2014 \u00e0 la Cit\u00e9 de la musique et des extraits du concert de Pleyel du 8 juillet 2014<\/p>\n<p><strong>1 d\u00e9cembre 2014, <\/strong> Sortie de la vid\u00e9o du titre  \u00ab L&rsquo;invitation \u00bb  (live) sur un diaporama de photos de la tourn\u00e9e prises par Pierre Ren\u00e9-Worms<\/p>\n<p><strong>8 d\u00e9cembre 2014, <\/strong> Sortie du 45T vinyle du single  \u00ab Soleil de minuit \u00bb  et parution d&rsquo;une  vid\u00e9o \u00e9galement avec un diaporama de photos prises par Pierre Ren\u00e9-Worms pendant la tourn\u00e9e<\/p>\n<p><strong>20 d\u00e9cembre 2014, <\/strong> Derni\u00e8re date de la tourn\u00e9e  \u00ab Disk\u00f6noir Tour \u00bb  \u00e0 Rennes. Etienne sur sc\u00e8ne reprend dans un inoubliable grand moment le titre  \u00ab Chelsea Girls \u00bb  avec Philippe Pascal en duo.<\/p>\n<p><strong>9 f\u00e9vrier 2015, <\/strong> Sortie de l&rsquo;album  \u00ab Creatures \u00bb  de Rone o\u00f9 Etienne interpr\u00e8te le titre <a href=\"https:\/\/www.youtube.com\/watch?v=3yE84o9FZzs\" target=\"_blank\" rel=\"noopener noreferrer\">Mortelle<\/a>.<\/p>\n<p><strong>9 mars 2015, <\/strong> Sortie de l&rsquo;album Tribute <a href=\"https:\/\/www.youtube.com\/watch?v=MLzwh2j5ZJE\" target=\"_blank\" rel=\"noopener noreferrer\"> Pistes Noires <\/a> chez BOREDOMproduct, un hommage electronique-pop \u00e0 Etienne Daho.<\/p>\n<p><strong>4 juillet au 29 ao\u00fbt 2015, <\/strong> Festivals d&rsquo;\u00e9t\u00e9, 11 dates en France, Suisse et Belgique<\/p>\n<p><strong>21 octobre 2015, <\/strong> Sortie de la BD  \u00ab L&rsquo;homme qui chante \u00bb  aux \u00e9ditions Delcourt. Le dessinateur Alfred et l\u2019auteur David Chauvel ont suivi Etienne depuis la confection des maquettes du dernier album  \u00ab Les chansons de l\u2019Innocence retrouv\u00e9e \u00bb  jusqu\u2019\u00e0 la fin du  \u00ab Disk\u00f6noir Tour \u00bb . <a href=\"https:\/\/dahofficial.com\/wordpress\/2015\/10\/lhomme-qui-chante\/\" target=\"_blank\" rel=\"noopener noreferrer\"> A d\u00e9couvrir ici par la news du site<\/a>. Cet album original retrace deux ans de la vie de cet album et p\u00e9n\u00e8tre dans l\u2019intimit\u00e9 de l\u2019artiste et de sa cr\u00e9ation.<\/p>\n<p><strong>6 novembre 2015, <\/strong> Sortie du Best Of  \u00ab L&rsquo;homme qui marche \u00bb  (double cd et dvd  \u00ab Etienne Daho, un itin\u00e9raire pop moderne \u00bb  et des singles  \u00ab La ville \u00bb  (duo Daniel Darc &amp; Etienne Daho, vinyle blanc en \u00e9dition limit\u00e9e, label Pias) et  \u00ab Paris sens interdits \u00bb  (r\u00e9alis\u00e9 par Johnny Hostile et mix\u00e9 par Tony Visconti, vinyle transparent).<\/p>\n<p><strong>11 mars 2016, <\/strong> Sortie de l&rsquo;album des Nus o\u00f9 Etienne participe et a produit le titre  \u00ab Les ann\u00e9es Reagan \u00bb  <a href=\"https:\/\/soundcloud.com\/user-645839067\/les-nus-les-annees-reagan\/s-HMoXB\" target=\"_blank\" rel=\"noopener noreferrer\"> A \u00e9couter ici<\/a>.<\/p>\n<p><strong>3 avril 2016, <\/strong> Etienne est l&rsquo;un des invit\u00e9s de John Cale pour reprendre le titre  \u00ab I&rsquo;ll be your mirror \u00bb  du premier album mythique du Velvet Underground, \u00e0 la Philharmonie de Paris, lors d&rsquo;un concert exceptionnel intitul\u00e9 lui aussi  \u00ab The Velvet Underground and Nico \u00bb . <a href=\"https:\/\/dahofficial.com\/wordpress\/2016\/06\/john-cale-presente-the-velvet-underground-nico-avec-etienne-sur-scene\/\" target=\"_blank\" rel=\"noopener noreferrer\"> D\u00e9tail ici<\/a>.<\/p>\n<p><strong>22 au 24 juillet 2016, <\/strong> Midi Festival, Etienne est le pr\u00e9sident de l\u2019\u00e9dition du MIDI Festival qui se d\u00e9roule \u00e0 Hy\u00e8res, French Riviera\u2026   <a href=\"https:\/\/dahofficial.com\/wordpress\/2016\/08\/etienne-photographe-au-midi-festival\/\" target=\"_blank\" rel=\"noopener noreferrer\"> A cette occasion Etienne a photographi\u00e9 les artistes invit\u00e9s<\/a>.<\/p>\n<p><strong>23 septembre 2016, <\/strong> Sortie du single de Dani  \u00ab Etoiles et revers (ce n&rsquo;est rien) \u00bb . Titre r\u00e9alis\u00e9 et \u00e9crit par Etienne.<a href=\"https:\/\/youtu.be\/myIpEu96u48\" target=\"_blank\" rel=\"noopener noreferrer\"> Clip ici<\/a>.<\/p>\n<p><strong>14 octobre 2016, <\/strong> Sortie de l&rsquo;album de Dani  \u00ab La nuit ne dure pas \u00bb  avec comme 1er single  \u00ab Etoiles et revers (ce n&rsquo;est rien) \u00bb , r\u00e9alis\u00e9 et \u00e9crit par Etienne.<\/p>\n<p><strong>18 novembre 2016, <\/strong> Sortie des albums Deluxe Remastered Collection <a href=\"https:\/\/dahofficial.com\/wordpress\/2016\/10\/pour-nos-vies-martiennes-deluxe-remastered-1987-1990\/\" target=\"_blank\" rel=\"noopener noreferrer\">  \u00ab Pour nos vies martiennes \u00bb <\/a> (1987-1990), <a href=\"https:\/\/dahofficial.com\/wordpress\/2016\/11\/paris-ailleurs-deluxe-remastered-1990-1995\/\" target=\"_blank\" rel=\"noopener noreferrer\">  \u00ab Paris ailleurs \u00bb <\/a> (1990-1995) et <a href=\"https:\/\/dahofficial.com\/wordpress\/2016\/11\/le-condamne-a-mort-deluxe-avec-jeanne-moreau-2010\/\" target=\"_blank\" rel=\"noopener noreferrer\">  \u00ab Le condamn\u00e9 \u00e0 mort \u00bb <\/a> (2011). Ces albums CD\u2019s sont \u00e9galement publi\u00e9s en vinyle dans leur format original. Deux minis albums <a href=\"https:\/\/dahofficial.com\/wordpress\/2016\/10\/tombe-pour-la-france-classic-remasteredep-1985-180-grammes\/\" target=\"_blank\" rel=\"noopener noreferrer\">  \u00ab Tomb\u00e9 pour la France \u00bb <\/a> (1985) et <a href=\"https:\/\/dahofficial.com\/wordpress\/2016\/11\/reserection-classic-remastered\/\" target=\"_blank\" rel=\"noopener noreferrer\">  \u00ab R\u00e9s\u00e9rection \u00bb <\/a> (dont c\u2019est la premi\u00e8re publication en vinyle) sont \u00e9galement disponibles ce 18 novembre. Les albums  \u00ab Le condamn\u00e9 \u00e0 mort \u00bb  et  \u00ab R\u00e9s\u00e9rection \u00bb  pour des raisons de qualit\u00e9 de fabrication sortiront le 2 d\u00e9cembre 2016.<\/p>\n<p><!-- Accord\u00e9on Concert, Tourn\u00e9e, Live --><\/p>\n<dt class=\"accordion_toggler_2\">Concert, Tourn\u00e9e (toutes les dates de la tourn\u00e9e et les lieux), Live<\/dt>\n<dd class=\"accordion_content accordion_content_2\">\n<dl>\n&nbsp;<\/p>\n<p><strong>FESTIVAL DAYS OFF du 1er au 10 juillet 2014, 5\u00e8me \u00e9dition, <\/strong> <a class=\"example7 cboxElement\" href=\"https:\/\/dahofficial.com\/wordpress\/wp-content\/themes\/dahofficial\/discographie\/les_chansons_de_linnocence_retrouvee\/images\/DaysOff_Affiche_560.jpg\"> L&rsquo;affiche<\/a><br \/>\nL&rsquo;invit\u00e9 d&rsquo;honneur de l&rsquo;\u00e9dition 2014 de ce festival est Etienne Daho.<br \/>\nLe Domaine Priv\u00e9 consacr\u00e9 \u00e0 Etienne Daho par la Cit\u00e9 de la Musique et la Salle Pleyel pr\u00e9vu en f\u00e9vrier 2014 (voir en bas de page) intitul\u00e9  \u00ab Une Jeunesse Moderne \u00bb , a \u00e9t\u00e9 \u00e9galement report\u00e9 et donc pr\u00e9sent\u00e9 dans le cadre du festival  \u00ab Days Off \u00bb  dont Etienne Daho a \u00e9t\u00e9 l&rsquo;invit\u00e9 d&rsquo;honneur.<br \/>\nLieu : Cit\u00e9 de la musique et Salle Pleyel &#8211; Paris<br \/>\nLe programme :<br \/>\nMardi 1 Juillet 2014 : PARIS &#8211; Etienne Daho joue  \u00ab Pop Satori \u00bb  \u00e0 la Cit\u00e9 de la Musique (Days Off, Etienne Daho, Une jeunesse moderne)<br \/>\nEn 1\u00e8re partie Yan Wagner<br \/>\nSamedi 5 Juillet 2014 : PARIS &#8211; Etienne Daho  \u00ab Pop Hits \u00bb  \u00e0 la Cit\u00e9 de la Musique &#8211; Paris (Days Off, Etienne Daho, Une jeunesse moderne)<br \/>\nEn 1\u00e8re partie Verity Susman<br \/>\nMardi 8 Juillet 2014 : PARIS &#8211; Soir\u00e9e  \u00ab Tomb\u00e9s pour la France \u00bb  \u00e0 la Salle Pleyel avec de nombreux invit\u00e9s (Days Off, Etienne Daho, Une jeunesse moderne)<br \/>\nAvec Dominique A., Aline, Etienne Daho, Lou Doillon, La Femme, Fr\u00e0n\u00e7ois &amp; The Atlas Mountains, Lescop, Perez, The Pirouettes, Poni Hoax, Calypso Valois, Yan Wagner&#8230;<br \/>\nMusiciens :<br \/>\n&#8211; Philippe Paradis : guitare<br \/>\n&#8211; Christopher Board : clavier<br \/>\n&#8211; Vivien Bouchet : basse<br \/>\n&#8211; Emilie Rambaud : batterie<br \/>\nSous les directions de :<br \/>\n&#8211; Etienne Daho &amp; Franck Vergeade : direction artistique<br \/>\n&#8211; Edith Fambuena : direction musicale, arrangements<br \/>\n&#8211; Antoine Carlier : direction visuelle, films<br \/>\n&#8211; Sandrine Anglade : mise en espace<br \/>\nPendant ce festival, organisations d&rsquo;\u00e9v\u00e8nements sur Paris \u00e0 cette occasion :<br \/>\n&#8211; Cit\u00e9 de la Musique \/ Librairie Harmonia Mundi : Le Pop-up store d\u2019une jeunesse moderne, une s\u00e9lection par Etienne Daho de livres, affiches, vinyles\u2026<br \/>\n&#8211; Du 3 au 13 juillet 2014 \u2013 MK2 Quai de Seine : Etienne Daho fait son cin\u00e9ma, une Jeunesse moderne dans le cin\u00e9ma fran\u00e7ais.<\/p>\n<p>&nbsp;<\/p>\n<p><strong>FESTIVALS ETE 2014<\/strong><br \/>\n<a href=\"https:\/\/dahofficial.com\/wordpress\/festivals-dete\/\" target=\"_blank\" rel=\"noopener noreferrer\"> La tourn\u00e9e d&rsquo;\u00e9t\u00e9 en d\u00e9tail<\/a>.<br \/>\nVendredi 11 juillet 2014 \u2013 ST MALO DU BOIS (85) \u2013 Poupet Festival<br \/>\nDimanche 13 juillet 2014 \u2013 AIX-LES-BAINS (73) \u2013 Festival Musilac<br \/>\nLundi 14 juillet 2014 \u2013 MONTREUX (CH) \u2013 Montreux Jazz Festival<br \/>\nMercredi 16 juillet 2014 \u2013 CARCASSONNE (11) \u2013 Festival \u2013 Th\u00e9\u00e2tre Jean-Deschamps, Cit\u00e9 M\u00e9di\u00e9vale<br \/>\nVendredi 18 juillet 2014 \u2013 LYON (69) \u2013 Les Nuits de Fourvi\u00e8re<br \/>\nDimanche 20 juillet 2014 \u2013 CARHAIX-PLOUGUER (29) \u2013 Les Vieilles Charrues<\/p>\n<p>&nbsp;<br \/>\n&nbsp;<\/p>\n<p><strong>DISK\u00d6NOIR TOUR <\/strong><br \/>\nRetrouvez toute la tourn\u00e9e d\u00e9taill\u00e9e sur la page sp\u00e9ciale <a href=\"https:\/\/dahofficial.com\/wordpress\/discographie\/les-chansons-de-linnocence\/diskonoir-tour\/\" target=\"_blank\" rel=\"noopener noreferrer\"> <strong>DISK\u00d6NOIR TOUR<\/strong><\/a><\/p>\n<p><strong>DISK\u00d6NOIR TOUR &#8211; Automne 2014 <\/strong><br \/>\nRetrouvez le d\u00e9tail de la tourn\u00e9e d&rsquo;automne <a href=\"https:\/\/dahofficial.com\/wordpress\/tournee-automne\/\" target=\"_blank\" rel=\"noopener noreferrer\"> <strong>sur la page sp\u00e9ciale ici<\/strong><\/a><br \/>\nRetrouvez le r\u00e9cit \u00e9crit par Etienne lui-m\u00eame sur cette tourn\u00e9e dans l&rsquo;in\u00e9dit <a href=\"https:\/\/dahofficial.com\/wordpress\/2015\/08\/life-on-diskonoir-tour-by-etienne\/\" target=\"_blank\" rel=\"noopener noreferrer\"> <strong>LIFE ON DISK\u00d6NOIR TOUR BY ETIENNE<\/strong><\/a> accompagn\u00e9 de nombreuses photos personnelles et de sc\u00e8ne.<br \/>\nDates :<br \/>\nJeudi 25 septembre 2014 \u2013 VELIZY VILLACOUBLAY (78) \u2013 L\u2019Onde<br \/>\nSamedi 27 septembre 2014 \u2013 GAP (05) \u2013 Quattro<br \/>\nJeudi 02 Octobre 2014 \u2013 CHALONS EN CHAMPAGNE (51 ) \u2013 Le Capitole<br \/>\nVendredi 03 Octobre 2014 \u2013 LILLE (59) \u2013 Th\u00e9\u00e2tre Sebastopol<br \/>\nSamedi 04 octobre 2014 \u2013 BETHUNE (62) \u2013 Th\u00e9\u00e2tre<br \/>\nMardi 07 octobre 2014 \u2013 MEAUX (77) \u2013 Th\u00e9\u00e2tre du Luxembourg<br \/>\nJeudi 09 octobre 2014 \u2013 NANCY (54) \u2013 Salle Poirel<br \/>\nVendredi 10 octobre 2014 \u2013 THIONVILLE (57) \u2013 Th\u00e9\u00e2tre<br \/>\nSamedi 11 octobre 2014 \u2013 SAUSHEIM (68) \u2013 Espace Dolfus &amp; Noack (ED&amp;N)<br \/>\nJeudi 16 octobre 2014 \u2013 RUEIL-MALMAISON (92) \u2013 Th\u00e9\u00e2tre Andr\u00e9 Malraux<br \/>\nVendredi 17 octobre 2014 \u2013 ESCH SUR ALZETTE (LUX) \u2013 Rockhal<br \/>\nSamedi 18 octobre 2014 \u2013 STRASBOURG (67) \u2013 La Laiterie &#8211; Annul\u00e9 (fermeture de la salle pour s\u00e9curit\u00e9 et travaux)<br \/>\nJeudi 23 octobre 2014 &#8211; LONDRES (UK) &#8211; Koko<br \/>\nJeudi 30 octobre 2014 \u2013 LIEGE (BE) \u2013 Le Forum<br \/>\nVendredi 31 octobre 2014 \u2013 BRUXELLES (BE) \u2013 Cirque Royal<br \/>\nDu lundi 03 au jeudi 06 novembre 2014 \u2013 PARIS \u2013 Olympia<br \/>\nJeudi 13 novembre 2014 \u2013 MARSEILLE (13) \u2013 Le Silo<br \/>\nVendredi 14 novembre 2014 \u2013 CANNES (06) \u2013 Palais des Festivals<br \/>\nSamedi 15 novembre 2014 \u2013 SAINTE MAXIME (83) \u2013 Le Carr\u00e9<br \/>\nMercredi 19 novembre 2014 \u2013 ANNEMASSE (74) \u2013 Ch\u00e2teau Rouge<br \/>\nJeudi 20 novembre 2014 \u2013 GRENOBLE (38) \u2013 MC2<br \/>\nVendredi 21 novembre 2014 \u2013 BOURG LES VALENCE (26) \u2013 Th\u00e9\u00e2tre le Rh\u00f4ne<br \/>\nSamedi 22 novembre 2014 \u2013 CLERMONT-FERRAND (63) \u2013 Coop\u00e9rative de Mai<br \/>\nMardi 25 novembre 2014 \u2013 ROUEN (76) \u2013 Le 106<br \/>\nJeudi 27 novembre 2014 \u2013 SAINT L\u00d4 (50) \u2013 Le Normandy<br \/>\nVendredi 28 novembre 2014 \u2013 NANTES (44) \u2013 Cit\u00e9 des Congr\u00e9s<br \/>\nSamedi 29 novembre 2014 \u2013 TOURS (37) \u2013 Le Vinci<br \/>\nMercredi 03 d\u00e9cembre 2014 \u2013 MONTCEAU-LES-MINES (71) \u2013 L\u2019Embarcad\u00e8re<br \/>\nJeudi 04 d\u00e9cembre 2014 \u2013 FIRMINY (42) \u2013 Le Firmament<br \/>\nSamedi 06 d\u00e9cembre 2014 \u2013 MORGES (CH) \u2013 Th\u00e9\u00e2tre de Beausobres<br \/>\nMardi 09 d\u00e9cembre \u2013 LES SABLES D\u2019OLONNE (85) \u2013 Les Atlantes<br \/>\nJeudi 11 d\u00e9cembre 2014 \u2013 NIMES (30) \u2013 Paloma<br \/>\nVendredi 12 d\u00e9cembre \u2013 TARBES (65) \u2013 Le Parvis<br \/>\nSamedi 13 d\u00e9cembre 2014 \u2013 SEIGNOSSE (40) \u2013 Les Bourdaines<br \/>\nMardi 16 d\u00e9cembre 2014 \u2013 BREST (29) \u2013 Le Quartz<br \/>\nJeudi 18 d\u00e9cembre 2014 \u2013 TOULOUSE (31) \u2013 Le Bikini<br \/>\nVendredi 19 d\u00e9cembre 2014 \u2013 BORDEAUX (33) &#8211; Th\u00e9\u00e2tre F\u00e9mina<br \/>\nSamedi 20 d\u00e9cembre 2014 \u2013 RENNES (35) \u2013 Le Libert\u00e9 &#8211; Invit\u00e9 Philippe Pascal &#8211; <a href=\"https:\/\/youtu.be\/PwXtqhl6X5Q\" target=\"_blank\" rel=\"noopener noreferrer\">, duo entre Etienne et Philippe Pascal   \u00ab Chelsea girls \u00bb <\/a>.<br \/>\n<strong>FESTIVALS ETE 2015<\/strong><br \/>\n<a href=\"https:\/\/dahofficial.com\/wordpress\/festivals-dete\/\" target=\"_blank\" rel=\"noopener noreferrer\"> La tourn\u00e9e d&rsquo;\u00e9t\u00e9 en d\u00e9tail<\/a>.<br \/>\nSamedi 4 juillet 2015 \u2013 4 juillet \u2013 BELFORT &#8211; Les Eurock\u00e9ennes<br \/>\nDimanche 5 juillet 2015 &#8211; CAEN &#8211; Beauregard<br \/>\nVendredi 10 juillet 2015 &#8211; LA ROCHELLE &#8211; Les Francofolies<br \/>\nSamedi 11 juillet 2015 &#8211; ALBI &#8211; Pause Guitare<br \/>\nDimanche 12 juillet 2015 &#8211; ARGELES SUR MER &#8211; Les D\u00e9ferlantes<br \/>\nMardi 21 juillet 2015 &#8211; NIMES &#8211; Les Ar\u00e8nes<br \/>\nDimanche 26 juillet 2015 &#8211; NYON (SUISSE) &#8211; Paleo Festival<br \/>\nJeudi 20 ao\u00fbt 2015 &#8211; CHARLEVILLE MEZIERES &#8211; Le Cabaret Vert<br \/>\nVendredi 21 ao\u00fbt 2015 &#8211; BRUXELLES (BELGIQUE) &#8211; Brussels Summer Festival<br \/>\nVendredi 28 ao\u00fbt 2015 &#8211; DIJON &#8211; Concert de rentr\u00e9e<br \/>\nSamedi 29 ao\u00fbt 2015 &#8211; PARIS &#8211; Rock en Seine<\/p>\n<p>&nbsp;<\/p>\n<p><strong>DATES DES TOURNEES INITIALEMENT PR\u00c9VUES ANNUL\u00c9ES ET\/OU DECALEES SELON DATES<\/strong><br \/>\n<strong> \u00ab DOMAINE PRIVE ETIENNE DAHO &#8211; F\u00e9vrier 2014 \u00bb <\/strong><br \/>\nA la Cit\u00e9 de la musique et \u00e0 la Salle Pleyel du 14 au 22 f\u00e9vrier 2014, report\u00e9 donc \u00e0 juillet 2014.<br \/>\nVendredi 14 f\u00e9vrier 2014, 20h, Cit\u00e9 de la musique, \u00ab \u00c9tienne Daho joue Pop Satori \u00bb<br \/>\nSamedi 15 f\u00e9vrier 2014, 20h, Cit\u00e9 de la musique, \u00ab Une jeunesse moderne \u00bb, avec la participation de nombreux artistes invit\u00e9s par \u00c9tienne Daho.<br \/>\nMardi 18 f\u00e9vrier 2014, 20h, Cit\u00e9 de la musique, \u00ab \u00c9tienne Daho joue son nouvel album \u00bb, cr\u00e9ation de la version int\u00e9grale.<br \/>\nSamedi 22 f\u00e9vrier 2014, 20h, Salle Pleyel, \u00ab Tomb\u00e9s pour la France \u00bb , avec la participation d\u2019\u00c9tienne Daho et de nombreux invit\u00e9s. Avec ce projet sp\u00e9cialement cr\u00e9\u00e9 \u00e0 cette occasion, \u00c9tienne r\u00e9unit sur une m\u00eame sc\u00e8ne plusieurs g\u00e9n\u00e9rations d&rsquo;artistes fran\u00e7ais et c\u00e9l\u00e8bre une certaine vision de la pop hexagonale.<br \/>\n<strong> \u00ab DISK\u00d6NOIR TOUR &#8211; 2014 \u00bb  Tourn\u00e9e Printemps ANNULEE <\/strong> et report\u00e9e \u00e0 l&rsquo;automne 2014.<br \/>\nDates initialement pr\u00e9vues : Vendredi 21 mars \u2013 Zenith  &#8211; ROUEN , Mardi 25 mars \u2013 Le D\u00f4me \u2013 MARSEILLE , Vendredi 28 mars \u2013 Zenith &#8211; TOULOUSE , Samedi 29 mars \u2013 Patinoire \u2013 BORDEAUX , Vendredi 04 avril \u2013 Zenith \u2013 PARIS , Samedi 05 avril \u2013 Zenith \u2013 PARIS , Mardi 08 avril \u2013 Zenith \u2013 DIJON , Mercredi 09 avril \u2013 Zenith \u2013 LILLE , Jeudi 10 avril \u2013 FOREST NATIONAL \u2013 BRUXELLES , Mercredi 16 avril \u2013 Zenith \u2013 NANTES , Jeudi 17 avril \u2013 Le Libert\u00e9 \u2013 RENNES , Samedi 19 avril \u2013 Casino Barri\u00e8re &#8211; LE TOUQUET (62) , Mardi 22 avril &#8211; Le Firmament &#8211; FIRMINY (42) , Jeudi 24 avril &#8211; Zinga Zanga &#8211; BEZIERS (34) , Vendredi 25 avril \u2013 Palais des Festivals \u2013 CANNES (06) , Samedi 26 avril &#8211; Th\u00e9\u00e2tre le Forum \u2013 FREJUS (83) , Lundi 28 avril \u2013 L\u2019Onde &#8211; VELIZY VILLACOUBLAY (78) , Mercredi 30 avril &#8211; Th\u00e9\u00e2tre Andr\u00e9 Malraux &#8211; RUEIL MALMAISON (92) , jeudi 01 mai &#8211; Th\u00e9\u00e2tre de Beausobre &#8211; MORGES (CH) , vendredi 02 mai &#8211; Le Quattro &#8211; GAP (05) , mardi 06 mai \u2013 Casino Barri\u00e8re &#8211; ENGHIEN LES BAINS (95) , jeudi 08 mai \u2013 Th\u00e9\u00e2tre &#8211; BETHUNE (62) , vendredi 09 mai \u2013 Le Capitole &#8211; CHALONS EN CHAMPAGNE (51) , lundi 12 mai &#8211; La Laiterie &#8211; STRASBOURG (67) , mardi 13 mai &#8211;  Salle Poirel &#8211; NANCY (54) , mercredi 14 mai \u2013 Th\u00e9\u00e2tre &#8211; THIONVILLE (57) , vendredi 16 mai \u2013 Le Volcan &#8211; LE HAVRE (76) , samedi 17 mai \u2013 Th\u00e9\u00e2tre du Luxembourg \u2013 MEAUX (77) , mardi 20 mai &#8211; L&rsquo;Entracte &#8211; SABLE SUR SARTHE (72) , jeudi 22 mai &#8211; L&rsquo;Embarcad\u00e8re &#8211; MONTCEAU LES MINES (71)<br \/>\nvendredi 23 mai \u2013 Rockhal &#8211; ESCH SUR ALZETTE (LUX) , samedi 24 mai &#8211; Espace Dolfus &amp; Noack &#8211; SAUSHEIM (68) , mardi 27 mai \u2013 Le Vinci \u2013 TOURS (37) , mercredi 28 mai &#8211; Les Atlantes &#8211; LES SABLES D&rsquo;OLONNE (85) , vendredi 30 mai &#8211; Le Parvis &#8211; TARBES (65) , samedi 31 mai &#8211; Les Bourdaines &#8211; SEIGNOSSE (40) , mardi 03 juin &#8211; Le Quartz \u2013 BREST (29) , vendredi 13 juin &#8211; MC2 Grand Th\u00e9\u00e2tre &#8211; GRENOBLE (38)<\/dl>\n<p>&nbsp;<br \/>\n<strong>SES DIFFERENTES TENUES DE SCENE<\/strong><br \/>\nTenues de sc\u00e8ne port\u00e9es par Etienne pendant la tourn\u00e9e \u00ab Disk\u00f6noir \u00bb cr\u00e9\u00e9es par Hedi Slimane pour Saint Laurent.<br \/>\nAvec l\u2019aimable autorisation du Palais Galliera Mus\u00e9e de la Mode.<br \/>\nTenue 1<br \/>\n<img decoding=\"async\" src=\"https:\/\/dahofficial.com\/wordpress\/wp-content\/themes\/dahofficial\/discographie\/les_chansons_de_linnocence_retrouvee\/images\/20140000_TenueDeScene_01_560.jpg\" border=\"0\" alt=\"\" width=\"540\" ><br \/>\nTenue 2<br \/>\n<img decoding=\"async\" src=\"https:\/\/dahofficial.com\/wordpress\/wp-content\/themes\/dahofficial\/discographie\/les_chansons_de_linnocence_retrouvee\/images\/20140000_TenueDeScene_02_560.jpg\" border=\"0\" alt=\"\" width=\"540\" ><br \/>\nTenue 3<br \/>\n<img decoding=\"async\" src=\"https:\/\/dahofficial.com\/wordpress\/wp-content\/themes\/dahofficial\/discographie\/les_chansons_de_linnocence_retrouvee\/images\/20140000_TenueDeScene_03_560.jpg\" border=\"0\" alt=\"\" width=\"540\" ><\/p>\n<p>&nbsp;<\/p>\n<p><strong>3 avril 2016, Concert de John Cale<\/strong><br \/>\nEtienne est l&rsquo;un des invit\u00e9s de John Cale pour reprendre le titre  \u00ab I&rsquo;ll be your mirror \u00bb  du premier album mythique du Velvet Underground, \u00e0 la Philharmonie de Paris, lors d&rsquo;un concert exceptionnel intitul\u00e9 lui aussi  \u00ab The Velvet Underground and Nico \u00bb . <a href=\"https:\/\/dahofficial.com\/wordpress\/2016\/06\/john-cale-presente-the-velvet-underground-nico-avec-etienne-sur-scene\/\" target=\"_blank\" rel=\"noopener noreferrer\"> D\u00e9tail ici<\/a>.<br \/>\n<a href=\"https:\/\/youtu.be\/W1H4QpJqjj0\" target=\"_blank\" rel=\"noopener noreferrer\"> Le titre sur la chaine Youtube d&rsquo;Etienne<\/a>.<\/p>\n<p>&nbsp;<\/p>\n<p><strong>9 septembre 2017, Concert \u00ab Jane Birkin Symphonique \u00bb au Trianon.<\/strong><br \/>\nEtienne chante en duo avec Jane Birkin \u00ab Les dessous chics \u00bb. Jane pour ce concert est accompagn\u00e9e par l&rsquo;Orchestre Lamoureux (chef d&rsquo;orchestre Didier Benetti).<br \/>\nDiffusion le 2 novembre 2017 sur France 2 de \u00ab Alcaline, Le Concert \u00bb , r\u00e9alisation Thierry Teston, duo avec Etienne \u00e0 1h11, <a href=\"https:\/\/youtu.be\/RGSMwcc4g40\" target=\"_blank\" rel=\"noopener noreferrer\"> \u00e0 voir le concert ici<\/a>.<\/p>\n<p><!-- fin 6.1 --><\/p>\n<p><!-- L'Affiche --><\/p>\n<p><!-- d\u00e9but 6.2 --><\/dd>\n<dt class=\"accordion_toggler_2\">Les affiches<\/dt>\n<dd class=\"accordion_content accordion_content_2\">\n<dl>La tourn\u00e9e  \u00ab DISK\u00d6NOIR TOUR \u00bb<br \/>\n<img loading=\"lazy\" decoding=\"async\" src=\"https:\/\/dahofficial.com\/wordpress\/wp-content\/themes\/dahofficial\/discographie\/les_chansons_de_linnocence_retrouvee\/images\/20140000_DiskonoirTour_Affiche05_540x810.jpg\" border=\"0\" alt=\"\" width=\"540\" height=\"810\"><\/p>\n<p>&nbsp;<br \/>\n<img loading=\"lazy\" decoding=\"async\" src=\"https:\/\/dahofficial.com\/wordpress\/wp-content\/themes\/dahofficial\/discographie\/les_chansons_de_linnocence_retrouvee\/images\/20130607_DiskonoirTour_Affiche01_540x749.jpg\" border=\"0\" alt=\"\" width=\"540\" height=\"749\"><br \/>\n&nbsp;<br \/>\n<img decoding=\"async\" src=\"https:\/\/dahofficial.com\/wordpress\/wp-content\/themes\/dahofficial\/discographie\/les_chansons_de_linnocence_retrouvee\/images\/20150500_AfficheSummerTourBlanche_560.jpg\" border=\"0\" alt=\"\" width=\"540\" height=\"\"><\/p>\n<p>&nbsp;<br \/>\n<img decoding=\"async\" src=\"https:\/\/dahofficial.com\/wordpress\/wp-content\/themes\/dahofficial\/discographie\/les_chansons_de_linnocence_retrouvee\/images\/20150500_AfficheSummerTourNoir_540.jpg\" border=\"0\" alt=\"\" width=\"540\" height=\"\"><\/p>\n<p>&nbsp;<br \/>\n<img decoding=\"async\" src=\"https:\/\/dahofficial.com\/wordpress\/wp-content\/themes\/dahofficial\/discographie\/les_chansons_de_linnocence_retrouvee\/images\/20140708_ConcertPleyel_PosterTombePourLafrance.jpg\" border=\"0\" alt=\"\" width=\"540\" height=\"\"><\/p>\n<p>&nbsp;<\/dl>\n<p><!-- fin 6.2 --><\/p>\n<p><!-- Participation, Production, Texte, Musique, Reprise, r\u00e9compenses --><\/p>\n<p><!-- d\u00e9but 6.3 --><\/dd>\n<dt class=\"accordion_toggler_2\">Participation, Production, Texte, Musique, Reprise, Livre, R\u00e9compense, &#8230;<\/dt>\n<dd class=\"accordion_content accordion_content_2\">\n<dl>&nbsp;<br \/>\n<strong>REPRISE : OCTOBRE 2013<\/strong>, Fr\u00e0n\u00e7ois &amp; The Atlas Moutains reprennent le titre d&rsquo;Etienne   \u00ab Le grand sommeil \u00bb<br \/>\nA d\u00e9couvrir <a href=\"http:\/\/youtu.be\/lS1UGqK5Tx0\" target=\"_blank\" rel=\"noopener noreferrer\"> sur youtube ici<\/a>, photograph by andrew mania.<br \/>\n<img decoding=\"async\" title=\"\" src=\"https:\/\/dahofficial.com\/wordpress\/wp-content\/themes\/dahofficial\/discographie\/les_chansons_de_linnocence_retrouvee\/images\/FrancoisAtlas_LeGrandSommeil_560.jpg\" alt=\"Fr\u00e0n\u00e7ois Francois &amp; The Atlas Mountains - Reprise Le grand sommeil d'Etienne Daho\" width=\"540\" height=\"\"><\/p>\n<p>&nbsp;<\/p>\n<p><strong>COMPIL&rsquo; : 2013<\/strong>, Le titre en duo avec Dominique A \u00ab En surface \u00bb est sur la compilation des Inrockuptibles \u00ab La bande-son 2013 \u00bb<br \/>\n<img decoding=\"async\" title=\"\" src=\"https:\/\/dahofficial.com\/wordpress\/wp-content\/themes\/dahofficial\/discographie\/les_chansons_de_linnocence_retrouvee\/images\/20130000_LaBandeSon2013_300x540.png\" alt=\"La bande-son 2013 - Les Inrockuptibles\" width=\"\" height=\"300\"><\/p>\n<p>&nbsp;<\/p>\n<p><strong>REPRISE : JANVIER 2015<\/strong>, le groupe The Royal Landscaping Society reprend  \u00ab Bleu comme toi \u00bb  d&rsquo;Etienne. <a href=\"http:\/\/souterraine.biz\/track\/bleu-comme-toi\" target=\"_blank\" rel=\"noopener noreferrer\"> A d\u00e9couvrir ici<\/a><\/p>\n<p>&nbsp;<\/p>\n<p><strong>PARTICIPATION : 9 FEVRIER 2015<\/strong>, Sorti de l&rsquo;album de Rone intitul\u00e9  \u00ab Creatures \u00bb  chez Infin\u00e9.<br \/>\nRone qui avait remix\u00e9  \u00ab En surface \u00bb  quelques mois auparavant, a invit\u00e9 Etienne \u00e0 chanter sur son nouvel album  \u00ab Creatures \u00bb . Le titre  \u00ab Mortelle \u00bb  \u00e9crit et interpr\u00e9t\u00e9 par Etienne a \u00e9t\u00e9 compos\u00e9 par Rone et Bryce Dessner du groupe The National.<br \/>\n<iframe loading=\"lazy\" width=\"540\" height=\"304\" src=\"https:\/\/www.youtube.com\/embed\/3yE84o9FZzs\" frameborder=\"0\" allowfullscreen=\"\"><\/iframe><br \/>\n<img decoding=\"async\" title=\"\" src=\"https:\/\/dahofficial.com\/wordpress\/wp-content\/themes\/dahofficial\/discographie\/les_chansons_de_linnocence_retrouvee\/images\/20150209_Rone_Creatures_Pochette_560.jpg\" alt=\"Rone - Creatures\" width=\"540\" height=\"\"><\/p>\n<p>&nbsp;<\/p>\n<p><strong>REPRISE TRIBUTE : 9 MARS 2015<\/strong>, Sorti de l&rsquo;album chez BoredomProduct de  \u00ab Pistes Noires \u00bb . CD 17 titres de reprises d&rsquo;Etienne par Foretaste, Celluloide, Dekad, Happiness Project, Neutral Lies, Op\u00e9ra Multi Steel, PolynomiQ, Tourdeforce, Auto-Immune, This Grey City, Cyborgdrive, Phllox &amp;Blue Belle Nonne, Electrosexual, 360\u00b0, Destillat, Auto Immune, People Theatre, Laag.<br \/>\n<iframe loading=\"lazy\" width=\"540\" height=\"304\" src=\"https:\/\/www.youtube.com\/embed\/MLzwh2j5ZJE\" frameborder=\"0\" allowfullscreen=\"\"><\/iframe><\/p>\n<p>&nbsp;<\/p>\n<p><strong>RECIT : AVRIL 2015<\/strong>,  \u00ab La Gloire ou le Caniveau \u00bb  par Jean-Christophe Eluard,  ami d\u2019enfance d\u2019Etienne Daho. Il fut un t\u00e9moin privil\u00e9gi\u00e9 de la semaine  \u00ab Une jeunesse moderne \u00bb , consacr\u00e9e \u00e0 Etienne par la Cit\u00e9 de la Musique en juillet 2014. Il \u00e9voque ici de sa plume acide ou tendre, \u00e0 la fois, souvenirs d\u2019enfance, d\u2019adolescence ou du temps pr\u00e9sent. <a href=\"https:\/\/dahofficial.com\/wordpress\/wp-content\/themes\/dahofficial\/discographie\/les_chansons_de_linnocence_retrouvee\/LaGloireOuLeCaniveau.pdf\" target=\"_blank\" rel=\"noopener noreferrer\"> A d\u00e9couvrir ici<\/a>.<\/p>\n<p>&nbsp;<\/p>\n<p><strong>LIVRE : OCTOBRE 2015<\/strong>,  \u00ab Etienne Daho : Disk\u00f6noir Tour \u00bb , parution sous 3 formats diff\u00e9rents de livres retra\u00e7ant la tourn\u00e9e  \u00ab Disk\u00f6noir \u00bb , r\u00e9alis\u00e9 par la photographe Ana\u00efs Callens. Recueil photographique retra\u00e7ant la tourn\u00e9e  \u00ab Disk\u00f6noir Tour \u00bb  au fil des comptes rendus d&rsquo;Etienne sur son facebook. Projet r\u00e9alis\u00e9 gr\u00e2ce \u00e0 la participation d&rsquo;internautes.<br \/>\n<img decoding=\"async\" title=\"\" src=\"https:\/\/dahofficial.com\/wordpress\/wp-content\/themes\/dahofficial\/discographie\/les_chansons_de_linnocence_retrouvee\/images\/Diskonoir_livreanaiscallens_540.jpg\" alt=\"Diskonoir Tour - Livre de photos d'Anais Callens\" width=\"540\" height=\"\"><\/p>\n<p>&nbsp;<\/p>\n<p><strong>LIVRE : 21 OCTOBRE 2015<\/strong>, Parution de la Bande Dessin\u00e9e  \u00ab L&rsquo;homme qui chante \u00bb  aux \u00e9ditions Delcourt. Le dessinateur Alfred et l\u2019auteur David Chauvel ont suivi Etienne depuis la confection des maquettes du dernier album  \u00ab Les chansons de l\u2019Innocence retrouv\u00e9e \u00bb  jusqu\u2019\u00e0 la fin du  \u00ab Disk\u00f6noir Tour \u00bb . Cet album original retrace deux ans de la vie de cet album et p\u00e9n\u00e8tre dans l\u2019intimit\u00e9 de l\u2019artiste et de sa cr\u00e9ation.<br \/>\n<img decoding=\"async\" title=\"\" src=\"https:\/\/dahofficial.com\/wordpress\/wp-content\/themes\/dahofficial\/discographie\/les_chansons_de_linnocence_retrouvee\/images\/Lhommequichante_560.jpg\" alt=\"L'homme qui marche - Etienne Daho\" width=\"540\" height=\"\"><\/p>\n<p>&nbsp;<\/p>\n<p><strong>CONCERT : 30 OCTOBRE 2015<\/strong>, Rone \u00e0 invit\u00e9 Etienne \u00e0 chanter  \u00ab Mortelle \u00bb  pendant le concert qu\u2019il a donn\u00e9 \u00e0 l\u2019Olympia le 30 octobre dernier. <a href=\"http:\/\/concert.arte.tv\/fr\/archive-rone-lolympia\" target=\"_blank\" rel=\"noopener noreferrer\"> A revoir ici (Etienne \u00e0 la 41&prime;)<\/a>.<\/p>\n<p>&nbsp;<\/p>\n<p><strong>PARTICIPATION : 11 MARS 2016<\/strong>, Etienne participe au nouvel album des Nus.<br \/>\nEtienne a produit  \u00ab Les Ann\u00e9es Reagan \u00bb , premier extrait du nouvel album du groupe rennais mythique Les Nus.<br \/>\nA d\u00e9couvrir <a href=\"https:\/\/soundcloud.com\/us\u2026\/les-nus-les-annees-reagan\/s-HMoXB\" target=\"_blank\" rel=\"noopener noreferrer\"> et \u00e9couter ici<\/a>.<br \/>\nCr\u00e9dit Photo : Richard Dumas<br \/>\n<img decoding=\"async\" title=\"\" src=\"https:\/\/dahofficial.com\/wordpress\/wp-content\/themes\/dahofficial\/discographie\/les_chansons_de_linnocence_retrouvee\/images\/20160210_LesNus01.jpg\" alt=\"Les Nus\" width=\"540\" height=\"\"><\/p>\n<p>&nbsp;<\/p>\n<p><strong>CONCERT : 3 AVRIL 2016<\/strong>, Etienne est l&rsquo;un des invit\u00e9s de John Cale pour reprendre le titre  \u00ab I&rsquo;ll be your mirror \u00bb  du premier album mythique du Velvet Underground, \u00e0 la Philharmonie de Paris, lors d&rsquo;un concert exceptionnel intitul\u00e9 lui aussi  \u00ab The Velvet Underground and Nico \u00bb .<a href=\"https:\/\/dahofficial.com\/wordpress\/2016\/06\/john-cale-presente-the-velvet-underground-nico-avec-etienne-sur-scene\/\" target=\"_blank\" rel=\"noopener noreferrer\"> D\u00e9tail ici<\/a>.<br \/>\n<img decoding=\"async\" title=\"\" src=\"https:\/\/dahofficial.com\/wordpress\/wp-content\/themes\/dahofficial\/discographie\/les_chansons_de_linnocence_retrouvee\/images\/20160403_Philarmonie_CollectionPrivee.jpg\" alt=\"Les Nus\" width=\"540\" height=\"\"><br \/>\n.<br \/>\n<iframe loading=\"lazy\" width=\"540\" height=\"304\" src=\"https:\/\/www.youtube.com\/embed\/W1H4QpJqjj0\" frameborder=\"0\" allowfullscreen=\"\"><\/iframe><\/p>\n<p>&nbsp;<\/p>\n<p><strong>REPRISE : MAI 2016<\/strong>,  \u00ab Paris, Le Flore Remix \u00bb , Le classique d\u2019Etienne Daho revu et corrig\u00e9 par le DJ-Producteur fran\u00e7ais Derek Neal. <a href=\"http:\/\/lamusiquesismique.fr\/etienne-daho-paris-flore-derek-neal-edit\/\" target=\"_blank\" rel=\"noopener noreferrer\"> A d\u00e9couvrir et \u00e0 \u00e9couter ici<\/a>.<\/p>\n<p>&nbsp;<\/p>\n<p><strong>PARTICIPATION : 14 OCTOBRE 2016<\/strong>, Sortie de l&rsquo;album de Dani  \u00ab La nuit ne dure pas \u00bb  o\u00f9 le 1er single  \u00ab Etoiles et revers (ce n&rsquo;est rien) \u00bb , qui lui est sorti le 23 septembre 2016, a \u00e9t\u00e9 r\u00e9alis\u00e9 et \u00e9crit par Etienne. Clip r\u00e9alis\u00e9 par Antoine Carlier.<br \/>\n<iframe loading=\"lazy\" width=\"540\" height=\"304\" src=\"https:\/\/www.youtube.com\/embed\/myIpEu96u48\" frameborder=\"0\" allowfullscreen=\"\"><\/iframe><\/p>\n<p>&nbsp;<\/p>\n<p><strong>GUEST : 15 DECEMBRE 2016<\/strong>, Etienne fait une apparition dans le clip de No\u00ebl de Duggie Fields  \u00ab Merry Christmas \u00bb  <a href=\"https:\/\/youtu.be\/wvRTijIRvWE\" target=\"_blank\" rel=\"noopener noreferrer\"> Ici sur la chaine Youtube de Duggie Fileds<\/a>.<br \/>\n<iframe loading=\"lazy\" width=\"540\" height=\"304\" src=\"https:\/\/www.youtube.com\/embed\/wvRTijIRvWE?si=ZgD9EBdYNyZ_VKOM\" title=\"YouTube video player\" frameborder=\"0\" allow=\"accelerometer; autoplay; clipboard-write; encrypted-media; gyroscope; picture-in-picture; web-share\" referrerpolicy=\"strict-origin-when-cross-origin\" allowfullscreen><\/iframe><\/dl>\n<p><!-- fin 6.3 --><\/dd>\n<\/dl>\n<p><!-- fin 6 --><\/dd>\n<\/dl>\n<p><!-- fin accord\u00e9on --><\/p>\n<\/div>\n<\/div>\n<p><!-- fin accord\u00e9on AUTOUR DE L'ALBUM --><\/p>\n<p><!-- double liseret gris --><\/p>\n<p><img loading=\"lazy\" decoding=\"async\" style=\"border: none;\" src=\"https:\/\/dahofficial.com\/wordpress\/wp-content\/themes\/dahofficial\/images\/ttr_bio_page.gif\" border=\"0\" alt=\"\" width=\"560\" height=\"34\"><\/p>\n<p><!-- d\u00e9but accord\u00e9on DISCOGRAPHIE DETAILLEE 7 --><\/p>\n<p><a href=\"https:\/\/dahofficial.com\/wordpress\/discographie-integrale-les-chansons-de-linnocence-retrouvee\/\" target=\"_blank\" rel=\"noopener noreferrer\"> <img loading=\"lazy\" decoding=\"async\" style=\"border: none;\" src=\"https:\/\/dahofficial.com\/wordpress\/wp-content\/themes\/dahofficial\/images\/ttr_discographie_detaillee2.png\" border=\"0\" alt=\"\" width=\"561\" height=\"36\"><\/a><\/p>\n<p>&nbsp;<\/p>\n<p>La discographie int\u00e9grale et chronologique de la p\u00e9riode de \u00ab Les chansons de l&rsquo;innocence retrouv\u00e9e \u00bb<br \/>\n<a href=\"https:\/\/dahofficial.com\/wordpress\/discographie-integrale-les-chansons-de-linnocence-retrouvee\/\" target=\"_blank\" rel=\"noopener noreferrer\"> A d\u00e9couvrir ici sur la page sp\u00e9ciale \u00ab DISCOGRAPHIE INT\u00c9GRALE &#8211; LES CHANSONS DE L&rsquo;INNOCENCE RETROUV\u00c9E \u00bb<\/a><\/p>\n<p><!-- fin accord\u00e9on DISCOGRAPHIE DETAILLEE 7 --><br \/>\n<!-- liseret gris --><\/p>\n<p><img loading=\"lazy\" decoding=\"async\" style=\"border: none;\" src=\"https:\/\/dahofficial.com\/wordpress\/wp-content\/themes\/dahofficial\/images\/ttr_bio_page.gif\" border=\"0\" alt=\"\" width=\"560\" height=\"34\"><\/p>\n<p><!-- d\u00e9but accord\u00e9on REVUE DE PRESSE 8 --><\/p>\n<div id=\"accordion_reg\" style=\"background-color: transparent;\">\n<div id=\"accordion_wrap\">\n<dl class=\"accordion\"><!-- d\u00e9but 8 --><\/p>\n<dt class=\"accordion_toggler_1\" style=\"background-color: transparent; height: 34px; border: medium none;\"> <a style=\"border: none;\" name=\"revue\"><img loading=\"lazy\" decoding=\"async\" style=\"border: none;\" src=\"https:\/\/dahofficial.com\/wordpress\/wp-content\/themes\/dahofficial\/images\/revue_de_presse.png\" border=\"0\" alt=\"\" width=\"561\" height=\"36\"><\/a><\/dt>\n<p>&nbsp;<\/p>\n<p>Retrouver toute la revue de presse d\u00e9taill\u00e9e ici de la p\u00e9riode  \u00ab Les chansons de l&rsquo;innocence retrouv\u00e9e \u00bb .<br \/>\nMise \u00e0 jour : 7 juin 2019 (Presse \u00e9crite mars 2017, T\u00e9l\u00e9vision 13 juin 2016, Radio 22 juillet 2017)<\/p>\n<p>&nbsp;<\/p>\n<dd class=\"accordion_content accordion_content_1\">\n<dl><!-- d\u00e9but 8.1 Presse ecrite --><\/p>\n<dt class=\"accordion_toggler_2\">Presse \u00e9crite<\/dt>\n<dd class=\"accordion_content accordion_content_2\">\n<dl>\n<strong>REVUE DE PRESSE &#8211; ARTICLE DE FOND ET\/OU COUVERTURE<\/strong><br \/>\n<a class=\"example7 cboxElement\" href=\"https:\/\/dahofficial.com\/wordpress\/wp-content\/themes\/dahofficial\/presse\/leschansonsdelinnocence\/couv\/presse_20130828_LesInrockuptibles_Couv427x550.jpg\"><img loading=\"lazy\" decoding=\"async\" title=\"Etienne Daho - Les Inrockuptibles\" src=\"https:\/\/dahofficial.com\/wordpress\/wp-content\/themes\/dahofficial\/presse\/leschansonsdelinnocence\/couv\/presse_20130828_LesInrockuptibles_Couv533x150.jpg\" alt=\"Etienne Daho - Les Inrockuptibles\" width=\"533\" height=\"150\"><\/a><br \/>\n<strong>Les Inrockuptibles<\/strong>, 28 ao\u00fbt 2013, n\u00b0926, Etienne r\u00e9dacteur en chef<\/p>\n<p><a class=\"example7 cboxElement\" href=\"https:\/\/dahofficial.com\/wordpress\/wp-content\/themes\/dahofficial\/presse\/leschansonsdelinnocence\/couv\/presse_20130926_Obsession_LeNouvelObs_Couv_443x585.jpg\"><img loading=\"lazy\" decoding=\"async\" title=\"Etienne Daho - Obsession - Le Nouvel Observateur\" src=\"https:\/\/dahofficial.com\/wordpress\/wp-content\/themes\/dahofficial\/presse\/leschansonsdelinnocence\/couv\/presse_20130926_Obsession_LeNouvelObs_Couv_533x150.jpg\" alt=\"Etienne Daho - Obsession - Le Nouvel Observateur\" width=\"533\" height=\"150\"><\/a><br \/>\n<strong>Obsession<\/strong> (suppl\u00e9ment style du Nouvel Observateur), 26 septembre 2013, n\u00b0 octobre 2013, <a href=\"http:\/\/obsession.nouvelobs.com\/pop-life\/20130925.OBS8337\/rencontre-avec-etienne-daho-je-suis-une-machine-qui-cree-de-la-musique-en-permanence.html\" target=\"_blank\" rel=\"noopener noreferrer\"> Extrait sur le site de la revue  \u00ab Obsession \u00bb <\/a><\/p>\n<p><a class=\"example7 cboxElement\" href=\"https:\/\/dahofficial.com\/wordpress\/wp-content\/themes\/dahofficial\/presse\/leschansonsdelinnocence\/couv\/presse_20131000_ContactFnac_Couv_408x585.jpg\"><img loading=\"lazy\" decoding=\"async\" title=\"Etienne Daho - Contact Fnac\" src=\"https:\/\/dahofficial.com\/wordpress\/wp-content\/themes\/dahofficial\/presse\/leschansonsdelinnocence\/couv\/presse_20131000_ContactFnac_Couv_533x150.jpg\" alt=\"Etienne Daho - Contact Fnac\" width=\"533\" height=\"150\"><\/a><br \/>\n<strong>Contact &#8211; Fnac <\/strong>, octobre 2013, n\u00b0464, <a href=\"https:\/\/dahofficial.com\/wordpress\/wp-content\/themes\/dahofficial\/presse\/leschansonsdelinnocence\/presse_20131000_ContactFnac.pdf\" target=\"_blank\" rel=\"noopener noreferrer\"> Le retour attendu <\/a><\/p>\n<p><a class=\"example7 cboxElement\" href=\"https:\/\/dahofficial.com\/wordpress\/wp-content\/themes\/dahofficial\/presse\/leschansonsdelinnocence\/couv\/presse_20131100_Magic_Couv_435x580.jpg\"><img loading=\"lazy\" decoding=\"async\" title=\"Etienne Daho - Magic N\u00b0177 - novembre d\u00e9cembre 2013\" src=\"https:\/\/dahofficial.com\/wordpress\/wp-content\/themes\/dahofficial\/presse\/leschansonsdelinnocence\/couv\/presse_20131100_Magic_Couv_533x150.png\" alt=\"Etienne Daho - Magic N\u00b0177 - novembre d\u00e9cembre 2013\" width=\"533\" height=\"150\"><\/a><br \/>\n<strong>Magic Revue Pop Moderne<\/strong>, novembre d\u00e9cembre 2013, n\u00b0177, <a href=\"https:\/\/dahofficial.com\/wordpress\/wp-content\/themes\/dahofficial\/presse\/leschansonsdelinnocence\/presse_20131100_Magic_Article.pdf\" target=\"_blank\" rel=\"noopener noreferrer\">  L&rsquo;article \u00ab R\u00e9s\u00e9rection \u00bb ici <\/a>, interview Franck Vergeade et photographies Richard Dumas.<\/p>\n<p><a class=\"example7 cboxElement\" href=\"https:\/\/dahofficial.com\/wordpress\/wp-content\/themes\/dahofficial\/presse\/leschansonsdelinnocence\/couv\/presse_20131109_Telerama_Couv_479x580.jpg\"><img loading=\"lazy\" decoding=\"async\" title=\"Etienne Daho - T\u00e9l\u00e9rama N\u00b03330 - 9 novembre 2013\" src=\"https:\/\/dahofficial.com\/wordpress\/wp-content\/themes\/dahofficial\/presse\/leschansonsdelinnocence\/couv\/presse_20131109_Telerama_Couv_533x150.png\" alt=\"Etienne Daho - T\u00e9l\u00e9rama N\u00b03330 - 9 novembre 2013\" width=\"533\" height=\"150\"><\/a><br \/>\n<strong>T\u00e9l\u00e9rama<\/strong>, du 9 au 16 novembre d\u00e9cembre 2013, n\u00b0177, <a href=\"https:\/\/dahofficial.com\/wordpress\/wp-content\/themes\/dahofficial\/presse\/leschansonsdelinnocence\/presse_20131100_Telerama.pdf\" target=\"_blank\" rel=\"noopener noreferrer\">  L&rsquo;article \u00ab Retour en enfer \u00bb ici <\/a>.<\/p>\n<p><a class=\"example7 cboxElement\" href=\"https:\/\/dahofficial.com\/wordpress\/wp-content\/themes\/dahofficial\/presse\/leschansonsdelinnocence\/couv\/presse_20131115_LesInrockuptiblesHorsSerie_Couv_448x585.jpg\"><img loading=\"lazy\" decoding=\"async\" title=\"Etienne Daho - Les Inrocks 2 - Hors s\u00e9rie Etienne Daho - 15 novembre 2013\" src=\"https:\/\/dahofficial.com\/wordpress\/wp-content\/themes\/dahofficial\/presse\/leschansonsdelinnocence\/couv\/presse_20131115_LesInrockuptiblesHorsSerie_Couv_533x150.png\" alt=\"Etienne Daho - Les Inrocks 2 - Hors s\u00e9rie Etienne Daho - 15 novembre 2013\" width=\"533\" height=\"150\"><\/a><br \/>\n<strong>Les Inrocks 2 &#8211; Hors s\u00e9rie Etienne Daho<\/strong>, 15 novembre 2013, Un hors s\u00e9rie complet 100 pages 100% Etienne Daho, entretiens, d\u00e9cryptages, rencontres, portraits, interviews, biographie compl\u00e8te sur 30 ans de carri\u00e8re avec pr\u00e9sentation de tous les albums, de tr\u00e8s nombreuses photos.<\/p>\n<p><a class=\"example7 cboxElement\" href=\"https:\/\/dahofficial.com\/wordpress\/wp-content\/themes\/dahofficial\/presse\/leschansonsdelinnocence\/couv\/presse_20140200_DandyPost_Couv_369x580.jpg\"><img loading=\"lazy\" decoding=\"async\" title=\"Etienne Daho - Dandy Post - f\u00e9vrier mars 2014\" src=\"https:\/\/dahofficial.com\/wordpress\/wp-content\/themes\/dahofficial\/presse\/leschansonsdelinnocence\/couv\/presse_20140200_DandyPost_Couv_533x150.png\" alt=\"Etienne Daho - Dandy Post - f\u00e9vrier mars 2014\" width=\"533\" height=\"150\"><\/a><br \/>\n<strong>Dandy Post<\/strong>, f\u00e9vrier et mars 2014, \u00ab Etienne Daho Ic\u00f4ne de la pop culture \u00bb.<a href=\"https:\/\/dahofficial.com\/wordpress\/wp-content\/themes\/dahofficial\/presse\/leschansonsdelinnocence\/presse_20140200_DandyPost.pdf\" target=\"_blank\" rel=\"noopener noreferrer\">  L&rsquo;article complet ici <\/a>.<\/p>\n<p><a class=\"example7 cboxElement\" href=\"https:\/\/dahofficial.com\/wordpress\/wp-content\/themes\/dahofficial\/presse\/leschansonsdelinnocence\/couv\/presse_20140607_NextLiberation_451x580.jpg\"><img loading=\"lazy\" decoding=\"async\" title=\"Etienne Daho - Next Lib\u00e9ration - 7 juin 2014\" src=\"https:\/\/dahofficial.com\/wordpress\/wp-content\/themes\/dahofficial\/presse\/leschansonsdelinnocence\/couv\/presse_20140607_NextLiberation_533x150.png\" alt=\"Etienne Daho - Next Lib\u00e9ration - 7 juin 2014\" width=\"533\" height=\"150\"><\/a><br \/>\n<strong>Next Lib\u00e9ration<\/strong>, 7 juin 2014, \u00ab Daho en profondeur \u00bb.<\/p>\n<p><a class=\"example7 cboxElement\" href=\"https:\/\/dahofficial.com\/wordpress\/wp-content\/themes\/dahofficial\/presse\/leschansonsdelinnocence\/couv\/presse_20170300_Tsugi_Couv_460x585.jpg\"><img loading=\"lazy\" decoding=\"async\" title=\"Etienne Daho - Tsugi N\u00b0100 - mars 2017\" src=\"https:\/\/dahofficial.com\/wordpress\/wp-content\/themes\/dahofficial\/presse\/leschansonsdelinnocence\/couv\/presse_20170300_Tsugi_Couv_533x150.jpg\" alt=\"Etienne Daho - Tsugi N\u00b0100 - mars 2017\" width=\"533\" height=\"150\"><\/a><br \/>\n<strong>Tsugi<\/strong>, mars 2017, n\u00b0100, <a href=\"https:\/\/www.tsugi.fr\/le-numero-100-de-tsugi-sort-aujourdhui-en-kiosque\/\" target=\"_blank\" rel=\"noopener noreferrer\"> Tsugi le site <\/a> et <a href=\"https:\/\/www.tsugi.fr\/flavien-berger-x-etienne-daho-linterview-croisee\/\" target=\"_blank\" rel=\"noopener noreferrer\"> l&rsquo;Interview exclusive.<\/a><\/p>\n<p><strong>REVUE DE PRESSE \u2013 LES CHANSONS DE L&rsquo;INNOCENCE RETROUVEE<\/strong><br \/>\n<strong>Les Inrockuptibles<\/strong>, 23 janvier 2013, <a href=\"https:\/\/dahofficial.com\/wordpress\/wp-content\/themes\/dahofficial\/presse\/leschansonsdelinnocence\/presse_20130123_LesInrockuptibles.pdf\" target=\"_blank\" rel=\"noopener noreferrer\">  \u00ab l&rsquo;\u00e9criture de Jean Genet a forc\u00e9ment boulevers\u00e9 mes habitudes. Elle a enrichi ma pop \u00bb  <\/a><br \/>\n<strong>Le Parisien<\/strong>, 10 juin 2013,  \u00ab J&rsquo;ai un instinct de vie tr\u00e8s fort \u00bb<br \/>\n<strong>Les Inrockuptibles<\/strong>, 28 ao\u00fbt 2013, n\u00b0926, Etienne r\u00e9dacteur en chef et en couverture <a href=\"https:\/\/dahofficial.com\/wordpress\/2013\/09\/etienne-dans-les-inrocks\/\" target=\"_blank\" rel=\"noopener noreferrer\"> news ici \u00e0 relire<\/a><br \/>\n<strong>L&rsquo;Express Styles<\/strong>, 28 ao\u00fbt 2013, <a href=\"https:\/\/dahofficial.com\/wordpress\/wp-content\/themes\/dahofficial\/presse\/leschansonsdelinnocence\/presse_20130828_LExpressStyles.pdf\" target=\"_blank\" rel=\"noopener noreferrer\"> Bravo. M. Daho !<\/a><br \/>\n<strong>Vogue Hommes Internationnal (Fran\u00e7ais et Anglais)<\/strong>, 12 septembre 2013, n\u00b018<br \/>\n<strong>Rolling Stone<\/strong>, 26 septembre 2013<br \/>\n<strong>Tendance<\/strong>, 30 septembre 2013<br \/>\n<strong>Marie Claire<\/strong>, octobre 2013, n\u00b0734, <a href=\"https:\/\/dahofficial.com\/wordpress\/wp-content\/themes\/dahofficial\/presse\/leschansonsdelinnocence\/presse_20131000_MarieClaire.pdf\" target=\"_blank\" rel=\"noopener noreferrer\"> Etienne Daho, Accords et \u00e2me<\/a><br \/>\n<strong>T\u00eatu<\/strong>, 1 octobre 2013, n\u00b0192, <a href=\"https:\/\/dahofficial.com\/wordpress\/wp-content\/themes\/dahofficial\/presse\/leschansonsdelinnocence\/presse_20131000_Tetu.pdf\" target=\"_blank\" rel=\"noopener noreferrer\"> L&rsquo;amour fou est la seule chose qui m&rsquo;interesse. Avec la musique<\/a><br \/>\n<strong>Magic<\/strong>, octobre 2013, critique  \u00ab La peau dure \u00bb<br \/>\n<strong>Obsession<\/strong>, octobre 2013, <a href=\"https:\/\/dahofficial.com\/wordpress\/2013\/09\/etienne-dans-obsession\/\" target=\"_blank\" rel=\"noopener noreferrer\"> en couverture<\/a><br \/>\n<strong>L&rsquo;Expansion<\/strong>, 2 octobre 2013, n\u00b0788, <a href=\"https:\/\/dahofficial.com\/wordpress\/wp-content\/themes\/dahofficial\/presse\/leschansonsdelinnocence\/presse_20131000_LExpansion.pdf\" target=\"_blank\" rel=\"noopener noreferrer\"> Etienne Daho Intime<\/a><br \/>\n<strong>Les Inrockuptibles<\/strong>, 16 au 22 octobre 2013, n\u00b0788, <a href=\"https:\/\/dahofficial.com\/wordpress\/wp-content\/themes\/dahofficial\/presse\/leschansonsdelinnocence\/presse_20131016_LesInrockuptibles.pdf\" target=\"_blank\" rel=\"noopener noreferrer\"> Le jardin d&rsquo;Etienne<\/a><br \/>\n<strong>GQ<\/strong>, 23 octobre 2013, n\u00b069, <a href=\"https:\/\/dahofficial.com\/wordpress\/wp-content\/themes\/dahofficial\/presse\/leschansonsdelinnocence\/presse_20131023_GQ.pdf\" target=\"_blank\" rel=\"noopener noreferrer\"> Etienne Daho, le parrain pop moderne<\/a><br \/>\n<strong>Vanity Fair<\/strong>, novembre 2013, <a href=\"https:\/\/dahofficial.com\/wordpress\/wp-content\/themes\/dahofficial\/presse\/leschansonsdelinnocence\/presse_20131100_Vanityfair.pdf\" target=\"_blank\" rel=\"noopener noreferrer\"> Autoportrait de A\u00e0Z<\/a><br \/>\n<strong>Magic<\/strong>, novembre 2013, n\u00b0177,<a href=\"https:\/\/dahofficial.com\/wordpress\/2013\/10\/etienne-dans-magic\/\" target=\"_blank\" rel=\"noopener noreferrer\"> , en couverture<\/a> et ici un extrait sur le <a href=\"http:\/\/www.magicrpm.com\/a-lire\/tous\/etienne-daho\/entrevue-collegiale-28-03-14\" target=\"_blank\" rel=\"noopener noreferrer\"> site internet de Magic<\/a>.<br \/>\n<strong>Technikart<\/strong>, novembre 2013.<br \/>\n<strong>Rock &amp; Folk<\/strong>, novembre 2013<br \/>\n<strong>T\u00e9l\u00e9rama<\/strong>, 6 novembre 2013, <a href=\"https:\/\/dahofficial.com\/wordpress\/2013\/11\/etienne-dans-telerama\/\" target=\"_blank\" rel=\"noopener noreferrer\"> en couverture<\/a><br \/>\n<strong>L&rsquo;Express<\/strong>, 13 novembre 2013<br \/>\n<strong>Elle<\/strong>, 13 novembre 2013<br \/>\n<strong>Le Point<\/strong>, 14 novembre 2013 n\u00b02148<br \/>\n<strong>Elle<\/strong>, 15 novembre 2013<br \/>\n<strong>Les Inrocks2<\/strong>, 15 novembre 2013, <a href=\"https:\/\/dahofficial.com\/wordpress\/2013\/11\/hors-serie-les-inrocks2-avec-etienne\/\" target=\"_blank\" rel=\"noopener noreferrer\"> Hors s\u00e9rie exceptionnel consacr\u00e9 exclusivement \u00e0 Etienne<\/a><br \/>\n<strong>Lib\u00e9ration<\/strong>, 16 novembre 2013, <a href=\"https:\/\/dahofficial.com\/wordpress\/2013\/11\/etienne-dans-liberation\/\" target=\"_blank\" rel=\"noopener noreferrer\"> la news du site<\/a><br \/>\n<strong>Le Figaro<\/strong>, 19 novembre 2013<br \/>\n<strong>T\u00e9l\u00e9rama<\/strong>, 20 novembre 2013<br \/>\n<strong>Les Inrockuptibles<\/strong>, novembre 2013, critique de l&rsquo;album<br \/>\n<strong>Les Echos Week end<\/strong>, novembre 2013<br \/>\n<strong>Le Monde<\/strong>, 21 novembre 2013<br \/>\n<strong>Le Prog\u00e8s<\/strong>, 26 novembre 2013<br \/>\n<strong>Rolling Stone<\/strong>, janvier-f\u00e9vrier 2014,  \u00ab Flagrant d\u00e9lit d&rsquo;innocence retrouv\u00e9e pour le maestro de la french pop&#8230; \u00bb<br \/>\n<strong>Brain Magazine<\/strong>, 15 avril 2014, Tr\u00e8s belle interview d&rsquo;Etienne <a href=\"http:\/\/www.brain-magazine.fr\/article\/interviews\/18826-\u00c9tienne-Daho---L_homme-qui-marche\" target=\"_blank\" rel=\"noopener noreferrer\">  \u00ab L&rsquo;homme qui marche \u00bb , \u00e0 lire ici<\/a>.<\/p>\n<p><strong>REVUE DE PRESSE \u2013 REEDITION  \u00ab LA NOTTE, LA NOTTE \u00bb  DELUXE REMASTERED<\/strong><br \/>\n<strong>Magic<\/strong>, avril 2014, n\u00b0181, superbe chronique de la r\u00e9\u00e9dition de \u00ab\u00a0La Notte, La Notte\u00a0\u00bb <a href=\"https:\/\/dahofficial.com\/wordpress\/wp-content\/themes\/dahofficial\/presse\/la_notte_la_notte\/article\/presse_20140400_Magic.pdf\" target=\"_blank\" rel=\"noopener noreferrer\"> ici<\/a>.<\/p>\n<p><strong>REVUE DE PRESSE \u2013 DISK\u00d6NOIR TOUR<\/strong><br \/>\n<strong>Le Bien Public<\/strong>, 28 mai 2015, <a href=\"http:\/\/www.bienpublic.com\/edition-dijon-ville\/2015\/08\/28\/j-ai-pris-un-plaisir-fou\" target=\"_blank\" rel=\"noopener noreferrer\">  \u00ab J&rsquo;ai pris un plaisir fou \u00bb  <\/a><\/p>\n<p><strong>REVUE DE PRESSE \u2013 L&rsquo;HOMME QUI MARCHE &#8211; UN ITINERAIRE POP MODERNE<\/strong><br \/>\n<strong>Lib\u00e9ration (Web)<\/strong>, 23 octobre 2015, <a href=\"http:\/\/next.liberation.fr\/musique\/2015\/10\/23\/daho-de-gamme_1408403\" target=\"_blank\" rel=\"noopener noreferrer\">  \u00ab Daho de gamme \u00bb  <\/a><br \/>\n<strong>I-D Fashion Magazine (Web)<\/strong>, novembre 2015, <a href=\"http:\/\/i-d.vice.com\/fr\/article\/etienne-daho-jai-trs-envie-de-faire-la-fte\" target=\"_blank\" rel=\"noopener noreferrer\">  \u00ab j&rsquo;ai tr\u00e8s envie de faire la f\u00eate \u00bb  <\/a><br \/>\n<strong>Gala (Web)<\/strong>, 18 novembre 2015, <a href=\"http:\/\/www.gala.fr\/l_actu\/news_de_stars\/l_eternel_feminin_selon_etienne_daho_354202\" target=\"_blank\" rel=\"noopener noreferrer\">  \u00ab L&rsquo;\u00e9ter\u00adnel f\u00e9mi\u00adnin selon Etienne Daho \u00bb  <\/a>. L&rsquo;article presse \u00e0 venir.<br \/>\n<strong>Lib\u00e9ration (Web)<\/strong>, 19 novembre 2015, <a href=\"http:\/\/next.liberation.fr\/cinema\/2015\/11\/19\/la-pop-vue-de-daho_1414735\" target=\"_blank\" rel=\"noopener noreferrer\">  \u00ab La pop vue de Daho \u00bb  <\/a>.<br \/>\n<strong>Le Figaro (Web)<\/strong>, 20 novembre 2015, <a href=\"http:\/\/www.lefigaro.fr\/musique\/2015\/11\/20\/03006-20151120ARTFIG00095-etienne-daho-je-ne-rejette-plus-mon-passe.php\" target=\"_blank\" rel=\"noopener noreferrer\">  \u00ab Je ne rejette plus mon pass\u00e9 (d\u00e9but de l&rsquo;article sur le web) \u00bb  <\/a>. L&rsquo;article presse \u00e0 venir.<br \/>\n<strong>Diacritik (Web)<\/strong>, 20 novembre 2015, <a href=\"http:\/\/diacritik.com\/2015\/11\/20\/etienne-daho-des-chansons-alcoolisees-pleines-de-pluie-et-de-langueurs\/\" target=\"_blank\" rel=\"noopener noreferrer\">  \u00ab Ecrire au chic \u00bb  <\/a><br \/>\n<strong>Nouvelobs (Web)<\/strong>, 21 novembre 2015, <a href=\"http:\/\/teleobs.nouvelobs.com\/la-selection-teleobs\/20151119.OBS9817\/etienne-daho-au-commencement.html#\" target=\"_blank\" rel=\"noopener noreferrer\">  \u00ab Etienne Daho : Au commencement \u00bb  <\/a><br \/>\n<strong>Le Monde (Web)<\/strong>, 22 novembre 2015, <a href=\"http:\/\/www.lemonde.fr\/musiques\/article\/2015\/11\/22\/etienne-daho-on-n-apprend-rien-du-bonheur_4815061_1654986.html\" target=\"_blank\" rel=\"noopener noreferrer\">  \u00ab Il faut r\u00e9sister \u00e0 la peur imp\u00e9rativement \u00bb  <\/a><br \/>\n<strong>T\u00e9l\u00e9rama (Web)<\/strong>, 22 novembre 2015, <a href=\"http:\/\/www.telerama.fr\/musique\/etienne-daho-sur-arte-sans-la-musique-j-aurais-pris-une-voie-beaucoup-plus-destructrice,134188.php\" target=\"_blank\" rel=\"noopener noreferrer\">  \u00ab Sans la musique, j&rsquo;aurais pris une voie beaucoup plus destructrice \u00bb  <\/a><br \/>\n<strong>Femme Actuelle (Web)<\/strong>, 22 novembre 2015, <a href=\"http:\/\/www.femmeactuelle.fr\/culture\/news-culture\/etienne-daho-chanteur-documentaire-arte-25443#\" target=\"_blank\" rel=\"noopener noreferrer\">  \u00ab L&rsquo;\u00e2ge, je m&rsquo;en fous. J&rsquo;ai des milliards d&rsquo;envies \u00bb  <\/a><\/p>\n<p><strong>REVUE DE PRESSE \u2013 DIVERS<\/strong><br \/>\n<strong>Holiday<\/strong>, mars 2014, n\u00b0373, num\u00e9ro consacr\u00e9 \u00e0 l&rsquo;ann\u00e9e 1969, Etienne dresse la liste de ses albums essentiels de l\u2019ann\u00e9e 69 en les d\u00e9taillant.<br \/>\n<strong>Vogue<\/strong>, mars 2015, <a href=\"https:\/\/dahofficial.com\/wordpress\/wp-content\/themes\/dahofficial\/presse\/leschansonsdelinnocence\/presse_20150300_VogueHomme.pdf\" target=\"_blank\" rel=\"noopener noreferrer\"> Apr\u00e8s la sortie de son double live  \u00ab Disk\u00f6noir \u00bb  et une tourn\u00e9e marathon de sept mois, le tr\u00e8s occup\u00e9 baron de la pop profite d\u2019un break entre deux \u00e9critures de tubes pour r\u00e9pondre \u00e0 nos questions sur le chic, le style et la s\u00e9duction. Et nous montrer qu\u2019il connait la chanson&#8230; <\/a><br \/>\n<strong>Num\u00e9ro Homme<\/strong>, printemps-\u00e9t\u00e9 2015, n\u00b029, <a href=\"https:\/\/dahofficial.com\/wordpress\/wp-content\/themes\/dahofficial\/presse\/leschansonsdelinnocence\/presse_20150300_NumeroHomme.pdf\" target=\"_blank\" rel=\"noopener noreferrer\"> , Etienne Daho le pape de la pop par Peter Lindbergh <\/a><br \/>\n<strong>Ouest France<\/strong>, 4 mai 2015, article internet, <a href=\"https:\/\/www.ouest-france.fr\/bretagne\/avec-etienne-daho-cetait-la-gloire-ou-le-caniveau-3381469\" target=\"_blank\" rel=\"noopener noreferrer\"> ,  \u00ab Avec \u00c9tienne Daho, c&rsquo;\u00e9tait la gloire ou le caniveau \u00bb <\/a>.<br \/>\n<strong>France TV Info (Web)<\/strong>, 23 novembre 2015, <a href=\"http:\/\/culturebox.francetvinfo.fr\/musique\/rock\/les-nus-renaissent-grace-a-etienne-daho-231277\" target=\"_blank\" rel=\"noopener noreferrer\"> ,  \u00ab &lsquo;Les Nus&rsquo; renaissent gr\u00e2ce \u00e0 Etienne Daho \u00bb <\/a><br \/>\n<strong>Les Inrocks<\/strong>, 4 mai 2016, <a href=\"http:\/\/www.lesinrocks.com\/2016\/05\/04\/musique\/1986-etienne-daho-11817232\/\" target=\"_blank\" rel=\"noopener noreferrer\"> , Les Inrockuptibles ont \u00e9lu  \u00ab Pop Satori \u00bb  album de l\u2019ann\u00e9e 1986<\/a>.<br \/>\n<strong>Pop Matters (USA)<\/strong>, 6 juillet 2016, <a href=\"http:\/\/www.popmatters.com\/column\/the-veridical-dream-running-on-empty-with-etienne-daho\/\" target=\"_blank\" rel=\"noopener noreferrer\"> ,  \u00ab The veridical dream \u00bb <\/a>.<br \/>\n<strong>Air France Magazine<\/strong>, septembre 2016, <a href=\"http:\/\/magazines.airfrance.com\/fr\/air-france-magazine\/233-septembre-2016\/#148\" target=\"_blank\" rel=\"noopener noreferrer\"> ,  \u00ab Rennes Front Stage \u00bb <\/a>, reportage sur Rennes et sa sc\u00e8ne musicale des ann\u00e9es 80 (\u00e0 partir de la page 148).<br \/>\n<strong>Noisey Magazine<\/strong>, 6 d\u00e9cembre 2016, <a href=\"https:\/\/noisey.vice.com\/fr\/article\/range-tes-disques-etienne-daho\" target=\"_blank\" rel=\"noopener noreferrer\"> ,  \u00ab Range Tes Disques : \u00c9tienne Daho \u00bb <\/a>.<\/dl>\n<p><!-- fin 8.1 Presse ecrite --><\/p>\n<p><!-- d\u00e9but 8.2 Television --><\/dd>\n<dt class=\"accordion_toggler_2\">T\u00e9l\u00e9vision<\/dt>\n<dd class=\"accordion_content accordion_content_2\">\n<dl><strong>Le petit journal<\/strong> , Canal Plus, 10 juin 2013, pr\u00e9sentation de <em>Les chansons de l&rsquo;innocence<\/em> lors de la  \u00ab m\u00e9t\u00e9o d&rsquo;Ariel \u00bb<br \/>\n<strong>Monte le son<\/strong>, France 4, 15 juin 2013, rediffusion le 21 juin 2013, pr\u00e9sentation par Philippe Man\u0153uvre de l&rsquo;album  \u00ab Pop Satori \u00bb  dans  \u00ab Pourquoi c&rsquo;est culte ?  \u00bb <a href=\"http:\/\/www.france4.fr\/emissions\/monte-le-son\" target=\"_blank\" rel=\"noopener noreferrer\"> A revoir l&rsquo;\u00e9mission compl\u00e8te ici<\/a>, ou juste  \u00ab Pourquoi c&rsquo;est culte ? \u00bb  <a href=\"http:\/\/youtu.be\/lrZV2GzrhgA\" target=\"_blank\" rel=\"noopener noreferrer\"> sur Youtube ici.<\/a><br \/>\n<strong>Feu d&rsquo;artifice du 14 juillet<\/strong> , France 2, 14 juillet 2013, extrait de <em>Tomb\u00e9 pour la France<\/em> lors du feu d&rsquo;Artifice de Paris.<br \/>\n<strong>D\u00e9cibels<\/strong> , T\u00e9l\u00e9 Melody, du 5 au 11 octobre 2013, rediffusion de l&rsquo;\u00e9mission du 12 juillet 1988 de France 3 tous les jours du 5 au 11 octobre 2013 et \u00e0 diff\u00e9rentes heures.<br \/>\n<strong>JT 20h<\/strong> , TF1 , 16 novembre 2013, reportage et interview par Claire Chazal.<br \/>\n<strong>Le grand journal<\/strong> , Canal +, 21 novembre 2013.<br \/>\n<strong>Grand public<\/strong> , France2, 23 novembre 2013, interview r\u00e9alis\u00e9e par A\u00efda Touihri.<br \/>\n<strong>Alcaline<\/strong> , France2, 3 d\u00e9cembre 2013, pr\u00e9sentation de l&rsquo;album et interview.<br \/>\n<strong>Grand Prix Sacem 2013<\/strong> , Sacem Vid\u00e9o, 4 d\u00e9cembre 2013, remise du prix \u00e0 Etienne pour son<a href=\"http:\/\/dai.ly\/x17z77j\" target=\"_blank\" rel=\"noopener noreferrer\">   \u00ab Grand Prix de la chanson franc\u0327aise \u00bb <\/a><br \/>\n<strong>C&rsquo;est qui le patron ?<\/strong>, Le Mouv Vid\u00e9o, 6 d\u00e9cembre 2013, interview du patron des Transmusicales de Rennes  \u00ab Jean-Louis Brossard \u00bb  et Etienne, <a href=\"http:\/\/dai.ly\/x18267j\" target=\"_blank\" rel=\"noopener noreferrer\">\u00e0 revoir ici<\/a><br \/>\n<strong>Le Grand Journal &#8211; Live<\/strong>, Canal Plus, 31 janvier 2014, 3 titres live d&rsquo;Etienne : <a href=\"http:\/\/www.canalplus.fr\/c-divertissement\/c-musique\/pid5065-live-du-grand-journal.html?vid=1012911\" target=\"_blank\" rel=\"noopener noreferrer\"><em>La peau dure<\/em><\/a> , <a href=\"http:\/\/www.canalplus.fr\/c-divertissement\/c-musique\/pid5065-live-du-grand-journal.html?vid=1012933\" target=\"_blank\" rel=\"noopener noreferrer\"><em>En surface<\/em><\/a> , <a href=\"http:\/\/www.canalplus.fr\/c-divertissement\/c-musique\/pid5065-live-du-grand-journal.html?vid=1012934\" target=\"_blank\" rel=\"noopener noreferrer\"><em>Le grand sommeil<\/em><\/a> Ces vid\u00e9os ne sont plus disponible sur le site de Canal Plus.<br \/>\n<strong>C&rsquo;est \u00e0 vous<\/strong>, France 5, 6 f\u00e9vrier 2014, Interview d&rsquo;Etienne \u00e0 revoir sur le site de France 5 : <a href=\"http:\/\/www.france5.fr\/emissions\/c-a-vous\/diffusions\/06-02-2014_187666\" target=\"_blank\" rel=\"noopener noreferrer\"> \u00ab 1\u00e8re partie \u00bb <\/a> , <a href=\"http:\/\/www.france5.fr\/emissions\/c-a-vous\/videos\/96147557\" target=\"_blank\" rel=\"noopener noreferrer\">2\u00e8me partie \u00bb <\/a>, de l&rsquo;\u00e9mission.<br \/>\n<strong>Alcaline<\/strong> , France2, 20 f\u00e9vrier 2014, Interview, sur plateau, <em>En surface , Le grand sommeil (en duo avec Lescop)<\/em><br \/>\n<strong>Entr\u00e9 Libre<\/strong>, France 5, 8 et 10 mai 2014, pr\u00e9sent\u00e9 par Laurent Goumarre, interview.<br \/>\n<strong>Ben &amp; Bertie Show &lsquo;L&rsquo;incruste&rsquo;<\/strong>, Paris Premi\u00e8re, 16 mai 2014, rediffusion les 25, 30, 31 mai, 1 et 13 juin 2014, <a href=\"http:\/\/youtu.be\/Z9vafuAtEaw\" target=\"_blank\" rel=\"noopener noreferrer\"> \u00ab Bande annonce ici \u00bb <\/a>.<br \/>\n<strong>Hep Taxi<\/strong>, RTBF2 (Belgique), 3 juin 2014, rediffusion les 8, 9 juin et 24 ao\u00fbt 2014. D\u00e9couvrez <a href=\"https:\/\/ds1.static.rtbf.be\/article\/pdf\/daho-1401711251.pdf\" target=\"_blank\" rel=\"noopener noreferrer\"> \u00ab l&rsquo;interview ici \u00bb <\/a>.<br \/>\n<strong>64mn Page Culture<\/strong>, TV5 Monde, 5 juillet 2014, <a href=\"https:\/\/www.youtube.com\/watch?v=R9KdG_DMYIo\" target=\"_blank\" rel=\"noopener noreferrer\"> \u00ab La page culture  \u00bb  ici<\/a>.<br \/>\n<strong>Journal 20h<\/strong>, TF1, 6 juillet 2014, <a href=\"http:\/\/www.wat.tv\/video\/etienne-daho-retour-sur-scene-6x7pn_2i6xp_.html\" target=\"_blank\" rel=\"noopener noreferrer\"> \u00ab Etienne Daho, un retour sur sc\u00e8ne plein d&rsquo;\u00e9motion \u00bb ,  ici<\/a>.<br \/>\n<strong>Journal 13h<\/strong>, RTBF (Belgique), 1 novembre 2014, <a href=\"http:\/\/www.rtbf.be\/video\/detail_jt-13h?id=1967835\" target=\"_blank\" rel=\"noopener noreferrer\"> Reportage, Interview, Extraits du concert<\/a>, 22\u00e8me minute.<br \/>\n<strong>Nouvelles star 2015 : Saison 4<\/strong>, D8, 26 f\u00e9vrier 2015, Martial chante  \u00ab Week-end \u00e0 Rome \u00bb  d&rsquo;Etienne Daho lors du quart de finale de Nouvelle Star.<a href=\"https:\/\/www.youtube.com\/watch?v=Gvl6n6fv8V0\" target=\"_blank\" rel=\"noopener noreferrer\"> ici \u00e0 revoir<\/a>.<br \/>\n<strong>Je t&rsquo;aime : The story of french song<\/strong>, BBC4 (Angleterre), 17 mai 2015, pr\u00e9sent\u00e9 par Petula Clark, <a href=\"https:\/\/vimeo.com\/226188645\" target=\"_blank\" rel=\"noopener noreferrer\"> ici \u00e0 revoir, interview.<\/a>.<br \/>\n<strong>A travers chants<\/strong>, France 3 Bretagne, 3 ao\u00fbt 2015, reportage cr\u00e9ation sur la chanson avec extrait Week end \u00e0 Rome, interview Benoit Cachin, Franck Darcel<br \/>\n<strong>Journal 20h<\/strong>, TF1, 30 ao\u00fbt 2015, <a href=\"http:\/\/lci.tf1.fr\/jt-we\/videos\/2015\/etienne-daho-the-libertines-le-festival-rock-en-seine-fait-le-8649887.html\" target=\"_blank\" rel=\"noopener noreferrer\"> Extrait du JT <\/a> (Reportage sur Rock en Seine, interview). <a href=\"http:\/\/lci.tf1.fr\/jt-we\/videos\/2015\/le-20-heures-du-30-aout-2015-8649306.html\" target=\"_blank\" rel=\"noopener noreferrer\"> JT complet <\/a><br \/>\n<strong>50 mn inside<\/strong>, TF1, 20 septembre 2015, <a href=\"http:\/\/www.tf1.fr\/tf1\/50-mn-inside\/news\/une-star-une-histoire-chanson-un-boomerang-7567811.html\" target=\"_blank\" rel=\"noopener noreferrer\"> ici sur le site de MyTF1<\/a> Une star, une histoire : la chanson <em>Comme un boomerang<\/em>.<br \/>\n<strong>Rone \u00e0 l&rsquo;Olympia<\/strong>, Arte, 2 novembre 2015, Titre <em>Mortelle<\/em> chant\u00e9 par Etienne lors du concert de Rone \u00e0 l&rsquo;Olympia.<br \/>\n<strong>Alcaline, le mag, news<\/strong>, France 2, 5 novembre 2015, pr\u00e9sentation de la sortie de <em>L&rsquo;homme qui marche<\/em>, <a href=\"https:\/\/www.dailymotion.com\/video\/x3dgp8v\" target=\"_blank\" rel=\"noopener noreferrer\"> sur la chaine Dailymotion de l&rsquo;\u00e9mission ici<\/a>.<br \/>\n<strong>C&rsquo;est \u00e0 vous<\/strong>, France 5, 5 novembre 2015, Interview d&rsquo;Etienne, <a href=\"https:\/\/www.youtube.com\/watch?v=EMTNQw6fCNw\" target=\"_blank\" rel=\"noopener noreferrer\"> \u00e0 revoir ici sur la chaine Youtube de l&rsquo;\u00e9mission<\/a>.<br \/>\n<strong>Etienne Daho, Un itin\u00e9raire pop moderne<\/strong>, Arte, 14 novembre 2015 \u00e0 00h05 (sur le site d&rsquo;Arte) et 21 novembre 2015 \u00e0 22h20, <a href=\"http:\/\/concert.arte.tv\/fr\/documentaire-etienne-daho-un-itineraire-pop-moderne\" target=\"_blank\" rel=\"noopener noreferrer\"> Pr\u00e9sentation du reportage<\/a>, r\u00e9alis\u00e9 par Antoine Carlier. Le plan m\u00e9dia d&rsquo;Arte <a href=\"http:\/\/download.pro.arte.tv\/uploads\/DP-DAHO.pdf\" target=\"_blank\" rel=\"noopener noreferrer\"> ici<\/a>.<br \/>\n<strong>Etienne Daho au Koko Theater de Londres<\/strong>, Arte, 14 novembre 2015 \u00e0 00h05 (sur le site d&rsquo;Arte) et 21 novembre 2015 \u00e0 23h15, <a href=\"http:\/\/concert.arte.tv\/fr\/etienne-daho-au-koko-theater-de-londres\" target=\"_blank\" rel=\"noopener noreferrer\"> Pr\u00e9sentation du concert<\/a>, r\u00e9alis\u00e9 par Antoine Carlier, concert enregistr\u00e9 le 23 octobre 2014 \u00e0 Londres au Koko lors du  \u00ab Disk\u00f6noir Tour \u00bb .<br \/>\n<strong>Le Grand Journal<\/strong>, Canal Plus, 18 novembre 2015, interview. <a href=\"http:\/\/www.canalplus.fr\/c-emissions\/c-le-grand-journal\/pid5411-le-grand-journal.html?progid=1329021\" target=\"_blank\" rel=\"noopener noreferrer\"> A red\u00e9couvrir ici<\/a>.<br \/>\n<strong>28 minutes<\/strong>, Arte, 19 novembre 2015, interview, reportage. <a href=\"https:\/\/www.youtube.com\/watch?v=3na4PjNOIJw\" target=\"_blank\" rel=\"noopener noreferrer\"> A red\u00e9couvrir ici<\/a>. A voir \u00e9galement  \u00ab Etienne Daho, vous pr\u00e9f\u00e9rez ? \u00bb . Petite interview enregistr\u00e9e le 10 novembre 2015, avant son passage sur le plateau de 28&prime; <a href=\"https:\/\/www.youtube.com\/watch?v=7sdTmbRjxWc\" target=\"_blank\" rel=\"noopener noreferrer\"> ici sur le chaine Youtube d&rsquo;Arte.<\/a><br \/>\n<strong>Rock &lsquo;N&rsquo; Rennes<\/strong>, France 3, 28 novembre 2015, reportage, interview <a href=\"https:\/\/www.youtube.com\/watch?v=skEe0rI8p8s\" target=\"_blank\" rel=\"noopener noreferrer\"> A red\u00e9couvrir ici le teaser<\/a>. Un film de Erwan Le Guillermic, David Morvan, 52 minutes, diffusion les 28 novembre (France 3 Bretagne), France 3 Nationale le 30 novembre, France 3 Haute et Basse Normandie, Bretagne, Pays de Loire, Centre et Paris Ile-de-France le 10 d\u00e9cembre.<br \/>\n<strong>La vie secr\u00e8te des chansons<\/strong>, France 3, 30 novembre 2015, reportage sur &lsquo;Boulevard des Capucines&rsquo;, <a href=\"https:\/\/www.france.tv\/france-3\/la-vie-secrete-des-chansons\/131183-la-vie-secrete-des-chansons-emission-2.html\" target=\"_blank\" rel=\"noopener noreferrer\"> A red\u00e9couvrir ici le teaser de l&rsquo;\u00e9mission<\/a>.<br \/>\n<strong>JT 13h<\/strong>, France 2, 10 d\u00e9cembre 2015, <a href=\"http:\/\/www.francetvinfo.fr\/replay-jt\/france-2\/13-heures\/jt-de-13h-du-samedi-10-decembre-2016_1951383.html\" target=\"_blank\" rel=\"noopener noreferrer\"> \u00e0 revoir ici<\/a>, reportage pr\u00e9sent\u00e9 par Laurence Piquet.<br \/>\n<strong>Alcaline L&rsquo;Instant<\/strong>, France 2, 15 d\u00e9cembre 2015, <a href=\"http:\/\/pluzz.francetv.fr\/videos\/alcaline_l_instant_,143381616.html\" target=\"_blank\" rel=\"noopener noreferrer\"> \u00e0 revoir ici<\/a>.<br \/>\n<strong>Reportage<\/strong>, France 3 Bretagne, 15 mars 2016, <a href=\"http:\/\/france3-regions.francetvinfo.fr\/bretagne\/ille-et-vilaine\/rennes\/34-ans-plus-tard-la-renaissance-952359.html\" target=\"_blank\" rel=\"noopener noreferrer\"> \u00e0 revoir ici<\/a>. Les Nus : renaissance d&rsquo;un joyau du rock rennais, interview d&rsquo;Etienne.<br \/>\n<strong>Reportage<\/strong>, France 3 Bretagne, 17 mars 2016, <a href=\"http:\/\/culturebox.francetvinfo.fr\/musique\/rock\/les-nus-renaissent-grace-a-etienne-daho-231277\" target=\"_blank\" rel=\"noopener noreferrer\"> \u00e0 revoir ici les deux reportages pour la t\u00e9l\u00e9vision sur le site de France TV<\/a>. Trente ans apr\u00e8s,  \u00ab Les Nus \u00bb  sortent leur deuxi\u00e8me album gr\u00e2ce \u00e0 Etienne Daho.<br \/>\n<strong>Sam<\/strong>, TF1, 3 mai 2016, S\u00e9rie t\u00e9l\u00e9vis\u00e9, saison 1 \u00e9pisode 3 \u2013 La chanson  \u00ab Comme un boomerang \u00bb  (duo avec Dani) sert de fil conducteur \u00e0 l\u2019\u00e9pisode &#8211; Les passages : G\u00e9n\u00e9rique 0\u201900\u2019&rsquo;&nbsp;, Billets de concerts 4\u201948\u2019\u2019 \u00e0 5\u201930\u00a0\u00bb, Reprise \u00e0 la guitare du titre par un acteur 15\u201934\u2019&rsquo;, Extrait chanson 23\u201918\u2019&rsquo;, Re-billets avec chanson 28\u201930\u2019\u2019, Affiche sp\u00e9ciale cr\u00e9e et invent\u00e9e pour la s\u00e9rie (devant salle de concert) 44\u201930\u00a0\u00bb \u00e0 44\u201942\u2019&rsquo;, dans le g\u00e9n\u00e9rique de fin Warner remerci\u00e9 et chanson cit\u00e9e.<br \/>\n<strong>Le tour du monde en chanson<\/strong>, France 3, 13 juin 2016, pr\u00e9sent\u00e9 par Mireille Dumas,  \u00ab Week end \u00e0 Rome \u00bb , rediffusion de l&rsquo;\u00e9mission le 9 septembre 2017<br \/>\n<strong>Alcaline L&rsquo;Instant<\/strong>, France 2, 26 juillet 2016, <a href=\"http:\/\/pluzz.francetv.fr\/videos\/alcaline_l_instant_,143381616.html\" target=\"_blank\" rel=\"noopener noreferrer\"> \u00e0 revoir ici<\/a>. Rediffusion de l&rsquo;\u00e9mission du 15 d\u00e9cembre 2015.<br \/>\n<strong>Quotidien<\/strong>, TMC, 10 novembre 2016, <a href=\"http:\/\/www.tf1.fr\/tmc\/quotidien-avec-yann-barthes\/videos\/l-interview-d-etienne-daho-mythe-de-pop.html\" target=\"_blank\" rel=\"noopener noreferrer\"> \u00e0 revoir ici<\/a>.<br \/>\n<strong>Sp\u00e9cial TRANS<\/strong>, TVR Rennes, 16 novembre 2016, Interview d&rsquo;Etienne sur ses deux premiers passages au Transmusicales de Rennes de 1979 et 1980 <a href=\"http:\/\/www.tvr.bzh\/programmes\/daho-trans-1978-1479078000\" target=\"_blank\" rel=\"noopener noreferrer\"> \u00e0 revoir ici<\/a>.<br \/>\n<strong>Reportage<\/strong>, LCI, 15 novembre 2016, Etienne Daho \u00e9voque son \u00e9ternelle jeunesse chez Oscar Wilde<a href=\"http:\/\/www.lci.fr\/musique\/etienne-daho-presente-les-reeditions-de-ses-disques-a-l-exposition-oscar-wilde-2012618.html\" target=\"_blank\" rel=\"noopener noreferrer\"> \u00e0 revoir ici<\/a>.<br \/>\n<strong>Alcaline<\/strong>, France 2, 15 d\u00e9cembre 2016, <a href=\"http:\/\/pluzz.francetv.fr\/videos\/alcaline_,150137915.html\" target=\"_blank\" rel=\"noopener noreferrer\"> \u00e0 revoir ici<\/a>.<br \/>\n<strong>Jukebox<\/strong>, Arte, 15 juin 2017, Reportage de 3&rsquo;25 sur l&rsquo;ann\u00e9e 1984 et la chanson  \u00ab Week end \u00e0 Rome \u00bb .<br \/>\n<strong>Quotidien<\/strong>, TMC, 27 juin 2017, Blondie passe au crible des personnalit\u00e9s du moment dont Etienne.<br \/>\n<strong>Les copains d&rsquo;abord, ann\u00e9es 80<\/strong>, France 2, 31 ao\u00fbt 2017, reprise de  \u00ab Week end \u00e0 Rome \u00bb  par Julien Dor\u00e9 au piano, <a href=\"http:\/\/www.tf1.fr\/tmc\/quotidien-avec-yann-barthes\/videos\/l-interview-d-etienne-daho-mythe-de-pop.html\" target=\"_blank\" rel=\"noopener noreferrer\"> \u00e0 revoir ici<\/a>.<br \/>\n<strong>Le tour du monde en chanson<\/strong>, France 3, 9 septembre 2017, pr\u00e9sent\u00e9 par Mireille Dumas,  \u00ab Week end \u00e0 Rome \u00bb , rediffusion de l&rsquo;\u00e9mission du 13 juin 2016<\/dl>\n<p><!-- fin 8.2 Television --><\/p>\n<p><!-- debut 8.3 Radio --><\/dd>\n<dt class=\"accordion_toggler_2\">Radio<\/dt>\n<dd class=\"accordion_content accordion_content_2\">\n<dl><strong>Le grand morning<\/strong>, RTL2, 10 juin 2013, Etienne interview\u00e9 par Christophe Nicolas et Agathe Lecaron<br \/>\n<strong>Laissez-vous tenter<\/strong>, RTL, 10 juin 2013, Pr\u00e9sentation par Anthony Martin<br \/>\n<strong>Comme on nous parle<\/strong>, France Inter, 11 juin 2013, <a href=\"http:\/\/www.franceinter.fr\/player\/reecouter?play=655682\" target=\"_blank\" rel=\"noopener noreferrer\">\u00e0 r\u00e9\u00e9couter ici<\/a>, Etienne interview\u00e9 par Pascale Clark<br \/>\n<strong>La bande passante<\/strong>, RFI, 11 septembre 2013, <a href=\"http:\/\/www.rfi.fr\/emission\/20130911-1-etienne-daho\" target=\"_blank\" rel=\"noopener noreferrer\">\u00e0 r\u00e9\u00e9couter ici<\/a>, Chronique d&rsquo;Anne Verdaguer sur <em>La peau dure<\/em><br \/>\n<strong>Musique Maestro<\/strong>, Bel RTL (Belgique), 30 septembre 2013, <a href=\"http:\/\/www.rtl.be\/videobelrtl\/video\/459369.aspx?CategoryID=2551\" target=\"_blank\" rel=\"noopener noreferrer\">\u00e0 r\u00e9\u00e9couter ici<\/a>, Chronique  \u00ab Les histoires qui font la musique \u00bb  pr\u00e9par\u00e9es et cont\u00e9es par Serge Jonckers.<br \/>\n<strong>Les incontournables d&rsquo;Europe 1<\/strong>, Europe 1, 9 novembre 2013, <a href=\"http:\/\/www.europe1.fr\/MediaCenter\/Emissions\/Nikos-Aliagas\/Sons\/Etienne-Daho-Les-incontournables-d-Europe-1-1703039\/\" target=\"_blank\" rel=\"noopener noreferrer\">\u00e0 r\u00e9\u00e9couter ici<\/a>, Nikos Aliagas re\u00e7oit Etienne Daho \u00e0 l&rsquo;occasion de la sortie de son album <em>Les chansons de l&rsquo;innocence retrouv\u00e9e<\/em>.<br \/>\n<strong>Les Essentiels de &#8230; <\/strong>, RTL, 10 novembre 2013, <a href=\"http:\/\/www.rtl.fr\/emission\/les-essentiels-de\/ecouter\/les-essentiels-d-etienne-daho-7766631876\/\" target=\"_blank\" rel=\"noopener noreferrer\">\u00e0 r\u00e9\u00e9couter ici<\/a>,  \u00ab Les Essentiels d&rsquo;Etienne Daho \u00bb  pr\u00e9sent\u00e9 par Marie Drucker<br \/>\n<strong>Eclectik<\/strong>, France Inter, 17 novembre 2013, Pr\u00e9sentation par Rebecca Manzoni, <a href=\"http:\/\/www.franceinter.fr\/player\/export-reecouter?content=755034\" target=\"_blank\" rel=\"noopener noreferrer\">\u00e0 r\u00e9\u00e9couter ici<\/a><br \/>\n<strong>Laissez-vous tenter<\/strong>, RTL, 18 novembre 2013, <a href=\"http:\/\/www.dailymotion.com\/video\/x17bq0c_laissez-vous-tenter-du-18-novembre-2013-avec-tom-hanks-etienne-daho-et-khaled-hosseini_news\" target=\"_blank\" rel=\"noopener noreferrer\">\u00e0 r\u00e9\u00e9couter ici<\/a><br \/>\n<strong>Ce qui nous arrive en musique<\/strong>, France Culture, 21 novembre 2013, Chronique par Matthieu Conquet, <a href=\"http:\/\/www.franceculture.fr\/emission-ce-qui-nous-arrive-en-musique-daho-a-l\u2019essence-violons-remix-william-blake-et-l\u2019adolescence\" target=\"_blank\" rel=\"noopener noreferrer\">\u00e0 r\u00e9\u00e9couter ici<\/a><br \/>\n<strong>Les choix de Rebecca<\/strong>, Radio Canada, 28 novembre 2013, <a href=\"http:\/\/www.youtube.com\/watch?v=yyywp3HKucE&amp;feature=youtu.be\" target=\"_blank\" rel=\"noopener noreferrer\">\u00e0 r\u00e9\u00e9couter ici<\/a><br \/>\n<strong>Jour de Fred<\/strong>, France Inter, 3 d\u00e9cembre 2013, pr\u00e9sent\u00e9 par Fr\u00e9d\u00e9ric Mitterand <a href=\"http:\/\/www.franceinter.fr\/emission-jour-de-fred-etienne-daho-retrouve-linnocence\" target=\"_blank\" rel=\"noopener noreferrer\">\u00e0 r\u00e9\u00e9couter ici<\/a><br \/>\n<strong>Les incontournables d&rsquo;Europe 1 &#8211; Best Of<\/strong>, Europe 1, 28 d\u00e9cembre 2013, <a href=\"http:\/\/www.europe1.fr\/MediaCenter\/Emissions\/Nikos-Aliagas\/Sons\/Les-incontournables-d-Europe-1-Best-of-du-28-12-2013-1755821\/\" target=\"_blank\" rel=\"noopener noreferrer\">\u00e0 r\u00e9\u00e9couter ici<\/a>.<br \/>\n<strong>Regarde un peu la France<\/strong>, France Inter, 18 janvier 2014, pr\u00e9sent\u00e9 par Didier Varrod <a href=\"http:\/\/www.franceinter.fr\/emission-regarde-un-peu-la-france-etienne-daho-linnocence-retrouvee\" target=\"_blank\" rel=\"noopener noreferrer\">\u00e0 r\u00e9\u00e9couter ici<\/a><br \/>\n<strong>Ce qui nous arrive ne musique<\/strong>, France Culture, 28 mars 2014, pr\u00e9sent\u00e9 par Matthieu Conquet <a href=\"http:\/\/www.franceculture.fr\/emission-ce-qui-nous-arrive-en-musique-la-notte-la-notte-30-ans-apres-2014-03-28\" target=\"_blank\" rel=\"noopener noreferrer\">\u00e0 r\u00e9\u00e9couter ici<\/a><br \/>\n<strong>Label Pop<\/strong>, France Musique, 5 mai 2014, pr\u00e9sent\u00e9 par Vincent Th\u00e9val <a href=\"http:\/\/www.francemusique.fr\/emission\/label-pop\/2013-2014\/etienne-daho-en-interview-05-05-2014-12-43\" target=\"_blank\" rel=\"noopener noreferrer\">\u00e0 r\u00e9\u00e9couter ici<\/a><br \/>\n<strong>Comme on nous parle<\/strong>, France Inter, 6 mai 2014, pr\u00e9sent\u00e9 par Pascale Clark <a href=\"http:\/\/www.franceinter.fr\/emission-comme-on-nous-parle-etienne-daho-0\" target=\"_blank\" rel=\"noopener noreferrer\">\u00e0 r\u00e9\u00e9couter ici<\/a><br \/>\n<strong>RenDez-Vous<\/strong>, France Culture, 9 mai 2014, pr\u00e9sent\u00e9 par Laurent Goumarre <a href=\"http:\/\/www.franceculture.fr\/emission-le-rendez-vous-le-rdv-du-090514-avec-etienne-daho-christine-angot-et-owlle-au-palais-de-tok\" target=\"_blank\" rel=\"noopener noreferrer\">\u00e0 r\u00e9\u00e9couter ici<\/a><br \/>\n<strong>Magasin Central<\/strong>, Le Mouv, 7 mai 2014, pr\u00e9sent\u00e9 par Matthieu Culleron et Pierre Siankowski <a href=\"http:\/\/www.lemouv.fr\/diffusion-daho-en-interview-et-av-en-session\" target=\"_blank\" rel=\"noopener noreferrer\">\u00e0 r\u00e9\u00e9couter ici<\/a><br \/>\n<strong>Le Choix Culture<\/strong>, France Info, 30 juin 2014, chronique avec interview, <a href=\"http:\/\/www.franceinfo.fr\/emission\/le-choix-culture\/2013-2014\/etienne-daho-de-retour-sur-scene-06-30-2014-08-25\" target=\"_blank\" rel=\"noopener noreferrer\">\u00e0 r\u00e9\u00e9couter ici en bas de page du lien<\/a><br \/>\n<strong>Laissez-vous tenter<\/strong>, RTL, 1 juillet 2014, <a href=\"https:\/\/www.youtube.com\/watch?v=Y7tVi4qhTU0\" target=\"_blank\" rel=\"noopener noreferrer\"> \u00e0 r\u00e9\u00e9couter ici<\/a><br \/>\n<strong>Le coup de c\u0153ur de Philippe Lef\u00e9bure<\/strong>, France Inter, 13 novembre 2014, <a href=\"http:\/\/www.franceinter.fr\/player\/reecouter?play=1002765\" target=\"_blank\" rel=\"noopener noreferrer\"> \u00e0 r\u00e9\u00e9couter ici<\/a><br \/>\n<strong>Pour un oui, pour un son<\/strong>, RTS (Suisse), 9 juillet 2015, Etienne Daho : L&rsquo;innocence retrouv\u00e9e (1\/2)<a href=\"http:\/\/pages.rts.ch\/la-1ere\/programmes\/pour-un-oui-pour-un-son\/6903851-pour-un-oui-pour-un-son-du-19-07-2015.html\" target=\"_blank\" rel=\"noopener noreferrer\"> \u00e0 r\u00e9\u00e9couter ici<\/a>.<br \/>\n<strong>Pour un oui, pour un son<\/strong>, RTS (Suisse), 16 juillet 2015, Etienne Daho : L&rsquo;innocence retrouv\u00e9e (2\/2)<a href=\"http:\/\/pages.rts.ch\/la-1ere\/programmes\/pour-un-oui-pour-un-son\/6928026-pour-un-oui-pour-un-son-du-26-07-2015.html\" target=\"_blank\" rel=\"noopener noreferrer\"> \u00e0 r\u00e9\u00e9couter ici<\/a>.<br \/>\n<strong>La playlist d&rsquo;Inter<\/strong>, France Inter, 6 octobre 2015,  \u00ab Etienne Daho, l&rsquo;homme qui marche en chantant \u00bb  pr\u00e9sent\u00e9 par Didier Varrod, <a href=\"https:\/\/www.franceinter.fr\/emissions\/la-playlist-d-inter\/la-playlist-d-inter-06-octobre-2015\" target=\"_blank\" rel=\"noopener noreferrer\"> \u00e0 r\u00e9\u00e9couter ici<\/a>.<br \/>\n<strong>Un dimanche avec Etienne Daho<\/strong>, RFM, 8 novembre 2015, <a href=\"http:\/\/www.rfm.fr\/videos\/VIDEO-Etienne-Daho-en-interview-dans-Un-dimanche-avec-Karine-1006\" target=\"_blank\" rel=\"noopener noreferrer\"> \u00e0 r\u00e9\u00e9couter ici<\/a>, pr\u00e9sent\u00e9 par Karine Ferri.<br \/>\n<strong>Ping Pong<\/strong>, France Culture, 12 novembre 2015, <a href=\"http:\/\/www.franceculture.fr\/emission-ping-pong-etienne-daho-omar-victor-diop-l-homme-pop-le-remix-pictural-2015-11-12\" target=\"_blank\" rel=\"noopener noreferrer\"> \u00e0 r\u00e9\u00e9couter ici<\/a>, pr\u00e9sent\u00e9 par Mathilde Serrell et Martin Quenehen.<br \/>\n<strong>Sortez du cadre<\/strong>, Europe 1, 21 novembre 2015, <a href=\"http:\/\/www.europe1.fr\/emissions\/sortez-du-cadre\/sortez-du-cadre-211115-2623845\" target=\"_blank\" rel=\"noopener noreferrer\"> \u00e0 r\u00e9\u00e9couter ici<\/a>, pr\u00e9sent\u00e9 par Nikos.<br \/>\n<strong>La vie est un je<\/strong>, France Inter, 21 novembre 2015, <a href=\"http:\/\/www.franceinter.fr\/emission-la-vie-est-un-je-etienne-daho\" target=\"_blank\" rel=\"noopener noreferrer\"> \u00e0 r\u00e9\u00e9couter ici<\/a>, interview par Daphn\u00e9 Roulier.<br \/>\n<strong>Option Musique<\/strong>, RTS (Suisse), 14 janvier 2016, Journ\u00e9e sp\u00e9ciale o\u00f9 la radio Suisse f\u00eate les 60 ans d&rsquo;Etienne.<br \/>\n<strong>Hors Champs<\/strong>, France Culture, 18 mars 2016, <a href=\"https:\/\/www.franceculture.fr\/emissions\/les-nuits-de-france-culture\/hors-champs-etienne-daho-1ere-diffusion-18032016\" target=\"_blank\" rel=\"noopener noreferrer\"> \u00e0 d\u00e9couvrir ici sur le site de la radio<\/a>. Pr\u00e9sent\u00e9 par Laure Adler.<br \/>\n<strong>Comment te dire Hardy<\/strong>, France Inter, juillet et ao\u00fbt 2016, diffusion sur 9 samedis \u00e0 17h, avec Etienne en invit\u00e9 dans certains \u00e9pisodes, <a href=\"https:\/\/www.franceinter.fr\/emissions\/comment-te-dire-hardy\" target=\"_blank\" rel=\"noopener noreferrer\"> \u00e0 r\u00e9\u00e9couter ici<\/a>, une \u00e9mission de Didier Varrod.<br \/>\n<strong>Comment te dire Hardy<\/strong>, France Inter, 2 juillet 2016, Episodes 1 &#8211; La maison o\u00f9 j\u2019ai grandi &#8211; Nous d\u00e9couvrons l&rsquo;enfance, l&rsquo;adolescence et les d\u00e9buts de Fran\u00e7oise Hardy, \u00e0 la lumi\u00e8re de ses souvenirs et des t\u00e9moignages de ses proches. <a href=\"https:\/\/www.franceinter.fr\/emissions\/comment-te-dire-hardy\/comment-te-dire-hardy-02-juillet-2016\" target=\"_blank\" rel=\"noopener noreferrer\"> A r\u00e9\u00e9couter ici<\/a>, une \u00e9mission de Didier Varrod, interview d&rsquo;Etienne (8&rsquo;35\u00a0\u00bb et 35&rsquo;58\u00a0\u00bb)<br \/>\n<strong>Back to back<\/strong>, France Inter, 5 juillet 2016, <a href=\"https:\/\/www.franceinter.fr\/emissions\/back-back\" target=\"_blank\" rel=\"noopener noreferrer\"> A r\u00e9\u00e9couter ici<\/a>, pr\u00e9sent\u00e9 par M\u00e9lanie Bauer avec comme invit\u00e9 Etienne.<br \/>\n<strong>Comment te dire Hardy<\/strong>, France Inter, 9 juillet 2016, Episode 2 &#8211; Le temps de l&rsquo;amour &#8211; Dans les ann\u00e9es 60, Fran\u00e7oise Hardy connait ses premiers succ\u00e8s. <a href=\"https:\/\/www.franceinter.fr\/emissions\/comment-te-dire-hardy\/comment-te-dire-hardy-09-juillet-2016\" target=\"_blank\" rel=\"noopener noreferrer\"> A r\u00e9\u00e9couter ici<\/a>, une \u00e9mission de Didier Varrod, interview d&rsquo;Etienne (29&rsquo;50\u00a0\u00bb, 45&rsquo;25\u00a0\u00bb et 49&rsquo;48\u00a0\u00bb)<br \/>\n<strong>Laissez-vous tenter<\/strong>, RTL, 16 juillet 2016, interview et \u00e9mission sur les 30 ans de  \u00ab Pop Satori \u00bb<br \/>\n<strong>Comment te dire Hardy<\/strong>, France Inter, 16 juillet 2016, Episode 3 &#8211; Premi\u00e8res rencontres &#8211; A la fin des ann\u00e9es 60, Fran\u00e7oise Hardy est une ic\u00f4ne. <a href=\"https:\/\/www.franceinter.fr\/emissions\/comment-te-dire-hardy\/comment-te-dire-hardy-16-juillet-2016\" target=\"_blank\" rel=\"noopener noreferrer\"> A r\u00e9\u00e9couter ici<\/a>, une \u00e9mission de Didier Varrod, interview d&rsquo;Etienne (14&rsquo;49\u00a0\u00bb et 50&rsquo;45\u00a0\u00bb)<br \/>\n<strong>Pop Story, les duos avec Etienne Daho<\/strong>, France Bleu, 16 juillet 2016, Par Atelier de cr\u00e9ation Grand-Est et Marc Toesca. <a href=\"https:\/\/www.francebleu.fr\/emissions\/pop-story\/pop-story-du-samedi-16-juillet-2016?xtmc=daho&amp;xtnp=1&amp;xtcr=3\" target=\"_blank\" rel=\"noopener noreferrer\"> A r\u00e9\u00e9couter ici<\/a>.<br \/>\n<strong>Des oreilles plein les yeux<\/strong>, France Inter, 23 juillet 2016, Emission sur le Midi Festival de Hy\u00e8res o\u00f9 Etienne est le parrain.<br \/>\n<strong>Comment te dire Hardy<\/strong>, France Inter, 23 juillet 2016, Episode 4 &#8211; L\u2019amour en priv\u00e9 <a href=\"https:\/\/www.franceinter.fr\/emissions\/comment-te-dire-hardy\/comment-te-dire-hardy-23-juillet-2016\" target=\"_blank\" rel=\"noopener noreferrer\"> A r\u00e9\u00e9couter ici<\/a>, une \u00e9mission de Didier Varrod, interview d&rsquo;Etienne (49&rsquo;45\u00a0\u00bb)<br \/>\n<strong>Laissez-vous tenter<\/strong>, RTL, 25 juillet 2016, l&rsquo;album en or du jour est l\u2019album Pop Satori d&rsquo;\u00c9tienne Daho, <a href=\"http:\/\/www.rtl.fr\/culture\/arts-spectacles\/etienne-daho-et-kev-adams-dans-laissez-vous-tenter-du-25-juillet-2016-7784214762\" target=\"_blank\" rel=\"noopener noreferrer\"> A r\u00e9\u00e9couter ici<\/a><br \/>\n<strong>La playlist amoureuse de la chanson<\/strong>, France Inter, 26 juillet 2016, par Bertrand Dicale, textes chansons lus par Vincent Delerm, <a href=\"http:\/\/www.franceinfo.fr\/emission\/playlist-amoureuse-de-la-chanson\/2016-ete\/daho-dit-il-daho-26-07-2016-06-25\" target=\"_blank\" rel=\"noopener noreferrer\"> A r\u00e9\u00e9couter ici via le podcast<\/a> Pas d&rsquo;interview.<br \/>\n<strong>Comment te dire Hardy<\/strong>, France Inter, 30 juillet 2016, Episode 5 &#8211; Quelqu&rsquo;un qui s&rsquo;en va <a href=\"https:\/\/www.franceinter.fr\/emissions\/comment-te-dire-hardy\/comment-te-dire-hardy-30-juillet-2016\" target=\"_blank\" rel=\"noopener noreferrer\"> A r\u00e9\u00e9couter ici<\/a>, une \u00e9mission de Didier Varrod.<br \/>\n<strong>L\u00e9gende de stars<\/strong>, France Bleu, 1 ao\u00fbt 2016, pr\u00e9sent\u00e9 par Elodie Suigo. Emission retra\u00e7ant la carri\u00e8re des plus grandes l\u00e9gendes de la chanson fran\u00e7aise et de la vari\u00e9t\u00e9 internationale en 6 chansons, <a href=\"https:\/\/www.francebleu.fr\/emissions\/legende-de-stars\/etienne-daho?xtmc=daho&amp;xtnp=1&amp;xtcr=2\" target=\"_blank\" rel=\"noopener noreferrer\"> A r\u00e9\u00e9couter ici<\/a>.<br \/>\n<strong>Comment te dire Hardy<\/strong>, France Inter, 6 ao\u00fbt 2016, Episode 6 &#8211; Le danger &#8211; 1996, l&rsquo;ann\u00e9e du retour. <a href=\"https:\/\/www.franceinter.fr\/emissions\/comment-te-dire-hardy\/comment-te-dire-hardy-06-aout-2016\" target=\"_blank\" rel=\"noopener noreferrer\"> A r\u00e9\u00e9couter ici<\/a>, une \u00e9mission de Didier Varrod, interview d&rsquo;Etienne (3&rsquo;08&Prime;entre autre, &#8230;)<br \/>\n<strong>Comment te dire Hardy<\/strong>, France Inter, 13 ao\u00fbt 2016, Episode 7 &#8211; Tant de belles choses &#8211; Les ann\u00e9es 2000 marque un retour aux racines. <a href=\"https:\/\/www.franceinter.fr\/emissions\/comment-te-dire-hardy\/comment-te-dire-hardy-13-aout-2016\" target=\"_blank\" rel=\"noopener noreferrer\"> A r\u00e9\u00e9couter ici<\/a>, une \u00e9mission de Didier Varrod, interview d&rsquo;Etienne (30&rsquo;50&Prime;entre autre, &#8230;)<br \/>\n<strong>Comment te dire Hardy<\/strong>, France Inter, 20 ao\u00fbt 2016, Episode 8 &#8211; Rendez-vous dans une autre vie <a href=\"https:\/\/www.franceinter.fr\/emissions\/comment-te-dire-hardy\/comment-te-dire-hardy-20-aout-2016\" target=\"_blank\" rel=\"noopener noreferrer\"> A r\u00e9\u00e9couter ici<\/a>, une \u00e9mission de Didier Varrod, interview d&rsquo;Etienne (12&rsquo;50&Prime;entre autre, &#8230;)<br \/>\n<strong>Comment te dire Hardy<\/strong>, France Inter, 27 ao\u00fbt 2016, Episode 9 et dernier &#8211; Star &#8211;  \u00ab J&rsquo;ai rendez-vous avec vous \u00bb  aurait pu \u00eatre le sous-titre de cette s\u00e9rie, puisque Didier Varrod est all\u00e9 \u00e0 sa rencontre, semaine apr\u00e8s semaine, pour refaire le film \u00e0 l\u2019envers. <a href=\"https:\/\/www.franceinter.fr\/emissions\/comment-te-dire-hardy\/comment-te-dire-hardy-27-aout-2016\" target=\"_blank\" rel=\"noopener noreferrer\"> A r\u00e9\u00e9couter ici<\/a>. Une \u00e9mission de Didier Varrod, interview d&rsquo;Etienne (48&rsquo;30&Prime;entre autre, &#8230;)<br \/>\n<strong>La pop rock story d\u2019Etienne Daho<\/strong>, RTL2, 11 septembre 2016<br \/>\n<strong>Le Grand Studio RTL<\/strong>, RTL, 7 octobre 2016 2016, Dani reprend seule <em>Comme un boomerang<\/em> en live sur le plateau. <a href=\"https:\/\/youtu.be\/Pc-FVvHxIdY\" target=\"_blank\" rel=\"noopener noreferrer\"> A revoir ici en vid\u00e9o<\/a><br \/>\n<strong>France Bleu Soir<\/strong>, France Bleu, 17 novembre 2016, pr\u00e9sent\u00e9 par Arnold Derek, Etienne en est l&rsquo;invit\u00e9.<a href=\"https:\/\/www.francebleu.fr\/emissions\/france-bleu-soir-l-invite\/etienne-daho-invite-de-france-bleu-soir?xtmc=daho&amp;xtnp=1&amp;xtcr=1\" target=\"_blank\" rel=\"noopener noreferrer\"> A r\u00e9\u00e9couter ici<\/a>.<br \/>\n<strong>Clap Hands<\/strong>, RTL2, 18 novembre 2016, Ga\u00ebtan Roussel re\u00e7oit Etienne Daho pour une heure de musique et d&rsquo;interview, <a href=\"http:\/\/www.rtl2.fr\/actu\/etienne-daho-dans-clap-hands-presente-par-gaetan-roussel-7785836578\" target=\"_blank\" rel=\"noopener noreferrer\"> A r\u00e9\u00e9couter ici<\/a>.<br \/>\n<strong>Continent musiques<\/strong>, France Culture, 25 novembre 2016, \u00ab Chez Marianne Faithfull avec Etienne Daho \u00bb , La chanteuse et com\u00e9dienne Marianne Faithfull re\u00e7oit France Culture chez elle en compagnie du chanteur fran\u00e7ais Etienne Daho pour un dialogue en musiques, au gr\u00e9 des vinyles et des souvenirs. <a href=\"https:\/\/www.franceculture.fr\/emissions\/continent-musiques\/marianne-faithfull-et-etienne-daho-une-rencontre-en-musiques#\" target=\"_blank\" rel=\"noopener noreferrer\"> A r\u00e9\u00e9couter ici<\/a>.<br \/>\n<strong>Music Club<\/strong>, Europe1, 26 novembre 2016,  \u00ab Retrouvez Etienne Daho dans l&rsquo;Europe 1 Music Club aux C\u00f4t\u00e9s d&rsquo;Emilie Mazoyer et Jean Philippe Balasse. \u00bb . <a href=\"http:\/\/www.europe1.fr\/emissions\/europe-1-music-club\/etienne-daho-dans-leurope-1-music-club-2911910\" target=\"_blank\" rel=\"noopener noreferrer\"> A r\u00e9\u00e9couter ici<\/a>.<br \/>\n<strong>Foule sentimentale<\/strong>, France Inter, 16 d\u00e9cembre 2016. Autour d\u2019Etienne Daho :<br \/>\nCalypso Valois, Yan Wagner, Dani, Lou Lesage, Moodo\u00efd, Minou, Ultra Orange, Ariel Kenig, Awir Leon, Thibault Prevost, Robin Tassel. Pr\u00e9sent\u00e9 par Didier Varrod, <a href=\"https:\/\/www.franceinter.fr\/emissions\/foule-sentimentale\/foule-sentimentale-16-decembre-2016\" target=\"_blank\" rel=\"noopener noreferrer\"> A r\u00e9\u00e9couter ici<\/a>.<br \/>\n<strong>La fran\u00e7aise pop<\/strong>, Radio Nova, 18 d\u00e9cembre 2016, Le rendez-vous de la pop made in France tous les dimanche \u00e0 21h, <a href=\"http:\/\/www.novaplanet.com\/radionova\/68687\/episode-la-francaise-pop-avec-etienne-daho\" target=\"_blank\" rel=\"noopener noreferrer\"> A r\u00e9\u00e9couter ici<\/a>.<br \/>\n<strong>L&rsquo;heure bleue<\/strong>, France Inter, 20 d\u00e9cembre 2016.  \u00ab Insaisissable, incasable aussi, dans tous les sens du terme, Etienne Daho, toujours aussi pudique, r\u00e9serv\u00e9 et ultrasensible viendra se raconter. \u00bb  Pr\u00e9sent\u00e9 par Laure Adler, <a href=\"https:\/\/www.franceinter.fr\/emissions\/l-heure-bleue\/l-heure-bleue-20-decembre-2016\" target=\"_blank\" rel=\"noopener noreferrer\"> A r\u00e9\u00e9couter ici<\/a>.<br \/>\n<strong>Le Drive<\/strong>, RTL2, 15 juin 2017, Ours reprend  \u00ab Duel au soleil \u00bb  en live pendant l&rsquo;\u00e9mission.<br \/>\n<strong>Un \u00e9t\u00e9 en Souchon<\/strong>, France Info, juillet 2017  \u00ab Le Condamn\u00e9 \u00e0 mort \u00bb , interview de Souchon sur cette chanson avec entre la reprise d&rsquo;Etienne.<br \/>\n<strong>Caresses et d\u00e9couvertes au Midi Festival<\/strong>, Nova Planet, 22 juillet 2017, interview.<\/dl>\n<\/dd>\n<\/dl>\n<p><!-- fin 8.3 Radio --><\/dd>\n<\/dl>\n<p><!-- fin accordeon 8 --><\/p>\n<\/div>\n<\/div>\n<p><!-- fin accord\u00e9on REVUE DE PRESSE 8 --><\/p>\n<p><!-- liseret gris --><\/p>\n<p><img loading=\"lazy\" decoding=\"async\" style=\"border: none;\" src=\"https:\/\/dahofficial.com\/wordpress\/wp-content\/themes\/dahofficial\/images\/ttr_bio_page.gif\" border=\"0\" alt=\"\" width=\"560\" height=\"34\"><\/p>\n<p><!-- PHOTOS 9 --><\/p>\n<p><a style=\"border: none;\" name=\"revue\"><img loading=\"lazy\" decoding=\"async\" style=\"border: none; margin-bottom: 25px;\" src=\"https:\/\/dahofficial.com\/wordpress\/wp-content\/themes\/dahofficial\/images\/photos.png\" border=\"0\" alt=\"\" width=\"561\" height=\"36\"><\/a><\/p>\n<div class=\"wondercarousellightbox_options\" data-skinsfoldername=\"\"  data-jsfolder=\"http:\/\/dahofficial.com\/wordpress\/wp-content\/plugins\/wonderplugin-carousel\/engine\/\" style=\"display:none;\"><\/div>\r\n<div class=\"wonderplugincarousel-container\" id=\"wonderplugincarousel-container-2\" style=\"padding: 0px 0px 30px 0px;\"><div class=\"wonderplugincarousel\" id=\"wonderplugincarousel-2\" data-carouselid=\"2\" data-width=\"160\" data-height=\"130\" data-skin=\"gallery\" data-donotzoomin=\"false\" data-addpreloading=\"false\" data-multiplebyrow=\"false\" data-showimgtitle=\"false\" data-sameheight=\"false\" data-sameheightresponsive=\"false\" data-fullwidth=\"false\" data-centerimage=\"true\" data-fitimage=\"true\" data-fitcenterimage=\"true\" data-fixaspectratio=\"false\" data-autoplay=\"false\" data-random=\"false\" data-circular=\"false\" data-pauseonmouseover=\"true\" data-continuous=\"false\" data-responsive=\"true\" data-showhoveroverlay=\"true\" data-showhoveroverlayalways=\"false\" data-hidehoveroverlayontouch=\"false\" data-lightboxresponsive=\"true\" data-lightboxshownavigation=\"false\" data-lightboxnogroup=\"false\" data-lightboxshowtitle=\"true\" data-lightboxshowdescription=\"false\" data-lightboxaddsocialmedia=\"false\" data-usescreenquery=\"false\" data-donotinit=\"false\" data-addinitscript=\"false\" data-doshortcodeontext=\"false\" data-lightboxshowsocial=\"false\" data-lightboxshowemail=\"true\" data-lightboxshowfacebook=\"true\" data-lightboxshowtwitter=\"true\" data-lightboxshowpinterest=\"true\" data-lightboxsocialrotateeffect=\"true\" data-donotcircularforless=\"false\" data-deferloading=\"false\" data-enablelazyload=\"false\" data-usebase64=\"true\" data-limitvisibleitemstolength=\"false\" data-hidearrowsandbulletsforonepage=\"false\" data-showfirstlasthalf=\"false\" data-verticalflexheight=\"false\" data-hidebulletssmallscreen=\"false\" data-removeinlinecss=\"true\" data-lightboxinityoutube=\"true\" data-lightboxinitvimeo=\"true\" data-disablecache=\"false\" data-hidecontainerbeforeloaded=\"false\" data-hidecontaineroninit=\"true\" data-lightboximagekeepratio=\"true\" data-showplayvideo=\"true\" data-triggerresize=\"false\" data-lightboxfullscreenmode=\"false\" data-lightboxcloseonoverlay=\"true\" data-lightboxvideohidecontrols=\"false\" data-lightboxautoslide=\"false\" data-lightboxshowtimer=\"true\" data-lightboxshowplaybutton=\"true\" data-lightboxalwaysshownavarrows=\"false\" data-lightboxshowtitleprefix=\"true\" data-preloadingimage=\"loading-0.gif\" data-spacing=\"2\" data-rownumber=\"1\" data-visibleitems=\"3\" data-arrowstyle=\"always\" data-arrowimage=\"arrows-28-28-0.png\" data-arrowwidth=\"28\" data-arrowheight=\"28\" data-navstyle=\"bullets\" data-navimage=\"bullet-16-16-2.png\" data-navwidth=\"16\" data-navheight=\"16\" data-navspacing=\"8\" data-hoveroverlayimage=\"hoveroverlay-64-64-0.png\" data-lightboxthumbwidth=\"60\" data-lightboxthumbheight=\"60\" data-lightboxthumbtopmargin=\"6\" data-lightboxthumbbottommargin=\"4\" data-lightboxbarheight=\"64\" data-lightboxtitlebottomcss=\"{color:#333; font-size:14px; font-family:Armata,sans-serif,Arial; overflow:hidden; text-align:left;}\" data-lightboxdescriptionbottomcss=\"{color:#333; font-size:12px; font-family:Arial,Helvetica,sans-serif; overflow:hidden; text-align:left; margin:4px 0px 0px; padding: 0px;}\" data-continuousduration=\"2500\" data-autoplaydir=\"left\" data-scrollmode=\"page\" data-interval=\"2000\" data-transitionduration=\"500\" data-lightboxtitlestyle=\"bottom\" data-lightboximagepercentage=\"75\" data-lightboxdefaultvideovolume=\"1\" data-lightboxoverlaybgcolor=\"#000\" data-lightboxoverlayopacity=\"0.9\" data-lightboxbgcolor=\"#fff\" data-lightboxtitleprefix=\"%NUM \/ %TOTAL\" data-lightboxtitleinsidecss=\"color:#fff; font-size:16px; font-family:Arial,Helvetica,sans-serif; overflow:hidden; text-align:left;\" data-lightboxdescriptioninsidecss=\"color:#fff; font-size:12px; font-family:Arial,Helvetica,sans-serif; overflow:hidden; text-align:left; margin:4px 0px 0px; padding: 0px;\" data-playvideoimage=\"playvideo-64-64-3.png\" data-playvideoimagepos=\"center\" data-imgtitle=\"title\" data-circularlimit=\"3\" data-deferloadingdelay=\"0\" data-firstlasthalfsmallscreen=\"640\" data-hidebulletssmallscreensize=\"480\" data-movemode=\"carousel\" data-moveduration=\"500\" data-ga4account=\"\" data-googleanalyticsaccount=\"\" data-lightboxsocialposition=\"position:absolute;top:100%;right:0;\" data-lightboxsocialpositionsmallscreen=\"position:absolute;top:100%;right:0;left:0;\" data-lightboxsocialdirection=\"horizontal\" data-lightboxsocialbuttonsize=\"32\" data-lightboxsocialbuttonfontsize=\"18\" data-sameheightmediumscreen=\"769\" data-sameheightmediumheight=\"200\" data-sameheightsmallscreen=\"415\" data-sameheightsmallheight=\"150\" data-triggerresizedelay=\"100\" data-lightboxslideinterval=\"3000\" data-lightboxtimerposition=\"bottom\" data-lightboxtimercolor=\"#dc572e\" data-lightboxtimeropacity=\"1\" data-lightboxbordersize=\"8\" data-lightboxborderradius=\"0\" data-screenquery='{ \"tablet\": { \"screenwidth\": 900, \"visibleitems\": 2 }, \"mobile\": { \"screenwidth\": 600, \"visibleitems\": 1 } }' data-jsfolder=\"http:\/\/dahofficial.com\/wordpress\/wp-content\/plugins\/wonderplugin-carousel\/engine\/\" style=\"display:none;position:relative;margin:0 auto;width:100%;max-width:480px;\" ><div class=\"amazingcarousel-list-container\" style=\"overflow:hidden;\"><ul class=\"amazingcarousel-list\"><li class=\"amazingcarousel-item\"><div class=\"amazingcarousel-item-container\"><div class=\"amazingcarousel-image\"><a href=\"http:\/\/dahofficial.com\/wordpress\/wp-content\/uploads\/2013\/04\/2013-IAN-BRODIE_ABBEYROAD_560x322.jpg\" data-title=\"Studio Abbey Road &lt;br \/&gt; Cr\u00e9dit : Ian Broadie\" data-thumbnail=\"http:\/\/dahofficial.com\/wordpress\/wp-content\/uploads\/2013\/04\/2013-IAN-BRODIE_ABBEYROAD_560x322-300x172.jpg\" class=\"wondercarousellightbox wondercarousellightbox-2\" data-group=\"wondercarousellightbox-2\" data-mediatype=0><img decoding=\"async\" class=\"amazingcarousel-image-img\" src=\"http:\/\/dahofficial.com\/wordpress\/wp-content\/uploads\/2013\/04\/2013-IAN-BRODIE_ABBEYROAD_560x322.jpg\" alt=\"Studio Abbey Road  Cr\u00e9dit : Ian Broadie\" data-description=\"\" \/><\/a><\/div>\n<div class=\"amazingcarousel-title\">Studio Abbey Road <br \/> Cr\u00e9dit : Ian Broadie<\/div>\n<div class=\"amazingcarousel-description\"><\/div><\/div><\/li><li class=\"amazingcarousel-item\"><div class=\"amazingcarousel-item-container\"><div class=\"amazingcarousel-image\"><a href=\"http:\/\/dahofficial.com\/wordpress\/wp-content\/uploads\/2013\/04\/2012-RICHARD-DUMAS_DAHO-LOU-DOILLON_560x648.jpg\" data-title=\"Etienne et Lou Doillon  &lt;br \/&gt; Cr\u00e9dit : Pierre-Ren\u00e9 Worms\" data-thumbnail=\"http:\/\/dahofficial.com\/wordpress\/wp-content\/uploads\/2013\/04\/2012-RICHARD-DUMAS_DAHO-LOU-DOILLON_560x648-259x300.jpg\" class=\"wondercarousellightbox wondercarousellightbox-2\" data-group=\"wondercarousellightbox-2\" data-mediatype=0><img decoding=\"async\" class=\"amazingcarousel-image-img\" src=\"http:\/\/dahofficial.com\/wordpress\/wp-content\/uploads\/2013\/04\/2012-RICHARD-DUMAS_DAHO-LOU-DOILLON_560x648.jpg\" alt=\"Etienne et Lou Doillon   Cr\u00e9dit : Pierre-Ren\u00e9 Worms\" data-description=\"\" \/><\/a><\/div>\n<div class=\"amazingcarousel-title\">Etienne et Lou Doillon  <br \/> Cr\u00e9dit : Pierre-Ren\u00e9 Worms<\/div>\n<div class=\"amazingcarousel-description\"><\/div><\/div><\/li><li class=\"amazingcarousel-item\"><div class=\"amazingcarousel-item-container\"><div class=\"amazingcarousel-image\"><a href=\"http:\/\/dahofficial.com\/wordpress\/wp-content\/uploads\/2013\/09\/coveralbumetienne.jpg\" data-title=\"Etienne et  Salom\u00e9 2011\" data-thumbnail=\"http:\/\/dahofficial.com\/wordpress\/wp-content\/uploads\/2013\/09\/coveralbumetienne-300x300.jpg\" class=\"wondercarousellightbox wondercarousellightbox-2\" data-group=\"wondercarousellightbox-2\" data-mediatype=0><img decoding=\"async\" class=\"amazingcarousel-image-img\" src=\"http:\/\/dahofficial.com\/wordpress\/wp-content\/uploads\/2013\/09\/coveralbumetienne.jpg\" alt=\"Etienne et  Salom\u00e9 2011\" data-description=\"\" \/><\/a><\/div>\n<div class=\"amazingcarousel-title\">Etienne et  Salom\u00e9 2011<\/div>\n<div class=\"amazingcarousel-description\"><\/div><\/div><\/li><li class=\"amazingcarousel-item\"><div class=\"amazingcarousel-item-container\"><div class=\"amazingcarousel-image\"><a href=\"http:\/\/dahofficial.com\/wordpress\/wp-content\/uploads\/2013\/06\/affiche-logo-BD.jpg\" data-title=\"Diskonoir Tour, l&#39;affiche\" data-thumbnail=\"http:\/\/dahofficial.com\/wordpress\/wp-content\/uploads\/2013\/06\/affiche-logo-BD-200x300.jpg\" class=\"wondercarousellightbox wondercarousellightbox-2\" data-group=\"wondercarousellightbox-2\" data-mediatype=0><img decoding=\"async\" class=\"amazingcarousel-image-img\" src=\"http:\/\/dahofficial.com\/wordpress\/wp-content\/uploads\/2013\/06\/affiche-logo-BD.jpg\" alt=\"Diskonoir Tour, l&#39;affiche\" data-description=\"\" \/><\/a><\/div>\n<div class=\"amazingcarousel-title\">Diskonoir Tour, l'affiche<\/div>\n<div class=\"amazingcarousel-description\"><\/div><\/div><\/li><li class=\"amazingcarousel-item\"><div class=\"amazingcarousel-item-container\"><div class=\"amazingcarousel-image\"><a href=\"http:\/\/dahofficial.com\/wordpress\/wp-content\/uploads\/2016\/09\/20160000_Biographie02.jpg\" data-title=\"Disk\u00f6noir Tour, r\u00e9p\u00e9titions &lt;br \/&gt; Cr\u00e9dit : Bertrand F\u00e8vre\" data-thumbnail=\"http:\/\/dahofficial.com\/wordpress\/wp-content\/uploads\/2016\/09\/20160000_Biographie02-300x290.jpg\" class=\"wondercarousellightbox wondercarousellightbox-2\" data-group=\"wondercarousellightbox-2\" data-mediatype=0><img decoding=\"async\" class=\"amazingcarousel-image-img\" src=\"http:\/\/dahofficial.com\/wordpress\/wp-content\/uploads\/2016\/09\/20160000_Biographie02.jpg\" alt=\"Disk\u00f6noir Tour, r\u00e9p\u00e9titions  Cr\u00e9dit : Bertrand F\u00e8vre\" data-description=\"\" \/><\/a><\/div>\n<div class=\"amazingcarousel-title\">Disk\u00f6noir Tour, r\u00e9p\u00e9titions <br \/> Cr\u00e9dit : Bertrand F\u00e8vre<\/div>\n<div class=\"amazingcarousel-description\"><\/div><\/div><\/li><li class=\"amazingcarousel-item\"><div class=\"amazingcarousel-item-container\"><div class=\"amazingcarousel-image\"><a href=\"http:\/\/dahofficial.com\/wordpress\/wp-content\/uploads\/2016\/09\/20140000_Biographie01-1.jpg\" data-title=\"Diskonoir Tour &lt;br \/&gt;Cr\u00e9dit : Jean-Fran\u00e7ois Aug\u00e9\" data-thumbnail=\"http:\/\/dahofficial.com\/wordpress\/wp-content\/uploads\/2016\/09\/20140000_Biographie01-1-300x200.jpg\" class=\"wondercarousellightbox wondercarousellightbox-2\" data-group=\"wondercarousellightbox-2\" data-mediatype=0><img decoding=\"async\" class=\"amazingcarousel-image-img\" src=\"http:\/\/dahofficial.com\/wordpress\/wp-content\/uploads\/2016\/09\/20140000_Biographie01-1.jpg\" alt=\"Diskonoir Tour Cr\u00e9dit : Jean-Fran\u00e7ois Aug\u00e9\" data-description=\"\" \/><\/a><\/div>\n<div class=\"amazingcarousel-title\">Diskonoir Tour <br \/>Cr\u00e9dit : Jean-Fran\u00e7ois Aug\u00e9<\/div>\n<div class=\"amazingcarousel-description\"><\/div><\/div><\/li><li class=\"amazingcarousel-item\"><div class=\"amazingcarousel-item-container\"><div class=\"amazingcarousel-image\"><a href=\"http:\/\/dahofficial.com\/wordpress\/wp-content\/uploads\/2016\/09\/20141124_DiskonoirAlbumLive_Pochette_560x560.jpg\" data-title=\"Londres  &lt;br \/&gt; Cr\u00e9dit : Richard Dumas\" data-thumbnail=\"http:\/\/dahofficial.com\/wordpress\/wp-content\/uploads\/2016\/09\/20141124_DiskonoirAlbumLive_Pochette_560x560-300x300.jpg\" class=\"wondercarousellightbox wondercarousellightbox-2\" data-group=\"wondercarousellightbox-2\" data-mediatype=0><img decoding=\"async\" class=\"amazingcarousel-image-img\" src=\"http:\/\/dahofficial.com\/wordpress\/wp-content\/uploads\/2016\/09\/20141124_DiskonoirAlbumLive_Pochette_560x560.jpg\" alt=\"Londres   Cr\u00e9dit : Richard Dumas\" data-description=\"\" \/><\/a><\/div>\n<div class=\"amazingcarousel-title\">Londres  <br \/> Cr\u00e9dit : Richard Dumas<\/div>\n<div class=\"amazingcarousel-description\"><\/div><\/div><\/li><li class=\"amazingcarousel-item\"><div class=\"amazingcarousel-item-container\"><div class=\"amazingcarousel-image\"><a href=\"http:\/\/dahofficial.com\/wordpress\/wp-content\/uploads\/2016\/09\/20150000_Biographie01.jpg\" data-title=\"Diskonoir Tour &lt;\/br&gt;Cr\u00e9dit : Anai\u0308s Callens\" data-thumbnail=\"http:\/\/dahofficial.com\/wordpress\/wp-content\/uploads\/2016\/09\/20150000_Biographie01-200x300.jpg\" class=\"wondercarousellightbox wondercarousellightbox-2\" data-group=\"wondercarousellightbox-2\" data-mediatype=0><img decoding=\"async\" class=\"amazingcarousel-image-img\" src=\"http:\/\/dahofficial.com\/wordpress\/wp-content\/uploads\/2016\/09\/20150000_Biographie01.jpg\" alt=\"Diskonoir Tour Cr\u00e9dit : Anai\u0308s Callens\" data-description=\"\" \/><\/a><\/div>\n<div class=\"amazingcarousel-title\">Diskonoir Tour <\/br>Cr\u00e9dit : Anai\u0308s Callens<\/div>\n<div class=\"amazingcarousel-description\"><\/div><\/div><\/li><li class=\"amazingcarousel-item\"><div class=\"amazingcarousel-item-container\"><div class=\"amazingcarousel-image\"><a href=\"http:\/\/dahofficial.com\/wordpress\/wp-content\/uploads\/2016\/09\/20141000_EtienneLondres01_560.jpg\" data-title=\"Londres\" data-thumbnail=\"http:\/\/dahofficial.com\/wordpress\/wp-content\/uploads\/2016\/09\/20141000_EtienneLondres01_560-300x293.jpg\" class=\"wondercarousellightbox wondercarousellightbox-2\" data-group=\"wondercarousellightbox-2\" data-mediatype=0><img decoding=\"async\" class=\"amazingcarousel-image-img\" src=\"http:\/\/dahofficial.com\/wordpress\/wp-content\/uploads\/2016\/09\/20141000_EtienneLondres01_560.jpg\" alt=\"Londres\" data-description=\"\" \/><\/a><\/div>\n<div class=\"amazingcarousel-title\">Londres<\/div>\n<div class=\"amazingcarousel-description\"><\/div><\/div><\/li><li class=\"amazingcarousel-item\"><div class=\"amazingcarousel-item-container\"><div class=\"amazingcarousel-image\"><a href=\"http:\/\/dahofficial.com\/wordpress\/wp-content\/uploads\/2016\/09\/20150000_Biographie02.jpg\" data-title=\"Cr\u00e9dit : Nikos\" data-thumbnail=\"http:\/\/dahofficial.com\/wordpress\/wp-content\/uploads\/2016\/09\/20150000_Biographie02-212x300.jpg\" class=\"wondercarousellightbox wondercarousellightbox-2\" data-group=\"wondercarousellightbox-2\" data-mediatype=0><img decoding=\"async\" class=\"amazingcarousel-image-img\" src=\"http:\/\/dahofficial.com\/wordpress\/wp-content\/uploads\/2016\/09\/20150000_Biographie02.jpg\" alt=\"Cr\u00e9dit : Nikos\" data-description=\"\" \/><\/a><\/div>\n<div class=\"amazingcarousel-title\">Cr\u00e9dit : Nikos<\/div>\n<div class=\"amazingcarousel-description\"><\/div><\/div><\/li><li class=\"amazingcarousel-item\"><div class=\"amazingcarousel-item-container\"><div class=\"amazingcarousel-image\"><a href=\"http:\/\/dahofficial.com\/wordpress\/wp-content\/uploads\/2016\/09\/20130000_Biographie02.jpg\" data-title=\"Photo X\" data-thumbnail=\"http:\/\/dahofficial.com\/wordpress\/wp-content\/uploads\/2016\/09\/20130000_Biographie02-300x200.jpg\" class=\"wondercarousellightbox wondercarousellightbox-2\" data-group=\"wondercarousellightbox-2\" data-mediatype=0><img decoding=\"async\" class=\"amazingcarousel-image-img\" src=\"http:\/\/dahofficial.com\/wordpress\/wp-content\/uploads\/2016\/09\/20130000_Biographie02.jpg\" alt=\"Photo X\" data-description=\"\" \/><\/a><\/div>\n<div class=\"amazingcarousel-title\">Photo X<\/div>\n<div class=\"amazingcarousel-description\"><\/div><\/div><\/li><\/ul><div class=\"amazingcarousel-prev\"><\/div><div class=\"amazingcarousel-next\"><\/div><\/div><div class=\"amazingcarousel-nav\"><\/div><\/div><\/div><script>function wondercarousel_2_appendcss(csscode) {var head=document.head || document.getElementsByTagName(\"head\")[0];var style=document.createElement(\"style\");head.appendChild(style);style.type=\"text\/css\";if (style.styleSheet){style.styleSheet.cssText=csscode;} else {style.appendChild(document.createTextNode(csscode));}};wondercarousel_2_appendcss(\"@import url(https:\/\/fonts.googleapis.com\/css?family=Open+Sans);  #wonderplugincarousel-2 .amazingcarousel-image {\t \tposition: relative; \tpadding: 4px; \tbackground-color: #333333; \t-moz-box-shadow:  0 1px 4px rgba(0, 0, 0, 0.2); \t-webkit-box-shadow: 0 1px 4px rgba(0, 0, 0, 0.2); \tbox-shadow: 0 1px 4px rgba(0, 0, 0, 0.2); }  #wonderplugincarousel-2 .amazingcarousel-image img { \tdisplay: block; \twidth: 100%; \tmax-width: 100%; \tborder: 0; \tmargin: 0; \tpadding: 0; \t-moz-border-radius: 0px; \t-webkit-border-radius: 0px; \tborder-radius: 0px; }  #wonderplugincarousel-2 .amazingcarousel-title { \tposition:relative; \tfont: 12px \\\"Open Sans\\\", sans-serif; \tcolor:#333333; \tmargin:6px; \ttext-align:center; \tline-height: 14px; \toverflow: hidden; }  #wonderplugincarousel-2 .amazingcarousel-description { \tposition:relative; \tfont: 8px \\\"Open Sans\\\", sans-serif; \tcolor:#333333; \tmargin:6px; \ttext-align:center; \tline-height: 10px;\t\t \toverflow: hidden; }  #wonderplugincarousel-2 .amazingcarousel-list-container {  \tpadding: 8px 0; }  #wonderplugincarousel-2 .amazingcarousel-item-container { \ttext-align: center; \tpadding: 4px; }  #wonderplugincarousel-2 .amazingcarousel-prev { \tleft: 0%; \ttop: 50%; \tmargin-left: -60px; \tmargin-top: -24px; }  #wonderplugincarousel-2 .amazingcarousel-next { \tright: 0%; \ttop: 50%; \tmargin-right: -60px; \tmargin-top: -24px; }  #wonderplugincarousel-2 .amazingcarousel-nav { \tposition: absolute; \twidth: 100%; \ttop: 100%; }  #wonderplugincarousel-2 .amazingcarousel-bullet-wrapper { \tmargin: 4px auto; } .amazingcarousel-socialmedia-button { display: inline-block; margin: 4px; }.amazingcarousel-socialmedia-button a { box-shadow: none; }.amazingcarousel-socialmedia-icon { display:table-cell; width:32px; height:32px; font-size:18px; border-radius:50%; color:#fff; vertical-align:middle; text-align:center; cursor:pointer; padding:0;}.amazingcarousel-socialmedia-rotate { transition: transform .4s ease-in; } .amazingcarousel-socialmedia-rotate:hover { transform: rotate(360deg); }\");<\/script>\n<p>&nbsp;<\/p>\n<p>&nbsp;<\/p>\n<p>&nbsp;<\/p>\n<p>&nbsp;<\/p>\n<p><!-- liseret gris --><\/p>\n<p><!-- COMMENTAIRE FINAL --><\/p>\n<p><img loading=\"lazy\" decoding=\"async\" style=\"border: none;\" src=\"https:\/\/dahofficial.com\/wordpress\/wp-content\/themes\/dahofficial\/images\/ttr_bio_page.gif\" border=\"0\" alt=\"\" width=\"560\" height=\"34\"><br \/>\nNous d\u00e9sirons que le site d&rsquo;Etienne soit le plus complet et le plus parfait possible.<br \/>\nSi vous d\u00e9tectez la moindre erreur, un souci de lien, ou si vous d\u00e9sirez apporter un compl\u00e9ment d&rsquo;information ou un document comme un disque ne faisant pas partie de la discographie d\u00e9taill\u00e9e, nous vous invitons \u00e0 nous contacter \u00e0 l&rsquo;adresse mail suivante : webmaster@dahofficial.com<br \/>\nLe site d&rsquo;Etienne vous remercie par avance.<\/p>\n<p><!-- liseret gris --><\/p>\n<p><img loading=\"lazy\" decoding=\"async\" style=\"border: none;\" src=\"https:\/\/dahofficial.com\/wordpress\/wp-content\/themes\/dahofficial\/images\/ttr_bio_page.gif\" border=\"0\" alt=\"\" width=\"560\" height=\"34\"><\/p>\n","protected":false},"excerpt":{"rendered":"<p>Album paru le 18 novembre 2013 &#8211; Polydor &#8211; Universal Music Les chansons de l&rsquo;innocence &#8211; 1er single sorti le 10 juin 2013 La peau dure &#8211; 2\u00e8me single sorti le 9 septembre 2013 L&rsquo;homme qui marche &#8211; 3\u00e8me single sorti le 7 avril 2014 En surface &#8211; 4\u00e8me single sorti le 28 avril 2014 [&hellip;]<\/p>\n","protected":false},"author":3,"featured_media":0,"parent":2,"menu_order":8,"comment_status":"open","ping_status":"open","template":"","meta":{"footnotes":""},"_links":{"self":[{"href":"http:\/\/dahofficial.com\/wordpress\/wp-json\/wp\/v2\/pages\/3821"}],"collection":[{"href":"http:\/\/dahofficial.com\/wordpress\/wp-json\/wp\/v2\/pages"}],"about":[{"href":"http:\/\/dahofficial.com\/wordpress\/wp-json\/wp\/v2\/types\/page"}],"author":[{"embeddable":true,"href":"http:\/\/dahofficial.com\/wordpress\/wp-json\/wp\/v2\/users\/3"}],"replies":[{"embeddable":true,"href":"http:\/\/dahofficial.com\/wordpress\/wp-json\/wp\/v2\/comments?post=3821"}],"version-history":[{"count":701,"href":"http:\/\/dahofficial.com\/wordpress\/wp-json\/wp\/v2\/pages\/3821\/revisions"}],"predecessor-version":[{"id":14588,"href":"http:\/\/dahofficial.com\/wordpress\/wp-json\/wp\/v2\/pages\/3821\/revisions\/14588"}],"up":[{"embeddable":true,"href":"http:\/\/dahofficial.com\/wordpress\/wp-json\/wp\/v2\/pages\/2"}],"wp:attachment":[{"href":"http:\/\/dahofficial.com\/wordpress\/wp-json\/wp\/v2\/media?parent=3821"}],"curies":[{"name":"wp","href":"https:\/\/api.w.org\/{rel}","templated":true}]}}